{"id":864,"date":"2021-09-24T14:50:17","date_gmt":"2021-09-24T13:50:17","guid":{"rendered":"https:\/\/www.machinesproduction.fr\/tv\/?page_id=864"},"modified":"2021-09-30T11:05:47","modified_gmt":"2021-09-30T10:05:47","slug":"emission-5-controle-qualite","status":"publish","type":"page","link":"https:\/\/www.machinesproduction.fr\/tv\/emission-5-controle-qualite\/","title":{"rendered":"Emission 5 Contr\u00f4le-qualit\u00e9"},"content":{"rendered":"<section class=\"wpb-content-wrapper\"><p>[vc_row][vc_column][vc_video link=&#8221;https:\/\/youtu.be\/gybR8uu5KCM&#8221;][\/vc_column][\/vc_row][vc_row top_padding=&#8221;40&#8243;][vc_column][vc_custom_heading text=&#8221;Contr\u00f4le-qualit\u00e9&#8221; font_container=&#8221;tag:h1|font_size:60|text_align:left|color:%23009ddf&#8221; use_theme_fonts=&#8221;yes&#8221; css=&#8221;.vc_custom_1632992702319{padding-bottom: 5px !important;}&#8221;][vc_text_separator title=&#8221;&#8221; title_align=&#8221;separator_align_left&#8221; color=&#8221;custom&#8221; accent_color=&#8221;#009ddf&#8221;][\/vc_column][\/vc_row][vc_row content_placement=&#8221;middle&#8221;][vc_column width=&#8221;1\/2&#8243;][vc_empty_space height=&#8221;30&#8243;][vc_column_text]<span style=\"color: #ffffff;\">Situ\u00e9e au c\u0153ur de la quatri\u00e8me r\u00e9volution industrielle, la m\u00e9trologie, partie int\u00e9grante d\u2019une ligne de production, est bel et bien une r\u00e9alit\u00e9. <\/span><\/p>\n<p><span style=\"color: #ffffff;\">L\u2019enjeu \u00e9tant d\u2019\u00e9valuer la pertinence des mesures qui sont r\u00e9alis\u00e9es dans l\u2019environnement peu stable d\u2019un atelier de m\u00e9canique, qu\u2019il s\u2019agisse de la temp\u00e9rature, des poussi\u00e8res ou des vibrations au sol.<\/span><\/p>\n<p><span style=\"color: #ffffff;\">Mais si les appareils sont de plus en plus perfectionn\u00e9s, peut-on quand m\u00eame tout mesurer avec certitude au pied ou \u00e0 l\u2019int\u00e9rieur m\u00eame des machines-outils ? La collecte des donn\u00e9es, l\u2019intelligence artificielle et les comp\u00e9tences pour les ma\u00eetriser seront-elles la cl\u00e9 pour basculer d\u00e9finitivement dans la m\u00e9trologie du futur ?<br \/>\n<\/span><\/p>\n<p><span style=\"color: #ffffff;\">Des pistes que nous vous proposons d\u2019explorer durant cette cinqui\u00e8me \u00e9dition de <span style=\"color: #009ddf;\"> &#8220;Machines Production l&#8217;\u00c9mission&#8221;<\/span><\/span>[\/vc_column_text][\/vc_column][vc_column width=&#8221;1\/2&#8243;][media image=&#8221;422&#8243;][\/vc_column][\/vc_row][vc_row top_padding=&#8221;20&#8243;][vc_column width=&#8221;1\/2&#8243;][vc_icon icon_fontawesome=&#8221;fas fa-search&#8221; color=&#8221;custom&#8221; size=&#8221;lg&#8221; custom_color=&#8221;#009ddf&#8221;][vc_custom_heading text=&#8221;D\u00e9cryptage&#8221; font_container=&#8221;tag:h2|font_size:40|text_align:left|color:%23009ddf&#8221; use_theme_fonts=&#8221;yes&#8221; css=&#8221;.vc_custom_1619084016292{margin-top: -30px !important;padding-bottom: 20px !important;}&#8221;][vc_column_text css=&#8221;.vc_custom_1632492618916{margin-bottom: 15px !important;}&#8221;]Nous recevons trois invit\u00e9s :<\/p>\n<p>Salma El Asmai, ing\u00e9nieure d\u2019\u00e9tudes au centre technique des industries m\u00e9caniques (Cetim).<\/p>\n<p>Cosimi Corleto, pr\u00e9sident du Coll\u00e8ge fran\u00e7ais de m\u00e9trologie.<\/p>\n<p>Fran\u00e7ois Hennebelle, enseignant-chercheur en m\u00e9trologie \u00e0 l\u2019universit\u00e9 de Bourgogne.<\/p>\n<p>Sur notre plateau, ils \u00e9voquent les moyens de mesure actuels dans :<\/p>\n<ul>\n<li>les flux de production,<\/li>\n<li>les techniques de num\u00e9risation 3D,<\/li>\n<li>la collecte des donn\u00e9es \u00e0 partir de capteurs et autres instruments de mesure.<\/li>\n<\/ul>\n<p>Mais aussi les freins technologiques que rencontrent les m\u00e9trologues pour aller encore plus loin, et l\u2019avenir des salles de m\u00e9trologie dans les entreprises d\u2019usinage. Sans oublier les comp\u00e9tences n\u00e9cessaires pour ma\u00eetriser ces nouvelles technologies.[\/vc_column_text][\/vc_column][vc_column width=&#8221;1\/2&#8243;][vc_icon icon_fontawesome=&#8221;fas fa-video&#8221; color=&#8221;custom&#8221; size=&#8221;lg&#8221; custom_color=&#8221;#009ddf&#8221;][vc_custom_heading text=&#8221;Reportage&#8221; font_container=&#8221;tag:h2|font_size:40|text_align:left|color:%23009ddf&#8221; use_theme_fonts=&#8221;yes&#8221; css=&#8221;.vc_custom_1632908805040{margin-top: -30px !important;padding-bottom: 20px !important;}&#8221;][vc_column_text css=&#8221;.vc_custom_1632908905891{margin-bottom: 15px !important;}&#8221;]<span style=\"color: #ffffff;\"> Nous vous emmenons \u00e0 la d\u00e9couverte des solutions de m\u00e9trologie en bord de ligne du groupe Hexagon. Depuis son stand, au salon Global Industrie Lyon, Nicolas Lachaud Bandres pr\u00e9sente les machines de mesure tridimensionnelle con\u00e7ues pour travailler dans un environnement non contr\u00f4l\u00e9 en temp\u00e9rature, comme on peut en trouver dans les ateliers d\u2019usinage. <\/span><\/p>\n<p><span style=\"color: #ffffff;\"> Et pour des plus grandes pi\u00e8ces, Hexagon propose \u00e9galement des \u00ab laser tracker \u00bb, dont le nouveau scanner AS1 qui permet de mesurer des larges pi\u00e8ces \u00e0 tr\u00e8s haute vitesse, tout en gardant les m\u00eames qualit\u00e9s de m\u00e9trologie. Enfin, pour mesurer au plus pr\u00e8s de l\u2019appareil productif, le groupe de technologies a d\u00e9velopp\u00e9 des capteurs pouvant \u00eatre int\u00e9gr\u00e9s directement dans les machines-outils, comme ce capteur \u00e0 ultrasons qui permet de mesurer des \u00e9paisseurs de pi\u00e8ces, montre M. Lachaud Bandres. <\/span><\/p>\n<p><span style=\"color: #ffffff;\"> Quant \u00e0 Cyril Maquart, il nous parle de r\u00e9troconception, qui donne la possibilit\u00e9 de reproduire, voire de modifier une pi\u00e8ce dont le fichier CAO n\u2019existe pas ou plus. Et ensuite, de lancer sa fabrication en production.<\/span>[\/vc_column_text][\/vc_column][\/vc_row][vc_row top_padding=&#8221;40&#8243;][vc_column][vc_custom_heading text=&#8221;Intervenants&#8221; font_container=&#8221;tag:h1|font_size:60|text_align:left|color:%23009ddf&#8221; use_theme_fonts=&#8221;yes&#8221; css=&#8221;.vc_custom_1616683913325{padding-bottom: 5px !important;}&#8221;][vc_text_separator title=&#8221;&#8221; title_align=&#8221;separator_align_left&#8221; color=&#8221;custom&#8221; accent_color=&#8221;#009ddf&#8221;][\/vc_column][\/vc_row][vc_row][vc_column width=&#8221;1\/5&#8243; offset=&#8221;vc_col-xs-4\/5&#8243;][media alignment=&#8221;center&#8221; animation=&#8221;none&#8221; image=&#8221;873&#8243; width=&#8221;200&#8243;][vc_empty_space][vc_custom_heading text=&#8221;Salma El Asmai&#8221; font_container=&#8221;tag:h4|text_align:center|color:%23009ddf&#8221; use_theme_fonts=&#8221;yes&#8221; css=&#8221;.vc_custom_1632492883100{padding-top: 40px !important;}&#8221;][vc_column_text]<\/p>\n<p style=\"text-align: center;\"><span style=\"font-weight: inherit; font-style: inherit;\">CETIM<\/span><\/p>\n<p style=\"text-align: center;\">ing\u00e9nieure d\u2019\u00e9tudes<\/p>\n<p>[\/vc_column_text][\/vc_column][vc_column width=&#8221;1\/5&#8243; offset=&#8221;vc_col-xs-4\/5&#8243;][media alignment=&#8221;center&#8221; animation=&#8221;none&#8221; image=&#8221;872&#8243; width=&#8221;200&#8243;][vc_empty_space][vc_custom_heading text=&#8221;Cosimi Corleto&#8221; font_container=&#8221;tag:h4|text_align:center|color:%23009ddf&#8221; use_theme_fonts=&#8221;yes&#8221;][vc_column_text]<\/p>\n<p style=\"text-align: center;\">Coll\u00e8ge fran\u00e7ais de m\u00e9trologie<\/p>\n<p style=\"text-align: center;\">Pr\u00e9sident<\/p>\n<p>[\/vc_column_text][\/vc_column][vc_column width=&#8221;1\/5&#8243;][media alignment=&#8221;center&#8221; animation=&#8221;none&#8221; image=&#8221;871&#8243; width=&#8221;200&#8243;][vc_empty_space][vc_custom_heading text=&#8221;Fran\u00e7ois Hennebelle&#8221; font_container=&#8221;tag:h4|text_align:center|color:%23009ddf&#8221; use_theme_fonts=&#8221;yes&#8221;][vc_column_text]<\/p>\n<p style=\"text-align: center;\">Universit\u00e9 de Bourgogne<\/p>\n<p style=\"text-align: center;\">Enseignant &#8211; Chercheur en M\u00e9trologie<\/p>\n<p>[\/vc_column_text][\/vc_column][vc_column width=&#8221;1\/5&#8243; offset=&#8221;vc_col-xs-4\/5&#8243;][media alignment=&#8221;center&#8221; animation=&#8221;none&#8221; image=&#8221;445&#8243; width=&#8221;200&#8243;][vc_empty_space][vc_custom_heading text=&#8221;J\u00e9r\u00f4me Meyrand&#8221; font_container=&#8221;tag:h4|text_align:center|color:%23009ddf&#8221; use_theme_fonts=&#8221;yes&#8221;][vc_column_text]<\/p>\n<p style=\"text-align: center;\">Machines Production<\/p>\n<p style=\"text-align: center;\">R\u00e9dacteur en Chef<\/p>\n<p>[\/vc_column_text][\/vc_column][vc_column width=&#8221;1\/5&#8243; offset=&#8221;vc_col-xs-4\/5&#8243;][media alignment=&#8221;center&#8221; animation=&#8221;none&#8221; image=&#8221;446&#8243; width=&#8221;200&#8243;][vc_empty_space][vc_custom_heading text=&#8221;Patrick Cazier&#8221; font_container=&#8221;tag:h4|text_align:center|color:%23009ddf&#8221; use_theme_fonts=&#8221;yes&#8221;][vc_column_text]<\/p>\n<p style=\"text-align: center;\">Machines Production<\/p>\n<p style=\"text-align: center;\">R\u00e9dacteur<\/p>\n<p>[\/vc_column_text][\/vc_column][\/vc_row]<\/p>\n<\/section>","protected":false},"excerpt":{"rendered":"<p>[vc_row][vc_column][vc_video link=&#8221;https:\/\/youtu.be\/gybR8uu5KCM&#8221;][\/vc_column][\/vc_row][vc_row top_padding=&#8221;40&#8243;][vc_column][vc_custom_heading text=&#8221;Contr\u00f4le-qualit\u00e9&#8221; font_container=&#8221;tag:h1|font_size:60|text_align:left|color:%23009ddf&#8221; use_theme_fonts=&#8221;yes&#8221; css=&#8221;.vc_custom_1632992702319{padding-bottom: 5px !important;}&#8221;][vc_text_separator title=&#8221;&#8221; title_align=&#8221;separator_align_left&#8221; color=&#8221;custom&#8221; accent_color=&#8221;#009ddf&#8221;][\/vc_column][\/vc_row][vc_row content_placement=&#8221;middle&#8221;][vc_column width=&#8221;1\/2&#8243;][vc_empty_space height=&#8221;30&#8243;][vc_column_text]Situ\u00e9e au c\u0153ur de la quatri\u00e8me r\u00e9volution industrielle, la m\u00e9trologie, partie int\u00e9grante d\u2019une ligne de production, est bel et bien une r\u00e9alit\u00e9. L\u2019enjeu \u00e9tant d\u2019\u00e9valuer la pertinence des mesures qui sont r\u00e9alis\u00e9es dans l\u2019environnement peu stable d\u2019un atelier de m\u00e9canique, [&hellip;]<\/p>\n","protected":false},"author":2,"featured_media":0,"parent":0,"menu_order":0,"comment_status":"closed","ping_status":"closed","template":"","meta":{"_monsterinsights_skip_tracking":false,"_monsterinsights_sitenote_active":false,"_monsterinsights_sitenote_note":"","_monsterinsights_sitenote_category":0,"footnotes":""},"wf_page_folders":[11],"class_list":["post-864","page","type-page","status-publish","hentry"],"yoast_head":"<!-- This site is optimized with the Yoast SEO plugin v27.1.1 - https:\/\/yoast.com\/product\/yoast-seo-wordpress\/ -->\n<title>Emission - Le contr\u00f4le-qualit\u00e9 - Machines Production TV<\/title>\n<meta name=\"description\" content=\"D\u00e9couvrez l&#039;\u00e9mission de Machines Production TV consacr\u00e9e au contr\u00f4le-qualit\u00e9. Plus de trente minutes d&#039;infos, de d\u00e9bats et de reportages sur l&#039;actualit\u00e9 de l&#039;industrie m\u00e9canique fran\u00e7aise.\" \/>\n<meta name=\"robots\" content=\"index, follow, max-snippet:-1, max-image-preview:large, max-video-preview:-1\" \/>\n<link rel=\"canonical\" href=\"https:\/\/www.machinesproduction.fr\/tv\/emission-5-controle-qualite\/\" \/>\n<meta property=\"og:locale\" content=\"fr_FR\" \/>\n<meta property=\"og:type\" content=\"article\" \/>\n<meta property=\"og:title\" content=\"Emission - Le contr\u00f4le-qualit\u00e9 - Machines Production TV\" \/>\n<meta property=\"og:description\" content=\"D\u00e9couvrez l&#039;\u00e9mission de Machines Production TV consacr\u00e9e au contr\u00f4le-qualit\u00e9. Plus de trente minutes d&#039;infos, de d\u00e9bats et de reportages sur l&#039;actualit\u00e9 de l&#039;industrie m\u00e9canique fran\u00e7aise.\" \/>\n<meta property=\"og:url\" content=\"https:\/\/www.machinesproduction.fr\/tv\/emission-5-controle-qualite\/\" \/>\n<meta property=\"og:site_name\" content=\"Machines Production TV\" \/>\n<meta property=\"article:modified_time\" content=\"2021-09-30T10:05:47+00:00\" \/>\n<meta name=\"twitter:card\" content=\"summary_large_image\" \/>\n<meta name=\"twitter:label1\" content=\"Dur\u00e9e de lecture estim\u00e9e\" \/>\n\t<meta name=\"twitter:data1\" content=\"2 minutes\" \/>\n<script type=\"application\/ld+json\" class=\"yoast-schema-graph\">{\"@context\":\"https:\/\/schema.org\",\"@graph\":[{\"@type\":\"WebPage\",\"@id\":\"https:\/\/www.machinesproduction.fr\/tv\/emission-5-controle-qualite\/\",\"url\":\"https:\/\/www.machinesproduction.fr\/tv\/emission-5-controle-qualite\/\",\"name\":\"Emission - Le contr\u00f4le-qualit\u00e9 - Machines Production TV\",\"isPartOf\":{\"@id\":\"https:\/\/www.machinesproduction.fr\/tv\/#website\"},\"datePublished\":\"2021-09-24T13:50:17+00:00\",\"dateModified\":\"2021-09-30T10:05:47+00:00\",\"description\":\"D\u00e9couvrez l'\u00e9mission de Machines Production TV consacr\u00e9e au contr\u00f4le-qualit\u00e9. Plus de trente minutes d'infos, de d\u00e9bats et de reportages sur l'actualit\u00e9 de l'industrie m\u00e9canique fran\u00e7aise.\",\"breadcrumb\":{\"@id\":\"https:\/\/www.machinesproduction.fr\/tv\/emission-5-controle-qualite\/#breadcrumb\"},\"inLanguage\":\"fr-FR\",\"potentialAction\":[{\"@type\":\"ReadAction\",\"target\":[\"https:\/\/www.machinesproduction.fr\/tv\/emission-5-controle-qualite\/\"]}]},{\"@type\":\"BreadcrumbList\",\"@id\":\"https:\/\/www.machinesproduction.fr\/tv\/emission-5-controle-qualite\/#breadcrumb\",\"itemListElement\":[{\"@type\":\"ListItem\",\"position\":1,\"name\":\"Home\",\"item\":\"https:\/\/www.machinesproduction.fr\/tv\/\"},{\"@type\":\"ListItem\",\"position\":2,\"name\":\"Emission 5 Contr\u00f4le-qualit\u00e9\"}]},{\"@type\":\"WebSite\",\"@id\":\"https:\/\/www.machinesproduction.fr\/tv\/#website\",\"url\":\"https:\/\/www.machinesproduction.fr\/tv\/\",\"name\":\"Machines Production TV\",\"description\":\"\",\"potentialAction\":[{\"@type\":\"SearchAction\",\"target\":{\"@type\":\"EntryPoint\",\"urlTemplate\":\"https:\/\/www.machinesproduction.fr\/tv\/?s={search_term_string}\"},\"query-input\":{\"@type\":\"PropertyValueSpecification\",\"valueRequired\":true,\"valueName\":\"search_term_string\"}}],\"inLanguage\":\"fr-FR\"}]}<\/script>\n<!-- \/ Yoast SEO plugin. -->","yoast_head_json":{"title":"Emission - Le contr\u00f4le-qualit\u00e9 - Machines Production TV","description":"D\u00e9couvrez l'\u00e9mission de Machines Production TV consacr\u00e9e au contr\u00f4le-qualit\u00e9. Plus de trente minutes d'infos, de d\u00e9bats et de reportages sur l'actualit\u00e9 de l'industrie m\u00e9canique fran\u00e7aise.","robots":{"index":"index","follow":"follow","max-snippet":"max-snippet:-1","max-image-preview":"max-image-preview:large","max-video-preview":"max-video-preview:-1"},"canonical":"https:\/\/www.machinesproduction.fr\/tv\/emission-5-controle-qualite\/","og_locale":"fr_FR","og_type":"article","og_title":"Emission - Le contr\u00f4le-qualit\u00e9 - Machines Production TV","og_description":"D\u00e9couvrez l'\u00e9mission de Machines Production TV consacr\u00e9e au contr\u00f4le-qualit\u00e9. Plus de trente minutes d'infos, de d\u00e9bats et de reportages sur l'actualit\u00e9 de l'industrie m\u00e9canique fran\u00e7aise.","og_url":"https:\/\/www.machinesproduction.fr\/tv\/emission-5-controle-qualite\/","og_site_name":"Machines Production TV","article_modified_time":"2021-09-30T10:05:47+00:00","twitter_card":"summary_large_image","twitter_misc":{"Dur\u00e9e de lecture estim\u00e9e":"2 minutes"},"schema":{"@context":"https:\/\/schema.org","@graph":[{"@type":"WebPage","@id":"https:\/\/www.machinesproduction.fr\/tv\/emission-5-controle-qualite\/","url":"https:\/\/www.machinesproduction.fr\/tv\/emission-5-controle-qualite\/","name":"Emission - Le contr\u00f4le-qualit\u00e9 - Machines Production TV","isPartOf":{"@id":"https:\/\/www.machinesproduction.fr\/tv\/#website"},"datePublished":"2021-09-24T13:50:17+00:00","dateModified":"2021-09-30T10:05:47+00:00","description":"D\u00e9couvrez l'\u00e9mission de Machines Production TV consacr\u00e9e au contr\u00f4le-qualit\u00e9. Plus de trente minutes d'infos, de d\u00e9bats et de reportages sur l'actualit\u00e9 de l'industrie m\u00e9canique fran\u00e7aise.","breadcrumb":{"@id":"https:\/\/www.machinesproduction.fr\/tv\/emission-5-controle-qualite\/#breadcrumb"},"inLanguage":"fr-FR","potentialAction":[{"@type":"ReadAction","target":["https:\/\/www.machinesproduction.fr\/tv\/emission-5-controle-qualite\/"]}]},{"@type":"BreadcrumbList","@id":"https:\/\/www.machinesproduction.fr\/tv\/emission-5-controle-qualite\/#breadcrumb","itemListElement":[{"@type":"ListItem","position":1,"name":"Home","item":"https:\/\/www.machinesproduction.fr\/tv\/"},{"@type":"ListItem","position":2,"name":"Emission 5 Contr\u00f4le-qualit\u00e9"}]},{"@type":"WebSite","@id":"https:\/\/www.machinesproduction.fr\/tv\/#website","url":"https:\/\/www.machinesproduction.fr\/tv\/","name":"Machines Production TV","description":"","potentialAction":[{"@type":"SearchAction","target":{"@type":"EntryPoint","urlTemplate":"https:\/\/www.machinesproduction.fr\/tv\/?s={search_term_string}"},"query-input":{"@type":"PropertyValueSpecification","valueRequired":true,"valueName":"search_term_string"}}],"inLanguage":"fr-FR"}]}},"_links":{"self":[{"href":"https:\/\/www.machinesproduction.fr\/tv\/wp-json\/wp\/v2\/pages\/864","targetHints":{"allow":["GET"]}}],"collection":[{"href":"https:\/\/www.machinesproduction.fr\/tv\/wp-json\/wp\/v2\/pages"}],"about":[{"href":"https:\/\/www.machinesproduction.fr\/tv\/wp-json\/wp\/v2\/types\/page"}],"author":[{"embeddable":true,"href":"https:\/\/www.machinesproduction.fr\/tv\/wp-json\/wp\/v2\/users\/2"}],"replies":[{"embeddable":true,"href":"https:\/\/www.machinesproduction.fr\/tv\/wp-json\/wp\/v2\/comments?post=864"}],"version-history":[{"count":9,"href":"https:\/\/www.machinesproduction.fr\/tv\/wp-json\/wp\/v2\/pages\/864\/revisions"}],"predecessor-version":[{"id":898,"href":"https:\/\/www.machinesproduction.fr\/tv\/wp-json\/wp\/v2\/pages\/864\/revisions\/898"}],"wp:attachment":[{"href":"https:\/\/www.machinesproduction.fr\/tv\/wp-json\/wp\/v2\/media?parent=864"}],"wp:term":[{"taxonomy":"wf_page_folders","embeddable":true,"href":"https:\/\/www.machinesproduction.fr\/tv\/wp-json\/wp\/v2\/wf_page_folders?post=864"}],"curies":[{"name":"wp","href":"https:\/\/api.w.org\/{rel}","templated":true}]}}