{"id":1961,"date":"2023-09-20T19:39:21","date_gmt":"2023-09-20T18:39:21","guid":{"rendered":"https:\/\/www.machinesproduction.fr\/tv\/?page_id=1961"},"modified":"2023-09-21T11:27:25","modified_gmt":"2023-09-21T10:27:25","slug":"live-38-finale-des-wordskills","status":"publish","type":"page","link":"https:\/\/www.machinesproduction.fr\/tv\/live-38-finale-des-wordskills\/","title":{"rendered":"Live 38 &#8211; Finale des WordSkills"},"content":{"rendered":"<section class=\"wpb-content-wrapper\"><p>[vc_row equal_height=&#8221;yes&#8221; content_placement=&#8221;middle&#8221;][vc_column][vc_row_inner equal_height=&#8221;yes&#8221; content_placement=&#8221;middle&#8221;][vc_column_inner width=&#8221;1\/4&#8243; centered_cont_vertical=&#8221;true&#8221;][media image=&#8221;1963&#8243;][\/vc_column_inner][vc_column_inner width=&#8221;3\/4&#8243; centered_cont_vertical=&#8221;true&#8221;][vc_column_text]<\/p>\n<h1 data-wp-editing=\"1\"><span style=\"color: #009ddf;\">Des graines de champions de l\u2019industrie<\/span><\/h1>\n<p>[\/vc_column_text][\/vc_column_inner][\/vc_row_inner][\/vc_column][\/vc_row][vc_row full_width=&#8221;stretch_row_content_no_spaces&#8221; top_padding=&#8221;50&#8243;][vc_column offset=&#8221;vc_col-xs-12&#8243;][vc_raw_html]JTNDZGl2JTIwY2xhc3MlM0QlMjJ2aWRlby1jb250YWluZXIlMjIlM0UlMEElMjAlMjAlM0NpZnJhbWUlMjB3aWR0aCUzRCUyMjEyODAlMjIlMjBoZWlnaHQlM0QlMjI3MjAlMjIlMjBzcmMlM0QlMjJodHRwcyUzQSUyRiUyRnd3dy55b3V0dWJlLmNvbSUyRmVtYmVkJTJGVjRUTVRMcVNYblklM0ZzaSUzRHJsTTNHMV9raS1ITVotajAlMjIlMjB0aXRsZSUzRCUyMllvdVR1YmUlMjB2aWRlbyUyMHBsYXllciUyMiUyMGZyYW1lYm9yZGVyJTNEJTIyMCUyMiUyMGFsbG93JTNEJTIyYWNjZWxlcm9tZXRlciUzQiUyMGF1dG9wbGF5JTNCJTIwY2xpcGJvYXJkLXdyaXRlJTNCJTIwZW5jcnlwdGVkLW1lZGlhJTNCJTIwZ3lyb3Njb3BlJTNCJTIwcGljdHVyZS1pbi1waWN0dXJlJTNCJTIwd2ViLXNoYXJlJTIyJTIwYWxsb3dmdWxsc2NyZWVuJTNFJTNDJTJGaWZyYW1lJTNFJTBBJTNDJTJGZGl2JTNFJTBB[\/vc_raw_html][\/vc_column][\/vc_row][vc_row equal_height=&#8221;yes&#8221; content_placement=&#8221;middle&#8221; top_padding=&#8221;40&#8243;][vc_column][vc_empty_space height=&#8221;30px&#8221;][vc_column_text]<\/p>\n<h2><span style=\"color: #009ddf;\"><strong>Du 14 au 16 septembre, c\u2019\u00e9tait les finales nationales des WorldSkillls, la comp\u00e9tition mondiale des m\u00e9tiers. Machines Production TV a rencontr\u00e9 plusieurs jeunes comp\u00e9titeurs, \u00e0 Eurexpo Lyon.<\/strong><\/span><\/h2>\n<p class=\"LEMONDE\">Les finales nationales de la 47e \u00e9dition des Worldskills, comp\u00e9tition internationale des m\u00e9tiers, se sont achev\u00e9es samedi 16 septembre \u00e0 Lyon, apr\u00e8s deux jours et demi d\u2019\u00e9preuves, r\u00e9unissant plus de 800 comp\u00e9titeurs pour 69 m\u00e9tiers.<\/p>\n<p class=\"LEMONDE\">Jeudi 14 septembre, la r\u00e9daction de Machines Production \u00e9tait \u00e0 Eurexpo pour assister \u00e0 la premi\u00e8re journ\u00e9e. Sur l\u2019espace des m\u00e9tiers de l\u2019industrie, nous sommes partis \u00e0 la rencontre de jeunes candidats qui nous ont parl\u00e9 de leur motivation \u00e0 participer \u00e0 ces WorldSkills France 2023 et des enjeux d\u2019une telle comp\u00e9tition.<\/p>\n<p class=\"LEMONDE\">Yohan Esteban concourrait pour le m\u00e9tier de la maintenance a\u00e9ronautique. Cet alternant en licence pro chez Safran a remport\u00e9 la m\u00e9daille de bronze.\u00a0\u00ab\u00a0Pourquoi les WorldSkills ? Parce que c\u2019est une comp\u00e9tition qu\u2019on m\u2019avait pr\u00e9sent\u00e9e dans mon lyc\u00e9e quand j\u2019avais seize ans, alors je me suis dit pourquoi ne pas y participer, apr\u00e8s tout je n\u2019avais rien \u00e0 perdre\u00a0\u00bb, \u00e9voque-t-il au micro de Machines Production TV. Yohan, originaire des Landes, et dont les parents \u00e9taient venus l\u2019encourager \u00e0 Lyon, avait d\u00e9j\u00e0 tent\u00e9 sa chance en 2019 aux pr\u00e9s\u00e9lections r\u00e9gionales de Nouvelle-Aquitaine. Finalement, c\u2019est la m\u00e9daille d\u2019or remport\u00e9e cette ann\u00e9e qui lui a ouvert les portes de la finale nationale.<\/p>\n<h3><span style=\"color: #009ddf;\"><strong>\u00ab J\u2019aime beaucoup apprendre \u00bb<\/strong><\/span><\/h3>\n<p>Romain Watel a \u00e9t\u00e9 s\u00e9lectionn\u00e9 avec son camarade Matthis Favre pour participer \u00e0 la finale du m\u00e9tier d\u2019int\u00e9grateur robotique. Venu de Haute-Savoie, Romain confie que cette comp\u00e9tition le passionne, parce que \u00ab\u00a0j\u2019aime beaucoup apprendre, d\u00e9couvrir de nouveaux m\u00e9tiers et rencontrer de nouvelles personnes\u00a0\u00bb.<\/p>\n<p>David Juldo, lui, ne sait pas encore qu\u2019il quittera le parc d\u2019Eurexpo avec une m\u00e9daille de bronze autour du cou, mais devant les cam\u00e9ras de Machines Production TV, il\u00a0affirmait, au premier jour des WorldSkills France 2023, avoir toujours \u00e9t\u00e9 \u00ab\u00a0fan de comp\u00e9tition\u00a0\u00bb. Cet \u00e9l\u00e8ve ing\u00e9nieur, portant les couleurs de l\u2019Ile-de-France, a donn\u00e9 toute son \u00e9nergie aux \u00e9preuves de <a href=\"https:\/\/www.machinesproduction.fr\/tv\/emission-20-impression-3d\/).\"><strong>fabrication additive<\/strong><\/a> . Il est plut\u00f4t du genre \u00e0 aimer les d\u00e9fis.\u00a0\u00ab\u00a0Quand on m\u2019a propos\u00e9 de participer aux WorldSkills, en fait, je ne savais pas du tout ce que c\u2019\u00e9tait. Je me suis renseign\u00e9 et j\u2019ai vu tout le potentiel que cela pouvait m\u2019apporter\u00a0\u00bb, explique cet \u00e9tudiant du CESI, une \u00e9cole d\u2019ing\u00e9nieurs postbac. Pour ces finales, David a d\u00e9couvert \u00ab\u00a0la coh\u00e9sion d\u2019\u00e9quipe\u00a0\u00bb qui s\u2019est forg\u00e9e entre les membres d\u2019une m\u00eame d\u00e9l\u00e9gation.<\/p>\n<h3><span style=\"color: #009ddf;\"><strong>Rendre l\u2019industrie plus attractive<\/strong><\/span><\/h3>\n<p class=\"LEMONDE\">Egalement \u00e9l\u00e8ve ing\u00e9nieur, Lazhar Benchelloug concourrait pour le m\u00e9tier de l\u2019industrie 4.0 aux couleurs de la r\u00e9gion Auvergne-Rh\u00f4ne-Alpes. \u00ab\u00a0Ce qui m\u2019a motiv\u00e9 \u00e0 participer aux WorldSkills France, c\u2019est bien \u00e9videmment pour l\u2019aspect de cette comp\u00e9tition nationale, o\u00f9 l\u2019on voit la France se r\u00e9unir avec diverses r\u00e9gions pour concourir, pour d\u00e9crocher le titre de champion de France.\u00a0\u00bb Alternant au sein du groupe Plastivaloire, sur le site de Saint-Marcellin (Is\u00e8re), notre comp\u00e9titeur d\u00e9termin\u00e9 et d\u00e9fenseur d\u2019une industrie attractive d\u00e9crit cet \u00e9v\u00e9nement unique, dont les \u00e9preuves sont supervis\u00e9es par des professionnels de chaque m\u00e9tier en comp\u00e9tition, comme un levier permettant \u00e0 ce que \u00ab\u00a0la France\u00a0puisse d\u00e9velopper sa fili\u00e8re industrielle de la plus belle des mani\u00e8res \u00bb, analyse Lazhar, 22 ans, d\u00e9tenteur de la m\u00e9daille d\u2019or avec son complice Hugo Marquez.<\/p>\n<p>Nous l\u2019avions suivi d\u00e8s la phase des <a href=\"https:\/\/www.machinesproduction.fr\/tv\/live-26-live-worldskills-selections-regionales\/\"><strong>pr\u00e9s\u00e9lections r\u00e9gionales des WorldSkills<\/strong><\/a> pour le m\u00e9tier du fraisage.<\/p>\n<p>Lucas Brunet, apprenti au CFAI Formavenir de Haute-Savoie, est un jeune gar\u00e7on opini\u00e2tre et combatif. Nous l\u2019avons rencontr\u00e9 \u00e0 Lyon, \u00e0 l\u2019issue de sa premi\u00e8re journ\u00e9e de comp\u00e9tition. Les traits un peu tir\u00e9s et la voix \u00e9raill\u00e9e. \u00ab\u00a0Si j\u2019ai d\u00e9cid\u00e9 de me lancer dans l\u2019aventure des WorldSkills, c\u2019est avant tout pour d\u00e9velopper des comp\u00e9tences, rencontrer des professionnels dans mon m\u00e9tier, faire ce que j\u2019aime et montrer aux autres que l\u2019industrie, ce n\u2019est pas l\u2019image qu\u2019on lui donne trop souvent\u00a0\u00bb, \u00e9num\u00e8re celui qui souhaite encourager d\u2019autres jeunes \u00e0 choisir les m\u00e9tiers de l\u2019industrie.<\/p>\n<h3><span style=\"color: #009ddf;\"><strong>Liens entre l\u2019entreprise et le monde scolaire<\/strong><\/span><\/h3>\n<p class=\"LEMONDE\">Dans un communiqu\u00e9, l\u2019UIMM a tenu \u00e0 souligner \u00ab\u00a0l\u2019importance du travail de sensibilisation et de formation pour promouvoir les m\u00e9tiers industriels aupr\u00e8s de tous les jeunes\u00a0\u00bb, port\u00e9 par les WorldSkills, dont la 47<sup>e<\/sup> \u00e9dition a rencontr\u00e9 pas moins de 100 000 visiteurs, avec une grande partie de scolaires. Pour la f\u00e9d\u00e9ration patronale qui regroupe les principales entreprises fran\u00e7aises de la m\u00e9tallurgie, ces tr\u00e8s jeunes visiteurs ont ainsi eu \u00ab\u00a0l\u2019opportunit\u00e9 de s\u2019initier aux m\u00e9tiers de l\u2019industrie\u00a0\u00bb. Cet \u00e9v\u00e9nement unique vise \u00e0 renforcer les liens entre les entreprises industrielles et le monde scolaire, encourage l\u2019UIMM.<\/p>\n<p class=\"LEMONDE\">\u00ab\u00a0Les excellents r\u00e9sultats des comp\u00e9titeurs industriels aux EuroSkills [qui se tenaient cette ann\u00e9e \u00e0 Gdansk, en Pologne, du 5 au 9 septembre] et lors des finales nationales WorldSkills ont d\u00e9clench\u00e9 une dynamique positive, a soulign\u00e9 Hubert Mongon, d\u00e9l\u00e9gu\u00e9 g\u00e9n\u00e9ral de l\u2019UIMM La Fabrique de l\u2019Avenir. Avec Lyon 2024 comme point d\u2019orgue, nous avons l\u2019ambition de faire de la France la capitale mondiale de la formation professionnelle et de l\u2019excellence. Nous comptons sur la mobilisation des entreprises industrielles et des institutions publiques pour atteindre cet objectif.\u00a0\u00bb<\/p>\n<p>[\/vc_column_text][\/vc_column][\/vc_row][vc_row equal_height=&#8221;yes&#8221; top_padding=&#8221;40&#8243; bottom_padding=&#8221;40&#8243;][vc_column css=&#8221;.vc_custom_1695243938990{padding-bottom: -50px !important;}&#8221;][separator height=&#8221;2px&#8221; position=&#8221;center&#8221; color=&#8221;#ffcc00&#8243; margin_bottom=&#8221;16px&#8221;][vc_column_text]<\/p>\n<h2 class=\"LEMONDE\" style=\"text-align: center;\"><span style=\"color: #ffcc00;\">Les champions de France des WorldSkills 2023 (m\u00e9tiers de l\u2019industrie)<\/span><\/h2>\n<p>[\/vc_column_text][\/vc_column][\/vc_row][vc_row bg_color=&#8221;#009bdd&#8221; top_padding=&#8221;30&#8243; bottom_padding=&#8221;30&#8243;][vc_column width=&#8221;1\/4&#8243;][vc_empty_space height=&#8221;16px&#8221;][vc_column_text]<span style=\"color: #ffcc00;\"><strong>CONTR\u00d4LE INDUSTRIEL<\/strong><\/span><\/p>\n<p>\ud83e\udd47 Cyprien Talbot (or)<\/p>\n<p>\ud83e\udd48 Alban Le Trionnaire (argent)<\/p>\n<p>\ud83e\udd49 Jordan Flament (bronze)[\/vc_column_text][vc_empty_space][vc_column_text css=&#8221;.vc_custom_1695291287189{margin-top: 80px !important;margin-bottom: 80px !important;}&#8221;]<span style=\"color: #ffcc00;\"><strong>INGENIEURIE M\u00c9CANIQUE<\/strong><\/span><\/p>\n<p>\ud83e\udd47 Basile Mensassol (or)<\/p>\n<p>\ud83e\udd48 Albert Rodriguez (argent)<\/p>\n<p>\ud83e\udd49 Maxence Omnes (bronze)[\/vc_column_text][vc_empty_space height=&#8221;16px&#8221;][\/vc_column][vc_column width=&#8221;1\/4&#8243;][vc_empty_space height=&#8221;16px&#8221;][vc_column_text css=&#8221;.vc_custom_1695291088494{margin-top: 16px !important;margin-bottom: 16px !important;padding-top: 16px !important;padding-bottom: 16px !important;}&#8221;]<span style=\"color: #ffcc00;\"><strong>FABRICATION ADDITIVE<\/strong><\/span><\/p>\n<p>\ud83e\udd47 Raphael Criado<\/p>\n<p>\ud83e\udd48 Maxime Bour (argent)<\/p>\n<p>\ud83e\udd49 David Juldo (bronze)[\/vc_column_text][vc_empty_space][vc_column_text css=&#8221;.vc_custom_1695291097793{margin-top: 16px !important;margin-bottom: 16px !important;padding-top: 16px !important;padding-bottom: 16px !important;}&#8221;]<span style=\"color: #ffcc00;\"><strong>INT\u00c9GRATION ROBOTIQUE<\/strong><\/span><\/p>\n<p>\ud83e\udd47 Thomas Beuchot\/Fran\u00e7ois Marty (or)<\/p>\n<p>\ud83e\udd48 Baptiste Imbert\/Andrew Leclercq (argent)<\/p>\n<p>\ud83e\udd49 Alan Ragueneau\/Mathis Boissonnot (bronze)[\/vc_column_text][vc_empty_space height=&#8221;16px&#8221;][\/vc_column][vc_column width=&#8221;1\/4&#8243;][vc_empty_space height=&#8221;16px&#8221;][vc_column_text]<span style=\"color: #ffcc00;\"><strong>FRAISAGE<\/strong><\/span><\/p>\n<p>\ud83e\udd47 Loris Cubizolles (or)<\/p>\n<p>\ud83e\udd48 Valentin Beuzelin (argent)<\/p>\n<p>\ud83e\udd49 Bastien Reynaud (bronze)[\/vc_column_text][vc_empty_space][vc_column_text]<span style=\"color: #ffcc00;\"><strong>MAINTENANCE A\u00c9RONAUTIQUE<\/strong><\/span><\/p>\n<p>\ud83e\udd47 Loup Martinez-Reale (or)<\/p>\n<p>\ud83e\udd48 Mathis Girault (argent)<\/p>\n<p>\ud83e\udd49 Yohan Esteban (bronze)[\/vc_column_text][vc_empty_space height=&#8221;16px&#8221;][\/vc_column][vc_column width=&#8221;1\/4&#8243;][vc_empty_space height=&#8221;16px&#8221;][vc_column_text]<span style=\"color: #ffcc00;\"><strong>INDUSTRIE 4.0<\/strong><\/span><\/p>\n<p>\ud83e\udd47 Lazhar Benchelloug\/Hugo Marquez (or)<\/p>\n<p>\ud83e\udd48 Rayan Benmessaoud\/Cl\u00e9ment Sene (argent)[\/vc_column_text][vc_empty_space][vc_column_text]<span style=\"color: #ffcc00;\"><strong>MAINTENANCE INDUSTRIELLE<\/strong><\/span><\/p>\n<p>\ud83e\udd47 Thiaifene Acher (or)<\/p>\n<p>\ud83e\udd48 Sean Poir\u00e9e (argent)<\/p>\n<p>\ud83e\udd49 Salaheddine Zahidi (bronze)[\/vc_column_text][vc_empty_space height=&#8221;16px&#8221;][\/vc_column][\/vc_row][vc_row][vc_column][vc_column_text]<img loading=\"lazy\" decoding=\"async\" class=\"size-full wp-image-1963 aligncenter\" src=\"https:\/\/www.machinesproduction.fr\/tv\/wp-content\/uploads\/2023\/09\/logo_text_big.png\" alt=\"\" width=\"172\" height=\"148\" \/>[\/vc_column_text][\/vc_column][\/vc_row]<\/p>\n<\/section>","protected":false},"excerpt":{"rendered":"<p>[vc_row equal_height=&#8221;yes&#8221; content_placement=&#8221;middle&#8221;][vc_column][vc_row_inner equal_height=&#8221;yes&#8221; content_placement=&#8221;middle&#8221;][vc_column_inner width=&#8221;1\/4&#8243; centered_cont_vertical=&#8221;true&#8221;][media image=&#8221;1963&#8243;][\/vc_column_inner][vc_column_inner width=&#8221;3\/4&#8243; centered_cont_vertical=&#8221;true&#8221;][vc_column_text] Des graines de champions de l\u2019industrie [\/vc_column_text][\/vc_column_inner][\/vc_row_inner][\/vc_column][\/vc_row][vc_row full_width=&#8221;stretch_row_content_no_spaces&#8221; top_padding=&#8221;50&#8243;][vc_column offset=&#8221;vc_col-xs-12&#8243;][vc_raw_html]JTNDZGl2JTIwY2xhc3MlM0QlMjJ2aWRlby1jb250YWluZXIlMjIlM0UlMEElMjAlMjAlM0NpZnJhbWUlMjB3aWR0aCUzRCUyMjEyODAlMjIlMjBoZWlnaHQlM0QlMjI3MjAlMjIlMjBzcmMlM0QlMjJodHRwcyUzQSUyRiUyRnd3dy55b3V0dWJlLmNvbSUyRmVtYmVkJTJGVjRUTVRMcVNYblklM0ZzaSUzRHJsTTNHMV9raS1ITVotajAlMjIlMjB0aXRsZSUzRCUyMllvdVR1YmUlMjB2aWRlbyUyMHBsYXllciUyMiUyMGZyYW1lYm9yZGVyJTNEJTIyMCUyMiUyMGFsbG93JTNEJTIyYWNjZWxlcm9tZXRlciUzQiUyMGF1dG9wbGF5JTNCJTIwY2xpcGJvYXJkLXdyaXRlJTNCJTIwZW5jcnlwdGVkLW1lZGlhJTNCJTIwZ3lyb3Njb3BlJTNCJTIwcGljdHVyZS1pbi1waWN0dXJlJTNCJTIwd2ViLXNoYXJlJTIyJTIwYWxsb3dmdWxsc2NyZWVuJTNFJTNDJTJGaWZyYW1lJTNFJTBBJTNDJTJGZGl2JTNFJTBB[\/vc_raw_html][\/vc_column][\/vc_row][vc_row equal_height=&#8221;yes&#8221; content_placement=&#8221;middle&#8221; top_padding=&#8221;40&#8243;][vc_column][vc_empty_space height=&#8221;30px&#8221;][vc_column_text] Du 14 au 16 septembre, c\u2019\u00e9tait les finales nationales des WorldSkillls, la comp\u00e9tition mondiale des m\u00e9tiers. Machines Production TV a rencontr\u00e9 plusieurs jeunes comp\u00e9titeurs, \u00e0 Eurexpo Lyon. Les finales nationales de [&hellip;]<\/p>\n","protected":false},"author":3,"featured_media":0,"parent":0,"menu_order":0,"comment_status":"closed","ping_status":"closed","template":"","meta":{"_monsterinsights_skip_tracking":false,"_monsterinsights_sitenote_active":false,"_monsterinsights_sitenote_note":"","_monsterinsights_sitenote_category":0,"footnotes":""},"wf_page_folders":[13],"class_list":["post-1961","page","type-page","status-publish","hentry"],"yoast_head":"<!-- This site is optimized with the Yoast SEO plugin v27.1.1 - https:\/\/yoast.com\/product\/yoast-seo-wordpress\/ -->\n<title>Live : En direct des WorldSkills 2023 \u00e0 Lyon<\/title>\n<meta name=\"description\" content=\"Du 14 au 16 septembre, c\u2019\u00e9tait les finales nationales des WorldSkillls, la comp\u00e9tition mondiale des m\u00e9tiers. Machines Production TV a rencontr\u00e9 plusieurs jeunes comp\u00e9titeurs, \u00e0 Eurexpo Lyon.\" \/>\n<meta name=\"robots\" content=\"index, follow, max-snippet:-1, max-image-preview:large, max-video-preview:-1\" \/>\n<link rel=\"canonical\" href=\"https:\/\/www.machinesproduction.fr\/tv\/live-38-finale-des-wordskills\/\" \/>\n<meta property=\"og:locale\" content=\"fr_FR\" \/>\n<meta property=\"og:type\" content=\"article\" \/>\n<meta property=\"og:title\" content=\"Live : En direct des WorldSkills 2023 \u00e0 Lyon\" \/>\n<meta property=\"og:description\" content=\"Du 14 au 16 septembre, c\u2019\u00e9tait les finales nationales des WorldSkillls, la comp\u00e9tition mondiale des m\u00e9tiers. Machines Production TV a rencontr\u00e9 plusieurs jeunes comp\u00e9titeurs, \u00e0 Eurexpo Lyon.\" \/>\n<meta property=\"og:url\" content=\"https:\/\/www.machinesproduction.fr\/tv\/live-38-finale-des-wordskills\/\" \/>\n<meta property=\"og:site_name\" content=\"Machines Production TV\" \/>\n<meta property=\"article:modified_time\" content=\"2023-09-21T10:27:25+00:00\" \/>\n<meta property=\"og:image\" content=\"https:\/\/www.machinesproduction.fr\/tv\/wp-content\/uploads\/2023\/09\/Live-WorldSkills-Finale-nationale-2023.jpg\" \/>\n\t<meta property=\"og:image:width\" content=\"1280\" \/>\n\t<meta property=\"og:image:height\" content=\"720\" \/>\n\t<meta property=\"og:image:type\" content=\"image\/jpeg\" \/>\n<meta name=\"twitter:card\" content=\"summary_large_image\" \/>\n<meta name=\"twitter:title\" content=\"Live : En direct des WorldSkills 2023 \u00e0 Lyon\" \/>\n<meta name=\"twitter:description\" content=\"Du 14 au 16 septembre, c\u2019\u00e9tait les finales nationales des WorldSkillls, la comp\u00e9tition mondiale des m\u00e9tiers. Machines Production TV a rencontr\u00e9 plusieurs jeunes comp\u00e9titeurs, \u00e0 Eurexpo Lyon.\" \/>\n<meta name=\"twitter:image\" content=\"https:\/\/www.machinesproduction.fr\/tv\/wp-content\/uploads\/2023\/09\/Live-WorldSkills-Finale-nationale-2023.jpg\" \/>\n<meta name=\"twitter:label1\" content=\"Dur\u00e9e de lecture estim\u00e9e\" \/>\n\t<meta name=\"twitter:data1\" content=\"5 minutes\" \/>\n<script type=\"application\/ld+json\" class=\"yoast-schema-graph\">{\"@context\":\"https:\/\/schema.org\",\"@graph\":[{\"@type\":\"WebPage\",\"@id\":\"https:\/\/www.machinesproduction.fr\/tv\/live-38-finale-des-wordskills\/\",\"url\":\"https:\/\/www.machinesproduction.fr\/tv\/live-38-finale-des-wordskills\/\",\"name\":\"Live : En direct des WorldSkills 2023 \u00e0 Lyon\",\"isPartOf\":{\"@id\":\"https:\/\/www.machinesproduction.fr\/tv\/#website\"},\"primaryImageOfPage\":{\"@id\":\"https:\/\/www.machinesproduction.fr\/tv\/live-38-finale-des-wordskills\/#primaryimage\"},\"image\":{\"@id\":\"https:\/\/www.machinesproduction.fr\/tv\/live-38-finale-des-wordskills\/#primaryimage\"},\"thumbnailUrl\":\"https:\/\/www.machinesproduction.fr\/tv\/wp-content\/uploads\/2023\/09\/logo_text_big.png\",\"datePublished\":\"2023-09-20T18:39:21+00:00\",\"dateModified\":\"2023-09-21T10:27:25+00:00\",\"description\":\"Du 14 au 16 septembre, c\u2019\u00e9tait les finales nationales des WorldSkillls, la comp\u00e9tition mondiale des m\u00e9tiers. Machines Production TV a rencontr\u00e9 plusieurs jeunes comp\u00e9titeurs, \u00e0 Eurexpo Lyon.\",\"breadcrumb\":{\"@id\":\"https:\/\/www.machinesproduction.fr\/tv\/live-38-finale-des-wordskills\/#breadcrumb\"},\"inLanguage\":\"fr-FR\",\"potentialAction\":[{\"@type\":\"ReadAction\",\"target\":[\"https:\/\/www.machinesproduction.fr\/tv\/live-38-finale-des-wordskills\/\"]}]},{\"@type\":\"ImageObject\",\"inLanguage\":\"fr-FR\",\"@id\":\"https:\/\/www.machinesproduction.fr\/tv\/live-38-finale-des-wordskills\/#primaryimage\",\"url\":\"https:\/\/www.machinesproduction.fr\/tv\/wp-content\/uploads\/2023\/09\/logo_text_big.png\",\"contentUrl\":\"https:\/\/www.machinesproduction.fr\/tv\/wp-content\/uploads\/2023\/09\/logo_text_big.png\",\"width\":172,\"height\":148},{\"@type\":\"BreadcrumbList\",\"@id\":\"https:\/\/www.machinesproduction.fr\/tv\/live-38-finale-des-wordskills\/#breadcrumb\",\"itemListElement\":[{\"@type\":\"ListItem\",\"position\":1,\"name\":\"Home\",\"item\":\"https:\/\/www.machinesproduction.fr\/tv\/\"},{\"@type\":\"ListItem\",\"position\":2,\"name\":\"Live 38 &#8211; Finale des WordSkills\"}]},{\"@type\":\"WebSite\",\"@id\":\"https:\/\/www.machinesproduction.fr\/tv\/#website\",\"url\":\"https:\/\/www.machinesproduction.fr\/tv\/\",\"name\":\"Machines Production TV\",\"description\":\"\",\"potentialAction\":[{\"@type\":\"SearchAction\",\"target\":{\"@type\":\"EntryPoint\",\"urlTemplate\":\"https:\/\/www.machinesproduction.fr\/tv\/?s={search_term_string}\"},\"query-input\":{\"@type\":\"PropertyValueSpecification\",\"valueRequired\":true,\"valueName\":\"search_term_string\"}}],\"inLanguage\":\"fr-FR\"}]}<\/script>\n<!-- \/ Yoast SEO plugin. -->","yoast_head_json":{"title":"Live : En direct des WorldSkills 2023 \u00e0 Lyon","description":"Du 14 au 16 septembre, c\u2019\u00e9tait les finales nationales des WorldSkillls, la comp\u00e9tition mondiale des m\u00e9tiers. Machines Production TV a rencontr\u00e9 plusieurs jeunes comp\u00e9titeurs, \u00e0 Eurexpo Lyon.","robots":{"index":"index","follow":"follow","max-snippet":"max-snippet:-1","max-image-preview":"max-image-preview:large","max-video-preview":"max-video-preview:-1"},"canonical":"https:\/\/www.machinesproduction.fr\/tv\/live-38-finale-des-wordskills\/","og_locale":"fr_FR","og_type":"article","og_title":"Live : En direct des WorldSkills 2023 \u00e0 Lyon","og_description":"Du 14 au 16 septembre, c\u2019\u00e9tait les finales nationales des WorldSkillls, la comp\u00e9tition mondiale des m\u00e9tiers. Machines Production TV a rencontr\u00e9 plusieurs jeunes comp\u00e9titeurs, \u00e0 Eurexpo Lyon.","og_url":"https:\/\/www.machinesproduction.fr\/tv\/live-38-finale-des-wordskills\/","og_site_name":"Machines Production TV","article_modified_time":"2023-09-21T10:27:25+00:00","og_image":[{"width":1280,"height":720,"url":"https:\/\/www.machinesproduction.fr\/tv\/wp-content\/uploads\/2023\/09\/Live-WorldSkills-Finale-nationale-2023.jpg","type":"image\/jpeg"}],"twitter_card":"summary_large_image","twitter_title":"Live : En direct des WorldSkills 2023 \u00e0 Lyon","twitter_description":"Du 14 au 16 septembre, c\u2019\u00e9tait les finales nationales des WorldSkillls, la comp\u00e9tition mondiale des m\u00e9tiers. Machines Production TV a rencontr\u00e9 plusieurs jeunes comp\u00e9titeurs, \u00e0 Eurexpo Lyon.","twitter_image":"https:\/\/www.machinesproduction.fr\/tv\/wp-content\/uploads\/2023\/09\/Live-WorldSkills-Finale-nationale-2023.jpg","twitter_misc":{"Dur\u00e9e de lecture estim\u00e9e":"5 minutes"},"schema":{"@context":"https:\/\/schema.org","@graph":[{"@type":"WebPage","@id":"https:\/\/www.machinesproduction.fr\/tv\/live-38-finale-des-wordskills\/","url":"https:\/\/www.machinesproduction.fr\/tv\/live-38-finale-des-wordskills\/","name":"Live : En direct des WorldSkills 2023 \u00e0 Lyon","isPartOf":{"@id":"https:\/\/www.machinesproduction.fr\/tv\/#website"},"primaryImageOfPage":{"@id":"https:\/\/www.machinesproduction.fr\/tv\/live-38-finale-des-wordskills\/#primaryimage"},"image":{"@id":"https:\/\/www.machinesproduction.fr\/tv\/live-38-finale-des-wordskills\/#primaryimage"},"thumbnailUrl":"https:\/\/www.machinesproduction.fr\/tv\/wp-content\/uploads\/2023\/09\/logo_text_big.png","datePublished":"2023-09-20T18:39:21+00:00","dateModified":"2023-09-21T10:27:25+00:00","description":"Du 14 au 16 septembre, c\u2019\u00e9tait les finales nationales des WorldSkillls, la comp\u00e9tition mondiale des m\u00e9tiers. Machines Production TV a rencontr\u00e9 plusieurs jeunes comp\u00e9titeurs, \u00e0 Eurexpo Lyon.","breadcrumb":{"@id":"https:\/\/www.machinesproduction.fr\/tv\/live-38-finale-des-wordskills\/#breadcrumb"},"inLanguage":"fr-FR","potentialAction":[{"@type":"ReadAction","target":["https:\/\/www.machinesproduction.fr\/tv\/live-38-finale-des-wordskills\/"]}]},{"@type":"ImageObject","inLanguage":"fr-FR","@id":"https:\/\/www.machinesproduction.fr\/tv\/live-38-finale-des-wordskills\/#primaryimage","url":"https:\/\/www.machinesproduction.fr\/tv\/wp-content\/uploads\/2023\/09\/logo_text_big.png","contentUrl":"https:\/\/www.machinesproduction.fr\/tv\/wp-content\/uploads\/2023\/09\/logo_text_big.png","width":172,"height":148},{"@type":"BreadcrumbList","@id":"https:\/\/www.machinesproduction.fr\/tv\/live-38-finale-des-wordskills\/#breadcrumb","itemListElement":[{"@type":"ListItem","position":1,"name":"Home","item":"https:\/\/www.machinesproduction.fr\/tv\/"},{"@type":"ListItem","position":2,"name":"Live 38 &#8211; Finale des WordSkills"}]},{"@type":"WebSite","@id":"https:\/\/www.machinesproduction.fr\/tv\/#website","url":"https:\/\/www.machinesproduction.fr\/tv\/","name":"Machines Production TV","description":"","potentialAction":[{"@type":"SearchAction","target":{"@type":"EntryPoint","urlTemplate":"https:\/\/www.machinesproduction.fr\/tv\/?s={search_term_string}"},"query-input":{"@type":"PropertyValueSpecification","valueRequired":true,"valueName":"search_term_string"}}],"inLanguage":"fr-FR"}]}},"_links":{"self":[{"href":"https:\/\/www.machinesproduction.fr\/tv\/wp-json\/wp\/v2\/pages\/1961","targetHints":{"allow":["GET"]}}],"collection":[{"href":"https:\/\/www.machinesproduction.fr\/tv\/wp-json\/wp\/v2\/pages"}],"about":[{"href":"https:\/\/www.machinesproduction.fr\/tv\/wp-json\/wp\/v2\/types\/page"}],"author":[{"embeddable":true,"href":"https:\/\/www.machinesproduction.fr\/tv\/wp-json\/wp\/v2\/users\/3"}],"replies":[{"embeddable":true,"href":"https:\/\/www.machinesproduction.fr\/tv\/wp-json\/wp\/v2\/comments?post=1961"}],"version-history":[{"count":35,"href":"https:\/\/www.machinesproduction.fr\/tv\/wp-json\/wp\/v2\/pages\/1961\/revisions"}],"predecessor-version":[{"id":1965,"href":"https:\/\/www.machinesproduction.fr\/tv\/wp-json\/wp\/v2\/pages\/1961\/revisions\/1965"}],"wp:attachment":[{"href":"https:\/\/www.machinesproduction.fr\/tv\/wp-json\/wp\/v2\/media?parent=1961"}],"wp:term":[{"taxonomy":"wf_page_folders","embeddable":true,"href":"https:\/\/www.machinesproduction.fr\/tv\/wp-json\/wp\/v2\/wf_page_folders?post=1961"}],"curies":[{"name":"wp","href":"https:\/\/api.w.org\/{rel}","templated":true}]}}