{"id":1936,"date":"2023-08-03T08:55:10","date_gmt":"2023-08-03T07:55:10","guid":{"rendered":"https:\/\/www.machinesproduction.fr\/tv\/?page_id=1936"},"modified":"2023-08-03T11:16:14","modified_gmt":"2023-08-03T10:16:14","slug":"emission-20-impression-3d","status":"publish","type":"page","link":"https:\/\/www.machinesproduction.fr\/tv\/emission-20-impression-3d\/","title":{"rendered":"Emission 20- Se Former \u00e0 l&#8217;impression 3D"},"content":{"rendered":"<section class=\"wpb-content-wrapper\"><p>[vc_row][vc_column][vc_video link=&#8221;https:\/\/youtu.be\/wIta9UamhkQ&#8221;][\/vc_column][\/vc_row][vc_row top_padding=&#8221;40&#8243;][vc_column offset=&#8221;vc_col-xs-4\/5&#8243;][vc_custom_heading text=&#8221;Se former \u00e0 l\u2019impression 3D&#8221; font_container=&#8221;tag:h1|font_size:60|text_align:left|color:%23009ddf|line_height:1&#8243; use_theme_fonts=&#8221;yes&#8221; css=&#8221;.vc_custom_1691049378586{padding-bottom: 5px !important;}&#8221;][vc_text_separator title=&#8221;&#8221; title_align=&#8221;separator_align_left&#8221; color=&#8221;custom&#8221; accent_color=&#8221;#009ddf&#8221;][\/vc_column][\/vc_row][vc_row equal_height=&#8221;yes&#8221; content_placement=&#8221;middle&#8221;][vc_column width=&#8221;1\/2&#8243;][vc_empty_space height=&#8221;30&#8243;][vc_column_text]Pour cette nouvelle \u00e9mission de Machines Production, nous nous sommes int\u00e9ress\u00e9s \u00e0 la formation aux technologies de la fabrication additive. L\u2019impression 3D fera son entr\u00e9e, pour la premi\u00e8re fois, dans les WorldSkills, en France. La comp\u00e9tition nationale des m\u00e9tiers se d\u00e9roulera du 14 au 16 septembre \u00e0 Eurexpo Lyon. Les champions de France viseront ensuite un titre lors des mondiaux, en 2024, qui se tiendront \u00e9galement dans la capitale des Gaules. Pour cette 20<sup>e<\/sup> \u00e9dition de MPLE, nous nous sommes pench\u00e9s sur l\u2019\u00e9volution de la fabrication additive dans l\u2019industrie. Et surtout aux comp\u00e9tences qui sont n\u00e9cessaires pour mieux la ma\u00eetriser.<\/p>\n<p class=\"LEMONDE\">C\u2019est \u00e0 d\u00e9couvrir dans <span style=\"color: #009ddf;\">\u201cMachines Production L\u2019\u00c9mission\u201d<\/span>.<\/p>\n<p>[\/vc_column_text][\/vc_column][vc_column width=&#8221;1\/2&#8243; centered_cont_vertical=&#8221;true&#8221;][media image=&#8221;422&#8243;][\/vc_column][\/vc_row][vc_row top_padding=&#8221;20&#8243;][vc_column width=&#8221;1\/2&#8243;][vc_icon icon_fontawesome=&#8221;fas fa-search&#8221; color=&#8221;custom&#8221; size=&#8221;lg&#8221; custom_color=&#8221;#009ddf&#8221;][vc_custom_heading text=&#8221;D\u00e9cryptage&#8221; font_container=&#8221;tag:h2|font_size:40|text_align:left|color:%23009ddf&#8221; use_theme_fonts=&#8221;yes&#8221; css=&#8221;.vc_custom_1619084016292{margin-top: -30px !important;padding-bottom: 20px !important;}&#8221;][vc_column_text css=&#8221;.vc_custom_1691056435217{margin-bottom: 15px !important;}&#8221;]Nous recevons deux invit\u00e9s :<\/p>\n<p><strong><span style=\"color: #009ddf;\">Pierre Cerveau<\/span><\/strong>, responsable des grands comptes chez <a href=\"https:\/\/formlabs.com\/fr\/?utm_source=syndication&amp;utm_medium=email&amp;utm_campaign=webinar-machine-production-emission-aug-23-fr\"><strong><span style=\"color: #009ddf;\">Formlabs.<\/span><\/strong><\/a><br \/>\n<span style=\"color: #009ddf;\"><strong>Julien Bajolet<\/strong><\/span>, responsable du p\u00f4le m\u00e9tallurgie \u00e0 <a href=\"https:\/\/www.afpma.fr\/\"><strong><span style=\"color: #009ddf;\">l\u2019AFPMA<\/span><\/strong><\/a>, le p\u00f4le formation de l\u2019UIMM et expert national adjoint aux WorldSkills pour le m\u00e9tier de la fabrication additive.<br \/>\nSur notre plateau de Boulogne-Billancourt, ils \u00e9voquent :<\/p>\n<ul>\n<li style=\"list-style-type: none;\">\n<ul>\n<li style=\"list-style-type: none;\">\n<ul>\n<li>Les comp\u00e9tences n\u00e9cessaires pour ma\u00eetriser l\u2019impression 3D<\/li>\n<li>Le parcours p\u00e9dagogique dans un centre de formation<\/li>\n<li>La fabrication additive s\u2019ouvre \u00e0 la production s\u00e9rie<\/li>\n<li>L\u2019arriv\u00e9e de l\u2019impression 3D aux WorldSkills 2023<\/li>\n<\/ul>\n<\/li>\n<\/ul>\n<\/li>\n<\/ul>\n<p>L\u2019impression 3D n\u2019est pas une technologie qui soit tr\u00e8s compliqu\u00e9e \u00e0 ma\u00eetriser, surtout par rapport \u00e0 des proc\u00e9d\u00e9s soustractifs, tels que l\u2019usinage CNC, car elle demande comparativement peu de connaissances. Pierre Cerveau pause d\u2019abord les bases\u00a0: \u00ab\u00a0L\u2019impression 3D, c\u2019est un terme g\u00e9n\u00e9rique, mais qui englobe plusieurs technologies\u00a0: le d\u00e9p\u00f4t de fil, la r\u00e9sine avec la st\u00e9r\u00e9olithographie et le frittage de poudre, qu\u2019elle soit polym\u00e8re ou m\u00e9tallique.\u00a0\u00bb N\u00e9anmoins, chacune de ces technologies poss\u00e8de ses propres caract\u00e9ristiques, pr\u00e9vient notre expert. \u00ab\u00a0Avec l\u2019impression st\u00e9r\u00e9olithographie, on utilise des polym\u00e8res thermodurcissables, des cat\u00e9gories de plastiques compl\u00e8tement diff\u00e9rentes. Ma\u00eetriser ces mat\u00e9riaux, leurs caract\u00e9ristiques, que ce soit un comportement m\u00e9canique ou en temp\u00e9rature, est vital pour bien utiliser ces outils sur les applications industrielles, pr\u00e9vient M. Cerveau. Au-del\u00e0 des mat\u00e9riaux et des technologies, de l\u2019utilisation des \u00e9quipements, il y a aussi d\u2019autres outils \u00e0 ma\u00eetriser si on veut pleinement utiliser l\u2019impression 3D, et quelque part b\u00e9n\u00e9ficier de son plein potentiel.\u00a0\u00bb Des outils informatiques surtout, comme le design g\u00e9n\u00e9ratif ou l\u2019optimisation topologique.<\/p>\n<p class=\"LEMONDE\"><img loading=\"lazy\" decoding=\"async\" class=\"wp-image-1941 aligncenter\" src=\"https:\/\/www.machinesproduction.fr\/tv\/wp-content\/uploads\/2023\/08\/Pierre-Cerveau-Formlabs-copie.jpg\" alt=\"\" width=\"800\" height=\"435\" \/><\/p>\n<h2><span style=\"color: #009ddf;\"><strong>\u00ab\u00a0Quand on fait du soudage avec un robot, on peut superposer les cordons de soudage et faire de l\u2019impression 3D\u00a0\u00bb<\/strong><\/span><\/h2>\n<p>Au centre de formation et de conseil sp\u00e9cialis\u00e9 dans les technologies industrielles, le management et les ressources humaines AFPMA, situ\u00e9 \u00e0 P\u00e9ronnas (Ain), la fabrication additive s\u2019est ajout\u00e9e \u00e0 l\u2019offre des prestations, dans le cadre des formations dipl\u00f4mantes, comme les BTS conception et en usinage, \u00ab\u00a0o\u00f9 le r\u00e9f\u00e9rentiel de l\u2019Education nationale a int\u00e9gr\u00e9 l\u2019impression 3D\u00a0\u00bb, indique Julien Bajolet. Le centre s\u2019est \u00e9quip\u00e9, dans un premier temps, de quelques petites machines d\u2019impression de pi\u00e8ces en plastique. Mais avant cela, l\u2019activit\u00e9 du soudage a \u00e9t\u00e9 un premier \u00e9l\u00e9ment d\u00e9clencheur,\u00a0dont l\u2019AFPMA est sp\u00e9cialis\u00e9e. \u00ab\u00a0Et quand on fait du soudage avec un robot, on peut superposer les cordons de soudage et faire de l\u2019impression 3D\u00a0\u00bb, souligne le responsable soudage et fabrication additive de l\u2019AFPMA.<\/p>\n<p>Depuis trois ans, ce p\u00f4le formation, qui d\u00e9pend de l\u2019UIMM de l\u2019Ain, a fait l\u2019acquisition de machines de fabrication additive m\u00e9tal Desktop Metal et <span style=\"color: #ff9900;\"><a style=\"color: #ff9900;\" href=\"https:\/\/formlabs.com\/fr\/3d-printers\/catalog\/?utm_source=syndication&amp;utm_medium=email&amp;utm_campaign=webinar-machine-production-emission-aug-23-fr\"><strong>polym\u00e8re Formlabs.<\/strong><\/a><\/span><\/p>\n<h2><span style=\"color: #009ddf;\"><strong>La conception, un point \u00ab\u00a0extr\u00eamement important\u00a0\u00bb<\/strong><\/span><\/h2>\n<p>Plusieurs niveaux de formation sont propos\u00e9s \u00e0 P\u00e9ronnas. \u00ab\u00a0Une journ\u00e9e de d\u00e9couverte pour juste comprendre la fabrication additive, qui s\u2019adresse aussi bien aux \u00e9tudiants, dirigeants et demandeurs d\u2019emploi. La semaine d\u00e9couverte va associer une partie th\u00e9orie tous les matins, et une partie pratique tous les apr\u00e8s-midis pour imprimer des pi\u00e8ces. On lance les machines pour la nuit et tous les lendemains matins, on r\u00e9cup\u00e8re nos pi\u00e8ces, c\u2019est ce que j\u2019appelle la moisson. On va r\u00e9cup\u00e9rer tout ce qui a \u00e9t\u00e9 imprim\u00e9, ou pas. Cette semaine de d\u00e9couverte sert de socle de base pour des parcours orient\u00e9s vers les op\u00e9rateurs ou les concepteurs\u00a0\u00bb, explique M. Bajolet, sur le plateau de MP L\u2019Emission.<\/p>\n<p>Pour notre invit\u00e9, la conception reste un point \u00ab\u00a0extr\u00eamement important\u00a0\u00bb. Car \u00ab\u00a0la libert\u00e9 de formes offertes par les technologies de fabrication additive est un avantage-cl\u00e9 par rapport \u00e0 d\u2019autres technologies. Le fait de se former sur la conception est vraiment primordial\u00a0\u00bb, insiste-t-il.<\/p>\n<p>\u00ab\u00a0Contrairement \u00e0 l\u2019injection plastique, il n\u2019y a pas besoin d\u2019un outillage, qui peut co\u00fbter tr\u00e8s cher, des dizaines de milliers d\u2019euros, voire des centaines de milliers d\u2019euros parfois, pour produire des pi\u00e8ces, analyse Pierre Cerveau. Un entrepreneur pourra lancer sur le march\u00e9 son nouveau produit avec un investissement initial plus modeste. Car si le produit en question s\u2019adresse \u00e0 un petit march\u00e9, l\u2019injection plastique peut s\u2019av\u00e9rer un moyen inadapt\u00e9 pour ce type de production.\u00a0\u00bb En effet, le moule imprim\u00e9 en 3D devient une v\u00e9ritable opportunit\u00e9. Car cet outillage co\u00fbtera bien moins cher \u00e0 produire. \u00ab\u00a0Et au niveau des temps de production, on est sur des jours au lieu de semaines\u00a0\u00bb, ajoute notre expert chez Formlabs, qui est venu sur notre plateau avec un mod\u00e8le de moule, imprim\u00e9 en 3D. Ce dernier \u00ab\u00a0peut co\u00fbter aux environs d\u2019une centaine d\u2019euros compar\u00e9 \u00e0 un \u00e9quivalent usin\u00e9 dans la masse, qui lui, co\u00fbtera peut-\u00eatre plus de 10\u202f000 euros\u00a0\u00bb.<\/p>\n<p>&nbsp;<\/p>\n<p>[\/vc_column_text][\/vc_column][vc_column width=&#8221;1\/2&#8243;][vc_empty_space height=&#8221;150px&#8221;][vc_column_text css=&#8221;.vc_custom_1691056983406{margin-bottom: 15px !important;}&#8221;]<\/p>\n<h2><span style=\"color: #009ddf;\"><strong>\u00ab\u00a0Avec une imprimante 3D contrairement \u00e0 d\u2019autres technologies, on n\u2019a pas besoin d\u2019op\u00e9rateur devant la machine\u00a0\u00bb<\/strong><\/span><\/h2>\n<p>Justement, les parcours de formation ont-ils \u00e9volu\u00e9 pour s\u2019adapter \u00e0 la fabrication additive en production s\u00e9rie ? \u00ab\u00a0Pour faire de la production s\u00e9rie, on est aussi oblig\u00e9 de parler avec l\u2019ensemble de l\u2019entreprise, r\u00e9pond Julien Bajolet. On n\u2019est pas dans du prototypage, donc \u00e0 un moment donn\u00e9 on va s\u2019adresser \u00e0 des acheteurs, on va parler avec la compta qui doit comprendre le co\u00fbt de production associ\u00e9 \u00e0 l\u2019impression 3D. Parce ce qu\u2019avec une imprimante 3D, contrairement \u00e0 quelques autres technologies, on n\u2019a pas besoin d\u2019op\u00e9rateur devant. Une fois qu\u2019on a lanc\u00e9 la machine, on fait autre chose. Donc le co\u00fbt et le taux horaire ne seront plus vraiment les m\u00eames que sur d\u2019autres familles de machines de production.\u00a0\u00bb<\/p>\n<p>En France, le m\u00e9tier de la fabrication additive fera son entr\u00e9e pour la premi\u00e8re fois dans la comp\u00e9tition des WorldSkills, lors de la finale nationale, du 14 au 16 septembre \u00e0 Lyon. Parmi les nouveaux fournisseurs, figure Formlabs. \u00ab\u00a0L\u2019introduction de la fabrication additive en tant que discipline dans les WorldSkills est vraiment un moment important car \u00e7a concr\u00e9tise la discipline comme un m\u00e9tier \u00e0 part enti\u00e8re et confirme le besoin v\u00e9ritablement de se former et de s\u2019\u00e9duquer sur ce proc\u00e9d\u00e9 de fabrication-l\u00e0, \u00e9voque Pierre Cerveau, sur plateau de MPLE. C\u2019est un privil\u00e8ge de pouvoir s\u2019associer aux WorldSkills et d\u2019aider \u00e0 promouvoir cette technologie aupr\u00e8s des jeunes.\u00a0\u00bb<\/p>\n<h2><span style=\"color: #009ddf;\"><strong>\u00ab\u00a0Formlabs, des machines compactes et faciles \u00e0 d\u00e9placer\u00a0\u00bb<\/strong><\/span><\/h2>\n<p>C\u2019est Julien Bajolet qui a choisi le constructeur am\u00e9ricain d\u2019imprimantes 3D pour qu\u2019il fournisse le mat\u00e9riel n\u00e9cessaire \u00e0 la comp\u00e9tition lyonnaise. Car \u00ab\u00a0le but, c\u2019est d\u2019avoir des machines relativement compactes et faciles \u00e0 d\u00e9placer. Parce que on va cr\u00e9er un atelier sur mesure pour les jours de comp\u00e9tition, il nous fallait des machines fiables parce qu\u2019il n\u2019est pas envisageable qu\u2019elles puissent tomber en panne en pleine comp\u00e9tition. D\u2019autre part, je cherchais aussi un fournisseur capable de fournir \u00e0 la fois les machines, les mat\u00e9riaux, et cela sur plusieurs technologies.\u00a0\u00bb<\/p>\n<p>Les \u00e9preuves comprendront plusieurs modules, allant de la technologie de fabrication additive par d\u00e9p\u00f4ts de fil, \u00e0 la <span style=\"color: #ff9900;\"><strong><a style=\"color: #ff9900;\" href=\"https:\/\/formlabs.com\/fr\/3d-printers\/form-3\/?utm_source=syndication&amp;utm_medium=email&amp;utm_campaign=webinar-machine-production-emission-aug-23-fr\">st\u00e9r\u00e9olithographie<\/a> <\/strong><\/span>et jusqu\u2019au <strong><span style=\"color: #ff9900;\"><a style=\"color: #ff9900;\" href=\"https:\/\/formlabs.com\/fr\/3d-printers\/fuse-1\/?utm_source=syndication&amp;utm_medium=email&amp;utm_campaign=webinar-machine-production-emission-aug-23-fr\">frittage de poudre polym\u00e8re.<\/a><\/span><\/strong><\/p>\n<p>Les huit comp\u00e9titeurs arriv\u00e9s en finale ont \u00e9t\u00e9 s\u00e9lectionn\u00e9s lors d\u2019\u00e9preuves organis\u00e9es dans cinq r\u00e9gions. \u00ab\u00a0A J-1, c\u2019est la pr\u00e9paration, explique Julien Bajolet. Ils viennent v\u00e9rifier le mat\u00e9riel, le ring de la comp\u00e9tition en quelque sorte. Le jour-J, on part sur une journ\u00e9e compl\u00e8te de comp\u00e9tition. A la fin de la journ\u00e9e, on va commencer \u00e0 faire des classements.\u00a0\u00bb<\/p>\n<p class=\"LEMONDE\"><img loading=\"lazy\" decoding=\"async\" class=\"wp-image-1942 aligncenter\" src=\"https:\/\/www.machinesproduction.fr\/tv\/wp-content\/uploads\/2023\/08\/Julien-Bajolet-AFPMA.jpg\" alt=\"AFPMA Responsable p\u00f4le m\u00e9tallurgie\" width=\"800\" height=\"429\" \/><\/p>\n<h2><span style=\"color: #009ddf;\"><strong>Optimisation topologique<\/strong><\/span><\/h2>\n<p>Il y aura cinq modules d\u2019\u00e9preuves sur cinq demi-journ\u00e9es. \u00ab\u00a0Le but \u00e9tant que les machines tournent le plus possible. Par exemple, avec la st\u00e9r\u00e9olithographie, on va avoir la production d\u2019un outillage pour faire de l\u2019injection plastique manuelle, avec l\u2019utilisation d\u2019une presse \u00e0 main de notre partenaire HoliMaker, parce qu\u2019encore une fois on veut du mat\u00e9riel qui soit facilement transportable\u00a0\u00bb, souligne M. Bajolet.<\/p>\n<p>A cela s\u2019ajoutera une \u00e9preuve de conception en lien avec l\u2019optimisation topologique et le g\u00e9n\u00e9ratif design, o\u00f9 il sera question d\u2019imprimer une pi\u00e8ce qui soit \u00e0 la fois la plus l\u00e9g\u00e8re et la plus performante possible.<\/p>\n<p>Une fois la finale nationale achev\u00e9e, c\u2019est en septembre 2024 que les mondiaux seront organis\u00e9s. Et cette ann\u00e9e, c\u2019est bien en France, et \u00e0 Lyon, qu\u2019ils auront lieu, o\u00f9 plus de 80 pays dans plus de 60 m\u00e9tiers s\u2019affronteront. \u00ab\u00a0Et l\u2019objectif, c\u2019est d\u2019avoir les champions nationaux de chaque pays qui viennent participer \u00e0 la comp\u00e9tition. \u00c7a dure sur trois jours et demi, et les enjeux ne sont pas tout \u00e0 fait les m\u00eames, parce que l\u00e0, du coup, on a un champion du monde qui va \u00eatre d\u00e9sign\u00e9\u00a0\u00bb, avertit M. Bajolet, qui esp\u00e8re que le pays raflera le maximum de m\u00e9dailles.[\/vc_column_text][\/vc_column][\/vc_row][vc_row top_padding=&#8221;40&#8243;][vc_column][vc_custom_heading text=&#8221;Intervenants&#8221; font_container=&#8221;tag:h1|font_size:60|text_align:left|color:%23009ddf&#8221; use_theme_fonts=&#8221;yes&#8221; css=&#8221;.vc_custom_1616683913325{padding-bottom: 5px !important;}&#8221;][vc_text_separator title=&#8221;&#8221; title_align=&#8221;separator_align_left&#8221; color=&#8221;custom&#8221; accent_color=&#8221;#009ddf&#8221;][\/vc_column][\/vc_row][vc_row][vc_column width=&#8221;1\/4&#8243; offset=&#8221;vc_col-xs-4\/5&#8243;][media alignment=&#8221;center&#8221; animation=&#8221;none&#8221; image=&#8221;1938&#8243; width=&#8221;200&#8243;][vc_empty_space][vc_custom_heading text=&#8221;Pierre Cerveau&#8221; font_container=&#8221;tag:h4|text_align:center|color:%23009ddf&#8221; use_theme_fonts=&#8221;yes&#8221; css=&#8221;.vc_custom_1691053488002{padding-top: 40px !important;}&#8221;][vc_column_text]<\/p>\n<p style=\"text-align: center;\">FORMLABS<\/p>\n<p style=\"text-align: center;\">Responsable grands comptes<\/p>\n<p>[\/vc_column_text][\/vc_column][vc_column width=&#8221;1\/4&#8243; offset=&#8221;vc_col-xs-4\/5&#8243;][media alignment=&#8221;center&#8221; animation=&#8221;none&#8221; image=&#8221;1940&#8243; width=&#8221;200&#8243;][vc_empty_space][vc_custom_heading text=&#8221;Julien Bajolet&#8221; font_container=&#8221;tag:h4|text_align:center|color:%23009ddf&#8221; use_theme_fonts=&#8221;yes&#8221;][vc_column_text]<\/p>\n<p style=\"text-align: center;\">AFPMA<\/p>\n<p style=\"text-align: center;\">Responsable p\u00f4le m\u00e9tallurgie<\/p>\n<p>[\/vc_column_text][\/vc_column][vc_column width=&#8221;1\/4&#8243; offset=&#8221;vc_col-xs-4\/5&#8243;][media alignment=&#8221;center&#8221; animation=&#8221;none&#8221; image=&#8221;445&#8243; width=&#8221;200&#8243;][vc_empty_space][vc_custom_heading text=&#8221;J\u00e9r\u00f4me Meyrand&#8221; font_container=&#8221;tag:h4|text_align:center|color:%23009ddf&#8221; use_theme_fonts=&#8221;yes&#8221;][vc_column_text]<\/p>\n<p style=\"text-align: center;\">Machines Production<\/p>\n<p style=\"text-align: center;\">R\u00e9dacteur en Chef<\/p>\n<p>[\/vc_column_text][\/vc_column][vc_column width=&#8221;1\/4&#8243; offset=&#8221;vc_col-xs-4\/5&#8243;][media alignment=&#8221;center&#8221; animation=&#8221;none&#8221; image=&#8221;446&#8243; width=&#8221;200&#8243;][vc_empty_space][vc_custom_heading text=&#8221;Patrick Cazier&#8221; font_container=&#8221;tag:h4|text_align:center|color:%23009ddf&#8221; use_theme_fonts=&#8221;yes&#8221;][vc_column_text]<\/p>\n<p style=\"text-align: center;\">Machines Production<\/p>\n<p style=\"text-align: center;\">R\u00e9dacteur<\/p>\n<p>[\/vc_column_text][\/vc_column][\/vc_row]<\/p>\n<\/section>","protected":false},"excerpt":{"rendered":"<p>[vc_row][vc_column][vc_video link=&#8221;https:\/\/youtu.be\/wIta9UamhkQ&#8221;][\/vc_column][\/vc_row][vc_row top_padding=&#8221;40&#8243;][vc_column offset=&#8221;vc_col-xs-4\/5&#8243;][vc_custom_heading text=&#8221;Se former \u00e0 l\u2019impression 3D&#8221; font_container=&#8221;tag:h1|font_size:60|text_align:left|color:%23009ddf|line_height:1&#8243; use_theme_fonts=&#8221;yes&#8221; css=&#8221;.vc_custom_1691049378586{padding-bottom: 5px !important;}&#8221;][vc_text_separator title=&#8221;&#8221; title_align=&#8221;separator_align_left&#8221; color=&#8221;custom&#8221; accent_color=&#8221;#009ddf&#8221;][\/vc_column][\/vc_row][vc_row equal_height=&#8221;yes&#8221; content_placement=&#8221;middle&#8221;][vc_column width=&#8221;1\/2&#8243;][vc_empty_space height=&#8221;30&#8243;][vc_column_text]Pour cette nouvelle \u00e9mission de Machines Production, nous nous sommes int\u00e9ress\u00e9s \u00e0 la formation aux technologies de la fabrication additive. L\u2019impression 3D fera son entr\u00e9e, pour la premi\u00e8re fois, dans les WorldSkills, en France. [&hellip;]<\/p>\n","protected":false},"author":3,"featured_media":1945,"parent":0,"menu_order":0,"comment_status":"closed","ping_status":"closed","template":"","meta":{"_monsterinsights_skip_tracking":false,"_monsterinsights_sitenote_active":false,"_monsterinsights_sitenote_note":"","_monsterinsights_sitenote_category":0,"footnotes":""},"wf_page_folders":[11],"class_list":["post-1936","page","type-page","status-publish","has-post-thumbnail","hentry"],"yoast_head":"<!-- This site is optimized with the Yoast SEO plugin v27.1.1 - https:\/\/yoast.com\/product\/yoast-seo-wordpress\/ -->\n<title>Se former \u00e0 l\u2019impression 3D - MP L&#039;\u00e9mission<\/title>\n<meta name=\"description\" content=\"D\u00e9couvrez notre \u00e9mission sur la formation \u00e0 l&#039;impression 3D et son introduction aux WorldSkills 2023. Explorez les comp\u00e9tences n\u00e9cessaires et l&#039;\u00e9volution de cette technologie.\" \/>\n<meta name=\"robots\" content=\"index, follow, max-snippet:-1, max-image-preview:large, max-video-preview:-1\" \/>\n<link rel=\"canonical\" href=\"https:\/\/www.machinesproduction.fr\/tv\/emission-20-impression-3d\/\" \/>\n<meta property=\"og:locale\" content=\"fr_FR\" \/>\n<meta property=\"og:type\" content=\"article\" \/>\n<meta property=\"og:title\" content=\"Se former \u00e0 l\u2019impression 3D - MP L&#039;\u00e9mission\" \/>\n<meta property=\"og:description\" content=\"D\u00e9couvrez notre \u00e9mission sur la formation \u00e0 l&#039;impression 3D et son introduction aux WorldSkills 2023. Explorez les comp\u00e9tences n\u00e9cessaires et l&#039;\u00e9volution de cette technologie.\" \/>\n<meta property=\"og:url\" content=\"https:\/\/www.machinesproduction.fr\/tv\/emission-20-impression-3d\/\" \/>\n<meta property=\"og:site_name\" content=\"Machines Production TV\" \/>\n<meta property=\"article:modified_time\" content=\"2023-08-03T10:16:14+00:00\" \/>\n<meta property=\"og:image\" content=\"https:\/\/www.machinesproduction.fr\/tv\/wp-content\/uploads\/2023\/08\/MPLE20.png\" \/>\n\t<meta property=\"og:image:width\" content=\"1280\" \/>\n\t<meta property=\"og:image:height\" content=\"720\" \/>\n\t<meta property=\"og:image:type\" content=\"image\/png\" \/>\n<meta name=\"twitter:card\" content=\"summary_large_image\" \/>\n<meta name=\"twitter:title\" content=\"Se former \u00e0 l\u2019impression 3D - MP L&#039;\u00e9mission\" \/>\n<meta name=\"twitter:description\" content=\"D\u00e9couvrez notre \u00e9mission sur la formation \u00e0 l&#039;impression 3D et son introduction aux WorldSkills 2023. Explorez les comp\u00e9tences n\u00e9cessaires et l&#039;\u00e9volution de cette technologie.\" \/>\n<meta name=\"twitter:image\" content=\"https:\/\/www.machinesproduction.fr\/tv\/wp-content\/uploads\/2023\/08\/MPLE20.png\" \/>\n<meta name=\"twitter:label1\" content=\"Dur\u00e9e de lecture estim\u00e9e\" \/>\n\t<meta name=\"twitter:data1\" content=\"7 minutes\" \/>\n<script type=\"application\/ld+json\" class=\"yoast-schema-graph\">{\"@context\":\"https:\/\/schema.org\",\"@graph\":[{\"@type\":\"WebPage\",\"@id\":\"https:\/\/www.machinesproduction.fr\/tv\/emission-20-impression-3d\/\",\"url\":\"https:\/\/www.machinesproduction.fr\/tv\/emission-20-impression-3d\/\",\"name\":\"Se former \u00e0 l\u2019impression 3D - MP L'\u00e9mission\",\"isPartOf\":{\"@id\":\"https:\/\/www.machinesproduction.fr\/tv\/#website\"},\"primaryImageOfPage\":{\"@id\":\"https:\/\/www.machinesproduction.fr\/tv\/emission-20-impression-3d\/#primaryimage\"},\"image\":{\"@id\":\"https:\/\/www.machinesproduction.fr\/tv\/emission-20-impression-3d\/#primaryimage\"},\"thumbnailUrl\":\"https:\/\/www.machinesproduction.fr\/tv\/wp-content\/uploads\/2023\/08\/MPLE20-carre\u0301.png\",\"datePublished\":\"2023-08-03T07:55:10+00:00\",\"dateModified\":\"2023-08-03T10:16:14+00:00\",\"description\":\"D\u00e9couvrez notre \u00e9mission sur la formation \u00e0 l'impression 3D et son introduction aux WorldSkills 2023. Explorez les comp\u00e9tences n\u00e9cessaires et l'\u00e9volution de cette technologie.\",\"breadcrumb\":{\"@id\":\"https:\/\/www.machinesproduction.fr\/tv\/emission-20-impression-3d\/#breadcrumb\"},\"inLanguage\":\"fr-FR\",\"potentialAction\":[{\"@type\":\"ReadAction\",\"target\":[\"https:\/\/www.machinesproduction.fr\/tv\/emission-20-impression-3d\/\"]}]},{\"@type\":\"ImageObject\",\"inLanguage\":\"fr-FR\",\"@id\":\"https:\/\/www.machinesproduction.fr\/tv\/emission-20-impression-3d\/#primaryimage\",\"url\":\"https:\/\/www.machinesproduction.fr\/tv\/wp-content\/uploads\/2023\/08\/MPLE20-carre\u0301.png\",\"contentUrl\":\"https:\/\/www.machinesproduction.fr\/tv\/wp-content\/uploads\/2023\/08\/MPLE20-carre\u0301.png\",\"width\":1080,\"height\":1080},{\"@type\":\"BreadcrumbList\",\"@id\":\"https:\/\/www.machinesproduction.fr\/tv\/emission-20-impression-3d\/#breadcrumb\",\"itemListElement\":[{\"@type\":\"ListItem\",\"position\":1,\"name\":\"Home\",\"item\":\"https:\/\/www.machinesproduction.fr\/tv\/\"},{\"@type\":\"ListItem\",\"position\":2,\"name\":\"Emission 20- Se Former \u00e0 l&#8217;impression 3D\"}]},{\"@type\":\"WebSite\",\"@id\":\"https:\/\/www.machinesproduction.fr\/tv\/#website\",\"url\":\"https:\/\/www.machinesproduction.fr\/tv\/\",\"name\":\"Machines Production TV\",\"description\":\"\",\"potentialAction\":[{\"@type\":\"SearchAction\",\"target\":{\"@type\":\"EntryPoint\",\"urlTemplate\":\"https:\/\/www.machinesproduction.fr\/tv\/?s={search_term_string}\"},\"query-input\":{\"@type\":\"PropertyValueSpecification\",\"valueRequired\":true,\"valueName\":\"search_term_string\"}}],\"inLanguage\":\"fr-FR\"}]}<\/script>\n<!-- \/ Yoast SEO plugin. -->","yoast_head_json":{"title":"Se former \u00e0 l\u2019impression 3D - MP L'\u00e9mission","description":"D\u00e9couvrez notre \u00e9mission sur la formation \u00e0 l'impression 3D et son introduction aux WorldSkills 2023. Explorez les comp\u00e9tences n\u00e9cessaires et l'\u00e9volution de cette technologie.","robots":{"index":"index","follow":"follow","max-snippet":"max-snippet:-1","max-image-preview":"max-image-preview:large","max-video-preview":"max-video-preview:-1"},"canonical":"https:\/\/www.machinesproduction.fr\/tv\/emission-20-impression-3d\/","og_locale":"fr_FR","og_type":"article","og_title":"Se former \u00e0 l\u2019impression 3D - MP L'\u00e9mission","og_description":"D\u00e9couvrez notre \u00e9mission sur la formation \u00e0 l'impression 3D et son introduction aux WorldSkills 2023. Explorez les comp\u00e9tences n\u00e9cessaires et l'\u00e9volution de cette technologie.","og_url":"https:\/\/www.machinesproduction.fr\/tv\/emission-20-impression-3d\/","og_site_name":"Machines Production TV","article_modified_time":"2023-08-03T10:16:14+00:00","og_image":[{"width":1280,"height":720,"url":"https:\/\/www.machinesproduction.fr\/tv\/wp-content\/uploads\/2023\/08\/MPLE20.png","type":"image\/png"}],"twitter_card":"summary_large_image","twitter_title":"Se former \u00e0 l\u2019impression 3D - MP L'\u00e9mission","twitter_description":"D\u00e9couvrez notre \u00e9mission sur la formation \u00e0 l'impression 3D et son introduction aux WorldSkills 2023. Explorez les comp\u00e9tences n\u00e9cessaires et l'\u00e9volution de cette technologie.","twitter_image":"https:\/\/www.machinesproduction.fr\/tv\/wp-content\/uploads\/2023\/08\/MPLE20.png","twitter_misc":{"Dur\u00e9e de lecture estim\u00e9e":"7 minutes"},"schema":{"@context":"https:\/\/schema.org","@graph":[{"@type":"WebPage","@id":"https:\/\/www.machinesproduction.fr\/tv\/emission-20-impression-3d\/","url":"https:\/\/www.machinesproduction.fr\/tv\/emission-20-impression-3d\/","name":"Se former \u00e0 l\u2019impression 3D - MP L'\u00e9mission","isPartOf":{"@id":"https:\/\/www.machinesproduction.fr\/tv\/#website"},"primaryImageOfPage":{"@id":"https:\/\/www.machinesproduction.fr\/tv\/emission-20-impression-3d\/#primaryimage"},"image":{"@id":"https:\/\/www.machinesproduction.fr\/tv\/emission-20-impression-3d\/#primaryimage"},"thumbnailUrl":"https:\/\/www.machinesproduction.fr\/tv\/wp-content\/uploads\/2023\/08\/MPLE20-carre\u0301.png","datePublished":"2023-08-03T07:55:10+00:00","dateModified":"2023-08-03T10:16:14+00:00","description":"D\u00e9couvrez notre \u00e9mission sur la formation \u00e0 l'impression 3D et son introduction aux WorldSkills 2023. Explorez les comp\u00e9tences n\u00e9cessaires et l'\u00e9volution de cette technologie.","breadcrumb":{"@id":"https:\/\/www.machinesproduction.fr\/tv\/emission-20-impression-3d\/#breadcrumb"},"inLanguage":"fr-FR","potentialAction":[{"@type":"ReadAction","target":["https:\/\/www.machinesproduction.fr\/tv\/emission-20-impression-3d\/"]}]},{"@type":"ImageObject","inLanguage":"fr-FR","@id":"https:\/\/www.machinesproduction.fr\/tv\/emission-20-impression-3d\/#primaryimage","url":"https:\/\/www.machinesproduction.fr\/tv\/wp-content\/uploads\/2023\/08\/MPLE20-carre\u0301.png","contentUrl":"https:\/\/www.machinesproduction.fr\/tv\/wp-content\/uploads\/2023\/08\/MPLE20-carre\u0301.png","width":1080,"height":1080},{"@type":"BreadcrumbList","@id":"https:\/\/www.machinesproduction.fr\/tv\/emission-20-impression-3d\/#breadcrumb","itemListElement":[{"@type":"ListItem","position":1,"name":"Home","item":"https:\/\/www.machinesproduction.fr\/tv\/"},{"@type":"ListItem","position":2,"name":"Emission 20- Se Former \u00e0 l&#8217;impression 3D"}]},{"@type":"WebSite","@id":"https:\/\/www.machinesproduction.fr\/tv\/#website","url":"https:\/\/www.machinesproduction.fr\/tv\/","name":"Machines Production TV","description":"","potentialAction":[{"@type":"SearchAction","target":{"@type":"EntryPoint","urlTemplate":"https:\/\/www.machinesproduction.fr\/tv\/?s={search_term_string}"},"query-input":{"@type":"PropertyValueSpecification","valueRequired":true,"valueName":"search_term_string"}}],"inLanguage":"fr-FR"}]}},"_links":{"self":[{"href":"https:\/\/www.machinesproduction.fr\/tv\/wp-json\/wp\/v2\/pages\/1936","targetHints":{"allow":["GET"]}}],"collection":[{"href":"https:\/\/www.machinesproduction.fr\/tv\/wp-json\/wp\/v2\/pages"}],"about":[{"href":"https:\/\/www.machinesproduction.fr\/tv\/wp-json\/wp\/v2\/types\/page"}],"author":[{"embeddable":true,"href":"https:\/\/www.machinesproduction.fr\/tv\/wp-json\/wp\/v2\/users\/3"}],"replies":[{"embeddable":true,"href":"https:\/\/www.machinesproduction.fr\/tv\/wp-json\/wp\/v2\/comments?post=1936"}],"version-history":[{"count":3,"href":"https:\/\/www.machinesproduction.fr\/tv\/wp-json\/wp\/v2\/pages\/1936\/revisions"}],"predecessor-version":[{"id":1946,"href":"https:\/\/www.machinesproduction.fr\/tv\/wp-json\/wp\/v2\/pages\/1936\/revisions\/1946"}],"wp:featuredmedia":[{"embeddable":true,"href":"https:\/\/www.machinesproduction.fr\/tv\/wp-json\/wp\/v2\/media\/1945"}],"wp:attachment":[{"href":"https:\/\/www.machinesproduction.fr\/tv\/wp-json\/wp\/v2\/media?parent=1936"}],"wp:term":[{"taxonomy":"wf_page_folders","embeddable":true,"href":"https:\/\/www.machinesproduction.fr\/tv\/wp-json\/wp\/v2\/wf_page_folders?post=1936"}],"curies":[{"name":"wp","href":"https:\/\/api.w.org\/{rel}","templated":true}]}}