{"id":1889,"date":"2023-06-07T21:11:13","date_gmt":"2023-06-07T20:11:13","guid":{"rendered":"https:\/\/www.machinesproduction.fr\/tv\/?page_id=1889"},"modified":"2023-06-07T22:03:05","modified_gmt":"2023-06-07T21:03:05","slug":"live-34-ephj-2023-la-robotique-haptique","status":"publish","type":"page","link":"https:\/\/www.machinesproduction.fr\/tv\/live-34-ephj-2023-la-robotique-haptique\/","title":{"rendered":"Live 34 &#8211; EPHJ 2023 La robotique Haptique"},"content":{"rendered":"<section class=\"wpb-content-wrapper\"><p>[vc_row equal_height=&#8221;yes&#8221; content_placement=&#8221;middle&#8221;][vc_column][vc_row_inner equal_height=&#8221;yes&#8221; content_placement=&#8221;middle&#8221;][vc_column_inner width=&#8221;1\/4&#8243; centered_cont_vertical=&#8221;true&#8221;][media image=&#8221;1872&#8243;][\/vc_column_inner][vc_column_inner width=&#8221;3\/4&#8243; centered_cont_vertical=&#8221;true&#8221;][vc_column_text]<\/p>\n<h1 data-wp-editing=\"1\"><span style=\"color: #009ddf;\">EPHJ 2023 : La Robotique Haptique<\/span><\/h1>\n<p>[\/vc_column_text][\/vc_column_inner][\/vc_row_inner][\/vc_column][\/vc_row][vc_row equal_height=&#8221;yes&#8221; content_placement=&#8221;middle&#8221;][vc_column][vc_empty_space height=&#8221;30px&#8221;][vc_video link=&#8221;https:\/\/youtu.be\/M8lQb316CiU&#8221;][vc_column_text]<\/p>\n<h2 class=\"LEMONDE\"><span style=\"color: #009ddf;\"><b>D\u00e9couvrez les \u00e9tonnantes applications de la robotique haptiques<\/b><\/span><\/h2>\n<p class=\"LEMONDE\">Machines Production TV est en direct de l\u2019EPHJ, le salon de la microm\u00e9canique de haute pr\u00e9cision, qui se tient \u00e0 Gen\u00e8ve du 6 au 9 juin. Nous avons rencontr\u00e9 <strong><span style=\"color: #009ddf;\">Fran\u00e7ois Conti, fondateur de l\u2019entreprise Force Dimension<\/span><\/strong>, sp\u00e9cialis\u00e9e \u00e0 Nyon (Suisse), dans la fabrication d\u2019appareils haptiques, des interfaces qui permettent \u00e0 un op\u00e9rateur d\u2019interagir avec un environnement r\u00e9el ou virtuel et de ressentir tactilement les forces d\u2019interaction.<\/p>\n<p class=\"LEMONDE\">\u00ab\u00a0Cette technologie est constitu\u00e9e d\u2019un appareil, sorte de super souris, et d\u2019un pr\u00e9henseur\u00a0\u00bb, d\u00e9crit Fran\u00e7ois Conti, au micro de Machines Production TV. Ainsi, avec les appareils haptiques de Force Dimension, l\u2019utilisateur pourra d\u00e9placer le pr\u00e9henseur dans l\u2019espace, cr\u00e9er des translations, des orientations et m\u00eame du grasping, c\u2019est-\u00e0-dire le r\u00e9flexe primitif pr\u00e9sent chez le nourrisson, qui se caract\u00e9rise par un r\u00e9flexe de pr\u00e9hension ou d\u2019agrippement.<\/p>\n<blockquote>\n<p class=\"LEMONDE\">Ces appareils sont \u00e9quip\u00e9s de micromoteurs de haute pr\u00e9cision. \u00ab\u00a0Vous allez ressentir une force entre l\u2019outil et la surface de l\u2019objet que vous examinez. Et ces forces, on les recr\u00e9e avec les moteurs mont\u00e9s dans l\u2019appareil\u00a0\u00bb, explique Fran\u00e7ois Conti, en manipulant l\u2019un des mod\u00e8les d\u00e9velopp\u00e9s par cette entreprise fond\u00e9e en 2001 en tant que spin-off de l\u2019Ecole polytechnique f\u00e9d\u00e9rale de Lausanne (EPFL).<\/p>\n<\/blockquote>\n<p class=\"LEMONDE\">En dehors d\u2019une utilisation dans la robotique industrielle, il existe des applications plus \u00e9tonnantes des appareils de Force Dimension. Ils sont employ\u00e9s en m\u00e9decine afin d\u2019augmenter la dext\u00e9rit\u00e9 des chirurgiens \u00ab\u00a0On va \u00e0 l\u2019int\u00e9rieur du corps humain avec des outils sp\u00e9cialement con\u00e7us pour passer par de petits orifices, et gr\u00e2ce \u00e0 des capteurs mont\u00e9s aux extr\u00e9mit\u00e9s des robots, on va mesurer ces forces, les amplifier et les restituer dans les mains du chirurgien\u00a0\u00bb, d\u00e9crit Fran\u00e7ois Conti.<\/p>\n<p class=\"LEMONDE\">A bord de la station spatiale internationale, les astronautes de l\u2019ESA et de la NASA utilisent, depuis 2019, une interface haptique d\u00e9velopp\u00e9e par Force Dimension afin de piloter divers syst\u00e8mes robotiques destin\u00e9s aux futures missions lunaires. \u00ab\u00a0Les astronautes peuvent prendre contr\u00f4le de robots \u00e0 l\u2019ext\u00e9rieur de la station, sur Terre, mais bient\u00f4t sur la Lune, afin de manipuler des objets, des pierres \u00e0 distance\u00a0\u00bb, souligne le fondateur de Force Dimension, qui expose plusieurs gammes de ses appareils haptiques sur son stand, au salon EPHJ.<\/p>\n<p>[\/vc_column_text][\/vc_column][\/vc_row][vc_row][vc_column][\/vc_column][\/vc_row]<\/p>\n<\/section>","protected":false},"excerpt":{"rendered":"<p>[vc_row equal_height=&#8221;yes&#8221; content_placement=&#8221;middle&#8221;][vc_column][vc_row_inner equal_height=&#8221;yes&#8221; content_placement=&#8221;middle&#8221;][vc_column_inner width=&#8221;1\/4&#8243; centered_cont_vertical=&#8221;true&#8221;][media image=&#8221;1872&#8243;][\/vc_column_inner][vc_column_inner width=&#8221;3\/4&#8243; centered_cont_vertical=&#8221;true&#8221;][vc_column_text] EPHJ 2023 : La Robotique Haptique [\/vc_column_text][\/vc_column_inner][\/vc_row_inner][\/vc_column][\/vc_row][vc_row equal_height=&#8221;yes&#8221; content_placement=&#8221;middle&#8221;][vc_column][vc_empty_space height=&#8221;30px&#8221;][vc_video link=&#8221;https:\/\/youtu.be\/M8lQb316CiU&#8221;][vc_column_text] D\u00e9couvrez les \u00e9tonnantes applications de la robotique haptiques Machines Production TV est en direct de l\u2019EPHJ, le salon de la microm\u00e9canique de haute pr\u00e9cision, qui se tient \u00e0 Gen\u00e8ve du 6 au 9 juin. [&hellip;]<\/p>\n","protected":false},"author":3,"featured_media":0,"parent":0,"menu_order":0,"comment_status":"closed","ping_status":"closed","template":"","meta":{"_monsterinsights_skip_tracking":false,"_monsterinsights_sitenote_active":false,"_monsterinsights_sitenote_note":"","_monsterinsights_sitenote_category":0,"footnotes":""},"wf_page_folders":[13],"class_list":["post-1889","page","type-page","status-publish","hentry"],"yoast_head":"<!-- This site is optimized with the Yoast SEO plugin v27.1.1 - https:\/\/yoast.com\/product\/yoast-seo-wordpress\/ -->\n<title>MP LIVE ! En direct du salon EPHJ \u00e0 Gen\u00e8ve : La Robotique Haptiques<\/title>\n<meta name=\"description\" content=\"En direct du salon EPHJ 2023 du 6 au 9 juin \u00e0 Palexpo, Gen\u00e8ve. Retrouvez l&#039;interview de Fran\u00e7ois Conti, fondateur de l\u2019entreprise Force Dimension, sp\u00e9cialiste de la robotique Haptique\" \/>\n<meta name=\"robots\" content=\"index, follow, max-snippet:-1, max-image-preview:large, max-video-preview:-1\" \/>\n<link rel=\"canonical\" href=\"https:\/\/www.machinesproduction.fr\/tv\/live-34-ephj-2023-la-robotique-haptique\/\" \/>\n<meta property=\"og:locale\" content=\"fr_FR\" \/>\n<meta property=\"og:type\" content=\"article\" \/>\n<meta property=\"og:title\" content=\"MP LIVE ! En direct du salon EPHJ \u00e0 Gen\u00e8ve : La Robotique Haptiques\" \/>\n<meta property=\"og:description\" content=\"En direct du salon EPHJ 2023 du 6 au 9 juin \u00e0 Palexpo, Gen\u00e8ve. Retrouvez l&#039;interview de Fran\u00e7ois Conti, fondateur de l\u2019entreprise Force Dimension, sp\u00e9cialiste de la robotique Haptique\" \/>\n<meta property=\"og:url\" content=\"https:\/\/www.machinesproduction.fr\/tv\/live-34-ephj-2023-la-robotique-haptique\/\" \/>\n<meta property=\"og:site_name\" content=\"Machines Production TV\" \/>\n<meta property=\"article:modified_time\" content=\"2023-06-07T21:03:05+00:00\" \/>\n<meta property=\"og:image\" content=\"https:\/\/www.machinesproduction.fr\/tv\/wp-content\/uploads\/2023\/06\/Live-EPHJ-Force-Dimension.jpg\" \/>\n\t<meta property=\"og:image:width\" content=\"1280\" \/>\n\t<meta property=\"og:image:height\" content=\"720\" \/>\n\t<meta property=\"og:image:type\" content=\"image\/jpeg\" \/>\n<meta name=\"twitter:card\" content=\"summary_large_image\" \/>\n<meta name=\"twitter:title\" content=\"MP LIVE ! En direct du salon EPHJ \u00e0 Gen\u00e8ve : La Robotique Haptiques\" \/>\n<meta name=\"twitter:description\" content=\"En direct du salon EPHJ 2023 du 6 au 9 juin \u00e0 Palexpo, Gen\u00e8ve. Retrouvez l&#039;interview de Fran\u00e7ois Conti, fondateur de l\u2019entreprise Force Dimension, sp\u00e9cialiste de la robotique Haptique\" \/>\n<meta name=\"twitter:image\" content=\"https:\/\/www.machinesproduction.fr\/tv\/wp-content\/uploads\/2023\/06\/Live-EPHJ-Force-Dimension.jpg\" \/>\n<meta name=\"twitter:label1\" content=\"Dur\u00e9e de lecture estim\u00e9e\" \/>\n\t<meta name=\"twitter:data1\" content=\"3 minutes\" \/>\n<script type=\"application\/ld+json\" class=\"yoast-schema-graph\">{\"@context\":\"https:\/\/schema.org\",\"@graph\":[{\"@type\":\"WebPage\",\"@id\":\"https:\/\/www.machinesproduction.fr\/tv\/live-34-ephj-2023-la-robotique-haptique\/\",\"url\":\"https:\/\/www.machinesproduction.fr\/tv\/live-34-ephj-2023-la-robotique-haptique\/\",\"name\":\"MP LIVE ! En direct du salon EPHJ \u00e0 Gen\u00e8ve : La Robotique Haptiques\",\"isPartOf\":{\"@id\":\"https:\/\/www.machinesproduction.fr\/tv\/#website\"},\"datePublished\":\"2023-06-07T20:11:13+00:00\",\"dateModified\":\"2023-06-07T21:03:05+00:00\",\"description\":\"En direct du salon EPHJ 2023 du 6 au 9 juin \u00e0 Palexpo, Gen\u00e8ve. Retrouvez l'interview de Fran\u00e7ois Conti, fondateur de l\u2019entreprise Force Dimension, sp\u00e9cialiste de la robotique Haptique\",\"breadcrumb\":{\"@id\":\"https:\/\/www.machinesproduction.fr\/tv\/live-34-ephj-2023-la-robotique-haptique\/#breadcrumb\"},\"inLanguage\":\"fr-FR\",\"potentialAction\":[{\"@type\":\"ReadAction\",\"target\":[\"https:\/\/www.machinesproduction.fr\/tv\/live-34-ephj-2023-la-robotique-haptique\/\"]}]},{\"@type\":\"BreadcrumbList\",\"@id\":\"https:\/\/www.machinesproduction.fr\/tv\/live-34-ephj-2023-la-robotique-haptique\/#breadcrumb\",\"itemListElement\":[{\"@type\":\"ListItem\",\"position\":1,\"name\":\"Home\",\"item\":\"https:\/\/www.machinesproduction.fr\/tv\/\"},{\"@type\":\"ListItem\",\"position\":2,\"name\":\"Live 34 &#8211; EPHJ 2023 La robotique Haptique\"}]},{\"@type\":\"WebSite\",\"@id\":\"https:\/\/www.machinesproduction.fr\/tv\/#website\",\"url\":\"https:\/\/www.machinesproduction.fr\/tv\/\",\"name\":\"Machines Production TV\",\"description\":\"\",\"potentialAction\":[{\"@type\":\"SearchAction\",\"target\":{\"@type\":\"EntryPoint\",\"urlTemplate\":\"https:\/\/www.machinesproduction.fr\/tv\/?s={search_term_string}\"},\"query-input\":{\"@type\":\"PropertyValueSpecification\",\"valueRequired\":true,\"valueName\":\"search_term_string\"}}],\"inLanguage\":\"fr-FR\"}]}<\/script>\n<!-- \/ Yoast SEO plugin. -->","yoast_head_json":{"title":"MP LIVE ! En direct du salon EPHJ \u00e0 Gen\u00e8ve : La Robotique Haptiques","description":"En direct du salon EPHJ 2023 du 6 au 9 juin \u00e0 Palexpo, Gen\u00e8ve. Retrouvez l'interview de Fran\u00e7ois Conti, fondateur de l\u2019entreprise Force Dimension, sp\u00e9cialiste de la robotique Haptique","robots":{"index":"index","follow":"follow","max-snippet":"max-snippet:-1","max-image-preview":"max-image-preview:large","max-video-preview":"max-video-preview:-1"},"canonical":"https:\/\/www.machinesproduction.fr\/tv\/live-34-ephj-2023-la-robotique-haptique\/","og_locale":"fr_FR","og_type":"article","og_title":"MP LIVE ! En direct du salon EPHJ \u00e0 Gen\u00e8ve : La Robotique Haptiques","og_description":"En direct du salon EPHJ 2023 du 6 au 9 juin \u00e0 Palexpo, Gen\u00e8ve. Retrouvez l'interview de Fran\u00e7ois Conti, fondateur de l\u2019entreprise Force Dimension, sp\u00e9cialiste de la robotique Haptique","og_url":"https:\/\/www.machinesproduction.fr\/tv\/live-34-ephj-2023-la-robotique-haptique\/","og_site_name":"Machines Production TV","article_modified_time":"2023-06-07T21:03:05+00:00","og_image":[{"width":1280,"height":720,"url":"https:\/\/www.machinesproduction.fr\/tv\/wp-content\/uploads\/2023\/06\/Live-EPHJ-Force-Dimension.jpg","type":"image\/jpeg"}],"twitter_card":"summary_large_image","twitter_title":"MP LIVE ! En direct du salon EPHJ \u00e0 Gen\u00e8ve : La Robotique Haptiques","twitter_description":"En direct du salon EPHJ 2023 du 6 au 9 juin \u00e0 Palexpo, Gen\u00e8ve. Retrouvez l'interview de Fran\u00e7ois Conti, fondateur de l\u2019entreprise Force Dimension, sp\u00e9cialiste de la robotique Haptique","twitter_image":"https:\/\/www.machinesproduction.fr\/tv\/wp-content\/uploads\/2023\/06\/Live-EPHJ-Force-Dimension.jpg","twitter_misc":{"Dur\u00e9e de lecture estim\u00e9e":"3 minutes"},"schema":{"@context":"https:\/\/schema.org","@graph":[{"@type":"WebPage","@id":"https:\/\/www.machinesproduction.fr\/tv\/live-34-ephj-2023-la-robotique-haptique\/","url":"https:\/\/www.machinesproduction.fr\/tv\/live-34-ephj-2023-la-robotique-haptique\/","name":"MP LIVE ! En direct du salon EPHJ \u00e0 Gen\u00e8ve : La Robotique Haptiques","isPartOf":{"@id":"https:\/\/www.machinesproduction.fr\/tv\/#website"},"datePublished":"2023-06-07T20:11:13+00:00","dateModified":"2023-06-07T21:03:05+00:00","description":"En direct du salon EPHJ 2023 du 6 au 9 juin \u00e0 Palexpo, Gen\u00e8ve. Retrouvez l'interview de Fran\u00e7ois Conti, fondateur de l\u2019entreprise Force Dimension, sp\u00e9cialiste de la robotique Haptique","breadcrumb":{"@id":"https:\/\/www.machinesproduction.fr\/tv\/live-34-ephj-2023-la-robotique-haptique\/#breadcrumb"},"inLanguage":"fr-FR","potentialAction":[{"@type":"ReadAction","target":["https:\/\/www.machinesproduction.fr\/tv\/live-34-ephj-2023-la-robotique-haptique\/"]}]},{"@type":"BreadcrumbList","@id":"https:\/\/www.machinesproduction.fr\/tv\/live-34-ephj-2023-la-robotique-haptique\/#breadcrumb","itemListElement":[{"@type":"ListItem","position":1,"name":"Home","item":"https:\/\/www.machinesproduction.fr\/tv\/"},{"@type":"ListItem","position":2,"name":"Live 34 &#8211; EPHJ 2023 La robotique Haptique"}]},{"@type":"WebSite","@id":"https:\/\/www.machinesproduction.fr\/tv\/#website","url":"https:\/\/www.machinesproduction.fr\/tv\/","name":"Machines Production TV","description":"","potentialAction":[{"@type":"SearchAction","target":{"@type":"EntryPoint","urlTemplate":"https:\/\/www.machinesproduction.fr\/tv\/?s={search_term_string}"},"query-input":{"@type":"PropertyValueSpecification","valueRequired":true,"valueName":"search_term_string"}}],"inLanguage":"fr-FR"}]}},"_links":{"self":[{"href":"https:\/\/www.machinesproduction.fr\/tv\/wp-json\/wp\/v2\/pages\/1889","targetHints":{"allow":["GET"]}}],"collection":[{"href":"https:\/\/www.machinesproduction.fr\/tv\/wp-json\/wp\/v2\/pages"}],"about":[{"href":"https:\/\/www.machinesproduction.fr\/tv\/wp-json\/wp\/v2\/types\/page"}],"author":[{"embeddable":true,"href":"https:\/\/www.machinesproduction.fr\/tv\/wp-json\/wp\/v2\/users\/3"}],"replies":[{"embeddable":true,"href":"https:\/\/www.machinesproduction.fr\/tv\/wp-json\/wp\/v2\/comments?post=1889"}],"version-history":[{"count":4,"href":"https:\/\/www.machinesproduction.fr\/tv\/wp-json\/wp\/v2\/pages\/1889\/revisions"}],"predecessor-version":[{"id":1897,"href":"https:\/\/www.machinesproduction.fr\/tv\/wp-json\/wp\/v2\/pages\/1889\/revisions\/1897"}],"wp:attachment":[{"href":"https:\/\/www.machinesproduction.fr\/tv\/wp-json\/wp\/v2\/media?parent=1889"}],"wp:term":[{"taxonomy":"wf_page_folders","embeddable":true,"href":"https:\/\/www.machinesproduction.fr\/tv\/wp-json\/wp\/v2\/wf_page_folders?post=1889"}],"curies":[{"name":"wp","href":"https:\/\/api.w.org\/{rel}","templated":true}]}}