{"id":1870,"date":"2023-05-31T22:03:21","date_gmt":"2023-05-31T21:03:21","guid":{"rendered":"https:\/\/www.machinesproduction.fr\/tv\/?page_id=1870"},"modified":"2023-06-05T13:17:08","modified_gmt":"2023-06-05T12:17:08","slug":"live-32-ephj-2023-teaser","status":"publish","type":"page","link":"https:\/\/www.machinesproduction.fr\/tv\/live-32-ephj-2023-teaser\/","title":{"rendered":"Live 32 &#8211; EPHJ 2023 Teaser"},"content":{"rendered":"<section class=\"wpb-content-wrapper\"><p>[vc_row equal_height=&#8221;yes&#8221; content_placement=&#8221;middle&#8221;][vc_column][vc_row_inner equal_height=&#8221;yes&#8221; content_placement=&#8221;middle&#8221;][vc_column_inner width=&#8221;1\/4&#8243; centered_cont_vertical=&#8221;true&#8221;][media image=&#8221;1872&#8243;][\/vc_column_inner][vc_column_inner width=&#8221;3\/4&#8243; centered_cont_vertical=&#8221;true&#8221;][vc_column_text]<\/p>\n<h1 data-wp-editing=\"1\"><span style=\"color: #009ddf;\">EPHJ 2023 : &#8220;Un beau moment de convivialit\u00e9&#8221;<\/span><\/h1>\n<p>[\/vc_column_text][\/vc_column_inner][\/vc_row_inner][\/vc_column][\/vc_row][vc_row equal_height=&#8221;yes&#8221; content_placement=&#8221;middle&#8221;][vc_column][vc_empty_space height=&#8221;30px&#8221;][vc_column_text]<\/p>\n<p class=\"LEMONDE\"><b>Alexandre Catton, le directeur du salon des professionnels de l\u2019industrie de la microm\u00e9canique de haute pr\u00e9cision, nous d\u00e9voile les moments forts de cette \u00e9dition. L\u2019EPHJ se tiendra du 6 au 9 juin \u00e0 Palexpo, aux portes de Gen\u00e8ve (Suisse).<\/b><\/p>\n<p>[\/vc_column_text][vc_video link=&#8221;https:\/\/youtu.be\/3j9ErG1sTks&#8221;][button title=&#8221;INSCRIPTION AU SALON&#8221; link=&#8221;https:\/\/ephj.ch\/visiteurs\/#inscription&#8221; icon=&#8221;steadysets-icon-calendar&#8221; align=&#8221;center&#8221;][vc_column_text]<\/p>\n<p class=\"LEMONDE\">Le monde de la haute pr\u00e9cision a rendez-vous \u00e0 Gen\u00e8ve du 6 au 9 juin. C\u2019est \u00e0 Palexpo, \u00e0 deux pas de l\u2019a\u00e9roport de Gen\u00e8ve, que se d\u00e9roulera le salon EPHJ, qui rassemble, chaque ann\u00e9e, les professionnels de l\u2019industrie et de l\u2019artisanat de haute pr\u00e9cision, qu\u2019ils travaillent pour l\u2019horlogerie-joaillerie, dans les microtechnologies ou les medtech.<\/p>\n<p class=\"LEMONDE\">Chaque ann\u00e9e, c\u2019est la remise du troph\u00e9e du Grand Prix des exposants qui viendra inaugurer ce premier jour du salon. Six projets ont \u00e9t\u00e9 s\u00e9lectionn\u00e9s par un jury et ce sont les exposants, qui, ensuite, nommeront le laur\u00e9at. Un prix qui r\u00e9compense les candidats jug\u00e9s par leurs pairs, d\u2019une certaine mani\u00e8re.<\/p>\n<h2 class=\"LEMONDE\"><span style=\"color: #009ddf;\"><b>Des tables rondes pour aborder des sujets d\u2019actualit\u00e9<\/b><\/span><\/h2>\n<p class=\"LEMONDE\">Beaucoup de tables rondes seront programm\u00e9es tout au long de ces quatre jours, \u00ab\u00a0dans lesquelles nous allons aborder \u00e9norm\u00e9ment de sujets d\u2019actualit\u00e9 importants, comme les \u00e9conomies d\u2019\u00e9nergie, mais aussi les questions sur la succession des entreprises et la transmission des savoir-faire \u00bb, confie Alexandre Catton. L\u2019innovation sera au c\u0153ur de l\u2019\u00e9v\u00e9nement, avec par exemple, la robotique haptique, \u00ab\u00a0qui propose plein d\u2019opportunit\u00e9s\u00a0\u00bb, assure le directeur du salon.<\/p>\n<p class=\"LEMONDE\">Alors que les entreprises de m\u00e9canique peinent \u00e0 trouver des profils de techniciens, toujours tr\u00e8s recherch\u00e9s des deux c\u00f4t\u00e9s de la fronti\u00e8re, le salon se devait d\u2019apporter des r\u00e9ponses \u00e0 cette question complexe. \u00ab\u00a0C\u2019est difficile pour les entreprises qui peinent \u00e0 trouver des \u00e9quipes dans certains domaines\u00a0\u00bb, reconna\u00eet Alexandre Catton. Durant la journ\u00e9e de vendredi, des s\u00e9ances de recrutement seront organis\u00e9es pour les entreprises pr\u00e9sentes sur le salon.<\/p>\n<h2 class=\"LEMONDE\"><span style=\"color: #009ddf;\"><b>Application mobile\u00a0: un catalogue qui tient dans la poche<\/b><\/span><\/h2>\n<p class=\"LEMONDE\">C\u2019est une application mobile que les organisateurs ont mis en place pour les visiteurs, de mani\u00e8re \u00e0 ce qu\u2019ils puissent \u00ab avoir le catalogue du salon dans la poche \u00bb, explique M. Catton. Et ainsi identifier facilement et rapidement les entreprises exposantes. Une applique qui restera \u00e9galement utile en dehors du salon, note le directeur.<\/p>\n<blockquote>\n<p class=\"LEMONDE\">\u00ab Car nous souhaitons \u00e9galement offrir une vitrine aux entreprises pr\u00e9sentes sur le salon, de fa\u00e7on \u00e0 ce qu\u2019elles puissent \u00eatre trouv\u00e9es tout au long de l\u2019ann\u00e9e par des clients potentiels, pour des relations d\u2019affaires et travailler sur des projets \u00bb.<\/p>\n<\/blockquote>\n<p class=\"LEMONDE\">L\u2019application permet de \u00ab\u00a0rechercher un partenaire ou un fournisseur, par mots cl\u00e9s au travers des descriptifs des entreprises en trois langues\u00a0\u00bb, poursuit Alexandre Catton, qui souhaite aux exposants comme aux visiteurs, \u00ab\u00a0qu\u2019ils fassent avant tout des affaires et de bonnes affaires\u00a0\u00bb, ajoutant \u00ab\u00a0parce que l&#8217;un ne va pas sans l&#8217;autre, de belles rencontres et un beau moment de convivialit\u00e9\u00a0\u00bb.<\/p>\n<p>[\/vc_column_text][\/vc_column][\/vc_row][vc_row][vc_column][\/vc_column][\/vc_row]<\/p>\n<\/section>","protected":false},"excerpt":{"rendered":"<p>[vc_row equal_height=&#8221;yes&#8221; content_placement=&#8221;middle&#8221;][vc_column][vc_row_inner equal_height=&#8221;yes&#8221; content_placement=&#8221;middle&#8221;][vc_column_inner width=&#8221;1\/4&#8243; centered_cont_vertical=&#8221;true&#8221;][media image=&#8221;1872&#8243;][\/vc_column_inner][vc_column_inner width=&#8221;3\/4&#8243; centered_cont_vertical=&#8221;true&#8221;][vc_column_text] EPHJ 2023 : &#8220;Un beau moment de convivialit\u00e9&#8221; [\/vc_column_text][\/vc_column_inner][\/vc_row_inner][\/vc_column][\/vc_row][vc_row equal_height=&#8221;yes&#8221; content_placement=&#8221;middle&#8221;][vc_column][vc_empty_space height=&#8221;30px&#8221;][vc_column_text] Alexandre Catton, le directeur du salon des professionnels de l\u2019industrie de la microm\u00e9canique de haute pr\u00e9cision, nous d\u00e9voile les moments forts de cette \u00e9dition. L\u2019EPHJ se tiendra du 6 au 9 juin \u00e0 [&hellip;]<\/p>\n","protected":false},"author":3,"featured_media":0,"parent":0,"menu_order":0,"comment_status":"closed","ping_status":"closed","template":"","meta":{"_monsterinsights_skip_tracking":false,"_monsterinsights_sitenote_active":false,"_monsterinsights_sitenote_note":"","_monsterinsights_sitenote_category":0,"footnotes":""},"wf_page_folders":[13],"class_list":["post-1870","page","type-page","status-publish","hentry"],"yoast_head":"<!-- This site is optimized with the Yoast SEO plugin v27.1.1 - https:\/\/yoast.com\/product\/yoast-seo-wordpress\/ -->\n<title>EPHJ 2023 \u00e0 Gen\u00e8ve: Interview du directeur du Salon de la Microm\u00e9canique Haute Pr\u00e9cision<\/title>\n<meta name=\"description\" content=\"D\u00e9couvrez l&#039;EPHJ 2023 du 6 au 9 juin \u00e0 Palexpo, Gen\u00e8ve. Joignez-vous aux professionnels de la microm\u00e9canique de haute pr\u00e9cision pour un m\u00e9lange d&#039;innovation, de d\u00e9bats d&#039;actualit\u00e9, et de convivialit\u00e9.\" \/>\n<meta name=\"robots\" content=\"index, follow, max-snippet:-1, max-image-preview:large, max-video-preview:-1\" \/>\n<link rel=\"canonical\" href=\"https:\/\/www.machinesproduction.fr\/tv\/live-32-ephj-2023-teaser\/\" \/>\n<meta property=\"og:locale\" content=\"fr_FR\" \/>\n<meta property=\"og:type\" content=\"article\" \/>\n<meta property=\"og:title\" content=\"EPHJ 2023 \u00e0 Gen\u00e8ve: Interview du directeur du Salon de la Microm\u00e9canique Haute Pr\u00e9cision\" \/>\n<meta property=\"og:description\" content=\"Tout savoir sur l&#039;EPHJ 2023 du 6 au 9 juin \u00e0 Palexpo, Gen\u00e8ve. Joignez-vous aux professionnels de la microm\u00e9canique de haute pr\u00e9cision pour un m\u00e9lange d&#039;innovation, de d\u00e9bats d&#039;actualit\u00e9, et de convivialit\u00e9.\" \/>\n<meta property=\"og:url\" content=\"https:\/\/www.machinesproduction.fr\/tv\/live-32-ephj-2023-teaser\/\" \/>\n<meta property=\"og:site_name\" content=\"Machines Production TV\" \/>\n<meta property=\"article:modified_time\" content=\"2023-06-05T12:17:08+00:00\" \/>\n<meta property=\"og:image\" content=\"https:\/\/www.machinesproduction.fr\/tv\/wp-content\/uploads\/2023\/05\/Live-EPHJ-Alexandre-Catton.jpg\" \/>\n\t<meta property=\"og:image:width\" content=\"1280\" \/>\n\t<meta property=\"og:image:height\" content=\"720\" \/>\n\t<meta property=\"og:image:type\" content=\"image\/jpeg\" \/>\n<meta name=\"twitter:card\" content=\"summary_large_image\" \/>\n<meta name=\"twitter:title\" content=\"EPHJ 2023 \u00e0 Gen\u00e8ve: Interview du directeur du Salon de la Microm\u00e9canique Haute Pr\u00e9cision\" \/>\n<meta name=\"twitter:description\" content=\"Tout savoir sur l&#039;EPHJ 2023 du 6 au 9 juin \u00e0 Palexpo, Gen\u00e8ve. Joignez-vous aux professionnels de la microm\u00e9canique de haute pr\u00e9cision pour un m\u00e9lange d&#039;innovation, de d\u00e9bats d&#039;actualit\u00e9, et de convivialit\u00e9.\" \/>\n<meta name=\"twitter:image\" content=\"https:\/\/www.machinesproduction.fr\/tv\/wp-content\/uploads\/2023\/05\/Live-EPHJ-Alexandre-Catton.jpg\" \/>\n<meta name=\"twitter:label1\" content=\"Dur\u00e9e de lecture estim\u00e9e\" \/>\n\t<meta name=\"twitter:data1\" content=\"3 minutes\" \/>\n<script type=\"application\/ld+json\" class=\"yoast-schema-graph\">{\"@context\":\"https:\/\/schema.org\",\"@graph\":[{\"@type\":\"WebPage\",\"@id\":\"https:\/\/www.machinesproduction.fr\/tv\/live-32-ephj-2023-teaser\/\",\"url\":\"https:\/\/www.machinesproduction.fr\/tv\/live-32-ephj-2023-teaser\/\",\"name\":\"EPHJ 2023 \u00e0 Gen\u00e8ve: Interview du directeur du Salon de la Microm\u00e9canique Haute Pr\u00e9cision\",\"isPartOf\":{\"@id\":\"https:\/\/www.machinesproduction.fr\/tv\/#website\"},\"datePublished\":\"2023-05-31T21:03:21+00:00\",\"dateModified\":\"2023-06-05T12:17:08+00:00\",\"description\":\"D\u00e9couvrez l'EPHJ 2023 du 6 au 9 juin \u00e0 Palexpo, Gen\u00e8ve. Joignez-vous aux professionnels de la microm\u00e9canique de haute pr\u00e9cision pour un m\u00e9lange d'innovation, de d\u00e9bats d'actualit\u00e9, et de convivialit\u00e9.\",\"breadcrumb\":{\"@id\":\"https:\/\/www.machinesproduction.fr\/tv\/live-32-ephj-2023-teaser\/#breadcrumb\"},\"inLanguage\":\"fr-FR\",\"potentialAction\":[{\"@type\":\"ReadAction\",\"target\":[\"https:\/\/www.machinesproduction.fr\/tv\/live-32-ephj-2023-teaser\/\"]}]},{\"@type\":\"BreadcrumbList\",\"@id\":\"https:\/\/www.machinesproduction.fr\/tv\/live-32-ephj-2023-teaser\/#breadcrumb\",\"itemListElement\":[{\"@type\":\"ListItem\",\"position\":1,\"name\":\"Home\",\"item\":\"https:\/\/www.machinesproduction.fr\/tv\/\"},{\"@type\":\"ListItem\",\"position\":2,\"name\":\"Live 32 &#8211; EPHJ 2023 Teaser\"}]},{\"@type\":\"WebSite\",\"@id\":\"https:\/\/www.machinesproduction.fr\/tv\/#website\",\"url\":\"https:\/\/www.machinesproduction.fr\/tv\/\",\"name\":\"Machines Production TV\",\"description\":\"\",\"potentialAction\":[{\"@type\":\"SearchAction\",\"target\":{\"@type\":\"EntryPoint\",\"urlTemplate\":\"https:\/\/www.machinesproduction.fr\/tv\/?s={search_term_string}\"},\"query-input\":{\"@type\":\"PropertyValueSpecification\",\"valueRequired\":true,\"valueName\":\"search_term_string\"}}],\"inLanguage\":\"fr-FR\"}]}<\/script>\n<!-- \/ Yoast SEO plugin. -->","yoast_head_json":{"title":"EPHJ 2023 \u00e0 Gen\u00e8ve: Interview du directeur du Salon de la Microm\u00e9canique Haute Pr\u00e9cision","description":"D\u00e9couvrez l'EPHJ 2023 du 6 au 9 juin \u00e0 Palexpo, Gen\u00e8ve. Joignez-vous aux professionnels de la microm\u00e9canique de haute pr\u00e9cision pour un m\u00e9lange d'innovation, de d\u00e9bats d'actualit\u00e9, et de convivialit\u00e9.","robots":{"index":"index","follow":"follow","max-snippet":"max-snippet:-1","max-image-preview":"max-image-preview:large","max-video-preview":"max-video-preview:-1"},"canonical":"https:\/\/www.machinesproduction.fr\/tv\/live-32-ephj-2023-teaser\/","og_locale":"fr_FR","og_type":"article","og_title":"EPHJ 2023 \u00e0 Gen\u00e8ve: Interview du directeur du Salon de la Microm\u00e9canique Haute Pr\u00e9cision","og_description":"Tout savoir sur l'EPHJ 2023 du 6 au 9 juin \u00e0 Palexpo, Gen\u00e8ve. Joignez-vous aux professionnels de la microm\u00e9canique de haute pr\u00e9cision pour un m\u00e9lange d'innovation, de d\u00e9bats d'actualit\u00e9, et de convivialit\u00e9.","og_url":"https:\/\/www.machinesproduction.fr\/tv\/live-32-ephj-2023-teaser\/","og_site_name":"Machines Production TV","article_modified_time":"2023-06-05T12:17:08+00:00","og_image":[{"width":1280,"height":720,"url":"https:\/\/www.machinesproduction.fr\/tv\/wp-content\/uploads\/2023\/05\/Live-EPHJ-Alexandre-Catton.jpg","type":"image\/jpeg"}],"twitter_card":"summary_large_image","twitter_title":"EPHJ 2023 \u00e0 Gen\u00e8ve: Interview du directeur du Salon de la Microm\u00e9canique Haute Pr\u00e9cision","twitter_description":"Tout savoir sur l'EPHJ 2023 du 6 au 9 juin \u00e0 Palexpo, Gen\u00e8ve. Joignez-vous aux professionnels de la microm\u00e9canique de haute pr\u00e9cision pour un m\u00e9lange d'innovation, de d\u00e9bats d'actualit\u00e9, et de convivialit\u00e9.","twitter_image":"https:\/\/www.machinesproduction.fr\/tv\/wp-content\/uploads\/2023\/05\/Live-EPHJ-Alexandre-Catton.jpg","twitter_misc":{"Dur\u00e9e de lecture estim\u00e9e":"3 minutes"},"schema":{"@context":"https:\/\/schema.org","@graph":[{"@type":"WebPage","@id":"https:\/\/www.machinesproduction.fr\/tv\/live-32-ephj-2023-teaser\/","url":"https:\/\/www.machinesproduction.fr\/tv\/live-32-ephj-2023-teaser\/","name":"EPHJ 2023 \u00e0 Gen\u00e8ve: Interview du directeur du Salon de la Microm\u00e9canique Haute Pr\u00e9cision","isPartOf":{"@id":"https:\/\/www.machinesproduction.fr\/tv\/#website"},"datePublished":"2023-05-31T21:03:21+00:00","dateModified":"2023-06-05T12:17:08+00:00","description":"D\u00e9couvrez l'EPHJ 2023 du 6 au 9 juin \u00e0 Palexpo, Gen\u00e8ve. Joignez-vous aux professionnels de la microm\u00e9canique de haute pr\u00e9cision pour un m\u00e9lange d'innovation, de d\u00e9bats d'actualit\u00e9, et de convivialit\u00e9.","breadcrumb":{"@id":"https:\/\/www.machinesproduction.fr\/tv\/live-32-ephj-2023-teaser\/#breadcrumb"},"inLanguage":"fr-FR","potentialAction":[{"@type":"ReadAction","target":["https:\/\/www.machinesproduction.fr\/tv\/live-32-ephj-2023-teaser\/"]}]},{"@type":"BreadcrumbList","@id":"https:\/\/www.machinesproduction.fr\/tv\/live-32-ephj-2023-teaser\/#breadcrumb","itemListElement":[{"@type":"ListItem","position":1,"name":"Home","item":"https:\/\/www.machinesproduction.fr\/tv\/"},{"@type":"ListItem","position":2,"name":"Live 32 &#8211; EPHJ 2023 Teaser"}]},{"@type":"WebSite","@id":"https:\/\/www.machinesproduction.fr\/tv\/#website","url":"https:\/\/www.machinesproduction.fr\/tv\/","name":"Machines Production TV","description":"","potentialAction":[{"@type":"SearchAction","target":{"@type":"EntryPoint","urlTemplate":"https:\/\/www.machinesproduction.fr\/tv\/?s={search_term_string}"},"query-input":{"@type":"PropertyValueSpecification","valueRequired":true,"valueName":"search_term_string"}}],"inLanguage":"fr-FR"}]}},"_links":{"self":[{"href":"https:\/\/www.machinesproduction.fr\/tv\/wp-json\/wp\/v2\/pages\/1870","targetHints":{"allow":["GET"]}}],"collection":[{"href":"https:\/\/www.machinesproduction.fr\/tv\/wp-json\/wp\/v2\/pages"}],"about":[{"href":"https:\/\/www.machinesproduction.fr\/tv\/wp-json\/wp\/v2\/types\/page"}],"author":[{"embeddable":true,"href":"https:\/\/www.machinesproduction.fr\/tv\/wp-json\/wp\/v2\/users\/3"}],"replies":[{"embeddable":true,"href":"https:\/\/www.machinesproduction.fr\/tv\/wp-json\/wp\/v2\/comments?post=1870"}],"version-history":[{"count":6,"href":"https:\/\/www.machinesproduction.fr\/tv\/wp-json\/wp\/v2\/pages\/1870\/revisions"}],"predecessor-version":[{"id":1881,"href":"https:\/\/www.machinesproduction.fr\/tv\/wp-json\/wp\/v2\/pages\/1870\/revisions\/1881"}],"wp:attachment":[{"href":"https:\/\/www.machinesproduction.fr\/tv\/wp-json\/wp\/v2\/media?parent=1870"}],"wp:term":[{"taxonomy":"wf_page_folders","embeddable":true,"href":"https:\/\/www.machinesproduction.fr\/tv\/wp-json\/wp\/v2\/wf_page_folders?post=1870"}],"curies":[{"name":"wp","href":"https:\/\/api.w.org\/{rel}","templated":true}]}}