{"id":1795,"date":"2023-03-02T21:35:14","date_gmt":"2023-03-02T20:35:14","guid":{"rendered":"https:\/\/www.machinesproduction.fr\/tv\/?page_id=1795"},"modified":"2023-03-02T22:03:40","modified_gmt":"2023-03-02T21:03:40","slug":"live-27-lviva-fabrica","status":"publish","type":"page","link":"https:\/\/www.machinesproduction.fr\/tv\/live-27-lviva-fabrica\/","title":{"rendered":"Live 27 &#8211; LViva Fabrica"},"content":{"rendered":"<section class=\"wpb-content-wrapper\"><p>[vc_row equal_height=&#8221;yes&#8221; content_placement=&#8221;middle&#8221;][vc_column][vc_row_inner content_placement=&#8221;top&#8221;][vc_column_inner][vc_column_text]<\/p>\n<h1 data-wp-editing=\"1\"><span style=\"color: #ffffff; font-size: 18pt;\">VIVA FABRICA !<\/span><\/h1>\n<h1 data-wp-editing=\"1\"><span style=\"color: #009ddf;\">L\u2019industrie en mode immersif<\/span><\/h1>\n<p>[\/vc_column_text][\/vc_column_inner][\/vc_row_inner][\/vc_column][\/vc_row][vc_row equal_height=&#8221;yes&#8221; content_placement=&#8221;middle&#8221;][vc_column][vc_empty_space height=&#8221;30px&#8221;][vc_empty_space height=&#8221;30px&#8221;][vc_video link=&#8221;https:\/\/youtu.be\/mY1RTXZnW1c&#8221;][vc_column_text]<\/p>\n<h2><span style=\"color: #009ddf;\"><strong>Un reportage r\u00e9alis\u00e9 durant l\u2019\u00e9v\u00e9nement Viva Fabrica !, le 24 f\u00e9vrier 2023 \u00e0 Lyon.<\/strong><\/span><\/h2>\n<p>Ce sont pr\u00e8s de 6 000 scolaires, demandeurs d\u2019emploi et personnes en reconversion professionnelle qui ont d\u00e9couvert, du 23 au 26 f\u00e9vrier \u00e0 Lyon, l\u2019\u00e9v\u00e9nement Viva Fabrica\u00a0! destin\u00e9 \u00e0 montrer l\u2019industrie, \u00ab\u00a0telle qu\u2019elle est aujourd\u2019hui et d\u00e9construire les id\u00e9es re\u00e7ues au travers d\u2019animations et d\u00e9monstrations ludiques sur les espaces d\u2019exposition des industriels mais aussi de rencontres et d\u2019\u00e9changes\u00a0\u00bb, d\u00e9crivent les organisateurs.<\/p>\n<p>Durant la matin\u00e9e du 24 f\u00e9vrier, Roland Lescure, ministre de l\u2019Industrie est all\u00e9 \u00e0 la rencontre des jeunes et des animateurs des diff\u00e9rents espaces, o\u00f9 chaque visiteur a pu vivre une \u00ab\u00a0exp\u00e9rience in\u00e9dite\u00a0\u00bb \u00e0 travers des ateliers organis\u00e9s autour de l\u2019exp\u00e9rimentation, la p\u00e9dagogie et l\u2019\u00e9change avec des professionnels.<\/p>\n<p>La journ\u00e9e du 24 f\u00e9vrier a, quant \u00e0 elle, \u00e9t\u00e9 rythm\u00e9e par la pr\u00e9sence de Roland Lescure, ministre d\u00e9l\u00e9gu\u00e9 charg\u00e9 de l\u2019Industrie, venu \u00e0 la rencontre des jeunes et de tous ceux qui incarnent le secteur aujourd\u2019hui. Apr\u00e8s s\u2019\u00eatre pr\u00eat\u00e9 lui-m\u00eame \u00e0 quelques exp\u00e9riences immersives, \u00e0 la d\u00e9couverte des m\u00e9tiers de l\u2019industrie, le ministre a trouv\u00e9, aupr\u00e8s des jeunes, beaucoup d\u2019enthousiasme, \u00e0 l\u2019issue de leur parcours dans les 12\u00a0000 m\u00b2 de l\u2019ancienne usine d\u2019\u00e9lectrom\u00e9nager Fagor-Brandt. \u00ab\u00a0C\u2019est \u00e0 la fois des industriels qui sont enthousiastes pour pr\u00e9senter leurs m\u00e9tiers, leurs machines, leurs process, leurs produits. Et des jeunes dont l\u2019enthousiasme a grandi au fur et \u00e0 mesure que la matin\u00e9e se d\u00e9roulait, confie Roland Lescure au micro de Machines Production TV. Au d\u00e9but, ils sont arriv\u00e9s un peu perdus. Et au fond, quand on voit qu\u2019ils touchent du doigt ce que c\u2019est que l\u2019industrie, c\u2019est assez enthousiasmant.\u00a0\u00bb<\/p>\n<h2><span style=\"color: #009ddf;\"><strong>\u00ab C\u2019est important qu\u2019on ait plus de femmes dans l\u2019industrie \u00bb<\/strong><\/span><\/h2>\n<p>L\u2019\u00e9v\u00e9nement, propos\u00e9 et anim\u00e9 par un collectif d\u2019industriels et d\u2019institutions professionnelles, \u00e9tait essentiellement destin\u00e9 \u00e0 accueillir des coll\u00e9giens. Des adolescents qui ne savent pas encore le m\u00e9tier qu\u2019ils voudraient exercer plus tard. Le ministre l\u2019a reconnu lui-m\u00eame\u00a0: \u00ab\u00a0A treize, quatorze ans, je n\u2019avais aucune id\u00e9e de ce que je voulais faire et eux non plus. D\u2019ailleurs, on a vu des jeunes ing\u00e9nieurs qui nous ont dit aussi qu\u2019\u00e0 treize, quatorze ans, ils ou elles &#8211; c\u2019est important qu\u2019on ait plus de femmes dans l\u2019industrie &#8211; ne savaient pas ce qu\u2019ils souhaitaient faire\u00a0\u00bb. Pour Roland Lescure, Viva Fabrica\u00a0! aura permis \u00ab\u00a0d\u2019\u00e9veiller, d\u2019\u00e9clairer et de planter une petite graine, qui fait que, peut-\u00eatre, dans deux, trois, cinq ou dix ans, l\u2019\u00e9veil de l\u2019industrie aura eu lieu\u00a0\u00bb.<\/p>\n<p>Victor, 16 ans, est \u00e9l\u00e8ve en terminale STI2D. Il est ressorti de Viva Fabrica\u00a0! le sourire aux l\u00e8vres. \u00ab\u00a0Ce qui m\u2019a le plus impressionn\u00e9, c\u2019est sur le stand de Renault Tech o\u00f9 j\u2019ai vu les camions \u00e9lectriques et toutes les machines qui pouvaient les rendre \u00e9lectriques\u00a0\u00bb. Pour le jeune lyc\u00e9en \u00ab\u00a0l\u2019industrie, c\u2019est l\u2019avenir\u00a0\u00bb. Un avenir qu\u2019il compte bien incarner en y travaillant et en s\u2019y \u00e9panouissant.<\/p>\n<h2><span style=\"color: #009ddf;\"><strong>\u00ab Contribuer \u00e0 l\u2019attractivit\u00e9 des m\u00e9tiers \u00bb<\/strong><\/span><\/h2>\n<p>\u00ab\u00a0On doit contribuer \u00e0 l\u2019attractivit\u00e9 des m\u00e9tiers, notamment de la m\u00e9canique\u00a0\u00bb, affirme Christophe Garnier, directeur de la communication au Cetim, le Centre technique des industries m\u00e9caniques. Un secteur o\u00f9 les m\u00e9tiers sont en tension. C\u2019est la raison pour laquelle le Cetim se devait de participer \u00e0 Viva Fabrica\u00a0! \u00ab\u00a0Parce que les emplois de demain se d\u00e9cident avec les jeunes d\u2019aujourd\u2019hui\u00a0\u00bb, dit-il au micro de Machines Production TV.<\/p>\n<p>Sur le stand du g\u00e9ant du pneumatique Michelin, il \u00e9tait question, avant tout, de valoriser les m\u00e9tiers de l\u2019industrie. \u00ab\u00a0On n\u2019est pas franchement l\u00e0 uniquement en tant que Michelin. On est l\u00e0 comme acteur de l\u2019industrie et on veut parler avec les autres acteurs de l\u2019industrie sur ce qu\u2019est l\u2019industrie, faire envie aux jeunes en leur montrant qu\u2019avec l\u2019industrie, on touche \u00e0 toutes les technologies\u00a0\u00bb, t\u00e9moigne le directeur du Manufacturing Engineering, v\u00eatu d\u2019un blouson teddy aux couleurs de Michelin, comme l\u2019ensemble des animateurs du stand.<\/p>\n<h2><span style=\"color: #009ddf;\"><strong>\u00ab On est vraiment ici pour promouvoir l\u2019industrie \u00bb<\/strong><\/span><\/h2>\n<p>Le groupe KSB fait partie des m\u00e9c\u00e8nes ayant particip\u00e9, d\u00e8s le d\u00e9but, \u00e0 l\u2019\u00e9v\u00e9nement, qui s\u2019appelait encore L\u2019Usine extraordinaire. Et ce rendez-vous \u00e9tait important pour ce fabricant de pompes et vannes, qui peine \u00e0 recruter du personnel. Et c\u2019est un travail qu\u2019il est essentiel de r\u00e9aliser tr\u00e8s en amont\u00a0: \u00ab\u00a0On est vraiment ici pour promouvoir l\u2019industrie, pour expliquer aux jeunes que ce n\u2019est plus l\u2019industrie dont on leur a parl\u00e9e pendant des dizaines d\u2019ann\u00e9es. Celle qui est sale, bruyante et fatigante, explique Marguerite Loth, responsable de la communication chez KSB, \u00e0 Gennevilliers (Hauts-de-Seine). Que l\u2019industrie a chang\u00e9, qu\u2019elle permet d\u2019avoir de beaux parcours professionnels, de participer \u00e0 des projets, de trouver du sens dans son travail et que l\u2019industrie aussi se modifie dans le sens o\u00f9 elle prend de plus en plus en consid\u00e9ration les pr\u00e9occupations environnementales, et on sait que c\u2019est une question qui pr\u00e9occupe les jeunes.\u00a0\u00bb<\/p>\n<p>Sur le stand du Cetim c\u2019est une For\u00eat m\u00e9canique qui a \u00e9t\u00e9 d\u00e9ploy\u00e9e dans l\u2019ancienne usine Fagor-Brandt, en plein c\u0153ur de la m\u00e9tropole lyonnaise. Un espace o\u00f9 \u00ab\u00a0on invite les jeunes \u00e0 venir d\u00e9couvrir les secrets de la for\u00eat m\u00e9canique\u00a0\u00bb, d\u00e9crit Christophe Garnier. Avec des animations telles que l\u2019Open Smile, o\u00f9 les 500 m\u00b2 d\u2019une usine de v\u00e9los \u00e9lectriques ont \u00e9t\u00e9 reconstitu\u00e9s d\u2019une mani\u00e8re digitalis\u00e9e \u00e0 la rencontre des diff\u00e9rents m\u00e9tiers qui se trouvent dans une entreprise de m\u00e9canique. On d\u00e9couvrait \u00e9galement le dispositif Crystal Man\u00a0: \u00ab\u00a0Nous a enregistr\u00e9 cinq m\u00e9tiers, cinq t\u00e9moignages de jeunes qui sont dans nos entreprises de m\u00e9canique. \u00c7a va du responsable HSE \u00e0 l\u2019ing\u00e9nieur bureaux d\u2019\u00e9tudes et qui sont projet\u00e9s en hologramme\u00a0\u00bb, explique M. Garnier, du Cetim. Le stand est \u00e9galement compl\u00e9t\u00e9 d\u2019une exposition de pi\u00e8ces m\u00e9caniques, notamment r\u00e9alis\u00e9es en impression 3D et du d\u00e9monstrateur Industrie du futur Quatrium.<\/p>\n<blockquote><p>\u00ab\u00a0Faire toucher du doigt quelque chose d\u2019un peu plus concret\u00a0\u00bb<\/p><\/blockquote>\n<p>Chez Michelin, explique Jean-Philippe Ollier, \u00ab\u00a0nous sommes venus ici avec des personnes qui sont dans les ateliers pour qu\u2019ils parlent de leur m\u00e9tier, pour qu\u2019ils expliquent aux jeunes ce qu\u2019ils font et finalement d\u2019o\u00f9 ils viennent\u00a0\u00bb. Le g\u00e9ant fran\u00e7ais du pneumatique est venu avec du mat\u00e9riel technologique, dont des casques de r\u00e9alit\u00e9 augment\u00e9e et virtuelle, \u00ab\u00a0pour faire toucher du doigt quelque chose d\u2019un peu plus concret et pour montrer le niveau de technologie qu\u2019on peut utiliser dans nos usines\u00a0\u00bb, t\u00e9moigne M. Ollier, au micro de Machines Production TV.<\/p>\n<p>Chez KSB, Marguerite Loth a voulu proposer \u00ab\u00a0plusieurs exp\u00e9riences\u00a0\u00bb aux jeunes visiteurs de passage sur son espace. \u00ab\u00a0La premi\u00e8re et la plus simple, c\u2019est d\u2019expliquer comment une pompe fonctionne. C\u2019est pour \u00e7a qu\u2019on a une maquette avec une animation du fluide qui circule dans la pompe.\u00a0\u00bb A cela s\u2019ajoute, comme sur le stand Michelin, une immersion en usine gr\u00e2ce aux fameuses lunettes num\u00e9riques, et bien d\u2019autres animations.<\/p>\n<p>Une plong\u00e9e dans les coulisses de l\u2019industrie, en mode immersif, qui devrait susciter de nombreuses vocations aupr\u00e8s de ces jeunes visiteurs. C\u2019\u00e9tait tout l\u2019enjeu de Viva Fabrica\u00a0!<\/p>\n<p>[\/vc_column_text][vc_btn title=&#8221;Retour aux MP LIVE&#8221; style=&#8221;custom&#8221; custom_background=&#8221;#009ddf&#8221; custom_text=&#8221;#ffffff&#8221; shape=&#8221;round&#8221; i_icon_fontawesome=&#8221;fas fa-arrow-left&#8221; add_icon=&#8221;true&#8221; link=&#8221;url:https%3A%2F%2Fwww.machinesproduction.fr%2Ftv%2Fles-mp-live%2F|title:les%20Focus&#8221;][\/vc_column][\/vc_row]<\/p>\n<\/section>","protected":false},"excerpt":{"rendered":"<p>[vc_row equal_height=&#8221;yes&#8221; content_placement=&#8221;middle&#8221;][vc_column][vc_row_inner content_placement=&#8221;top&#8221;][vc_column_inner][vc_column_text] VIVA FABRICA ! L\u2019industrie en mode immersif [\/vc_column_text][\/vc_column_inner][\/vc_row_inner][\/vc_column][\/vc_row][vc_row equal_height=&#8221;yes&#8221; content_placement=&#8221;middle&#8221;][vc_column][vc_empty_space height=&#8221;30px&#8221;][vc_empty_space height=&#8221;30px&#8221;][vc_video link=&#8221;https:\/\/youtu.be\/mY1RTXZnW1c&#8221;][vc_column_text] Un reportage r\u00e9alis\u00e9 durant l\u2019\u00e9v\u00e9nement Viva Fabrica !, le 24 f\u00e9vrier 2023 \u00e0 Lyon. Ce sont pr\u00e8s de 6 000 scolaires, demandeurs d\u2019emploi et personnes en reconversion professionnelle qui ont d\u00e9couvert, du 23 au 26 f\u00e9vrier \u00e0 Lyon, [&hellip;]<\/p>\n","protected":false},"author":3,"featured_media":1800,"parent":0,"menu_order":0,"comment_status":"closed","ping_status":"closed","template":"","meta":{"_monsterinsights_skip_tracking":false,"_monsterinsights_sitenote_active":false,"_monsterinsights_sitenote_note":"","_monsterinsights_sitenote_category":0,"footnotes":""},"wf_page_folders":[13],"class_list":["post-1795","page","type-page","status-publish","has-post-thumbnail","hentry"],"yoast_head":"<!-- This site is optimized with the Yoast SEO plugin v27.1.1 - https:\/\/yoast.com\/product\/yoast-seo-wordpress\/ -->\n<title>Live - 27 - Viva Fabrica ! L\u2019industrie en mode immersif<\/title>\n<meta name=\"description\" content=\"D\u00e9couvrez l&#039;\u00e9v\u00e9nement Viva Fabrica! \u00e0 Lyon, qui vise \u00e0 d\u00e9construire les id\u00e9es re\u00e7ues sur l&#039;industrie et \u00e0 susciter l&#039;int\u00e9r\u00eat des jeunes pour les m\u00e9tiers du secteur. Avec des ateliers interactifs et la participation du ministre de l&#039;Industrie, cette exposition immersive a accueilli pr\u00e8s de 6 000 visiteurs en f\u00e9vrier 2023.\" \/>\n<meta name=\"robots\" content=\"index, follow, max-snippet:-1, max-image-preview:large, max-video-preview:-1\" \/>\n<link rel=\"canonical\" href=\"https:\/\/www.machinesproduction.fr\/tv\/live-27-lviva-fabrica\/\" \/>\n<meta property=\"og:locale\" content=\"fr_FR\" \/>\n<meta property=\"og:type\" content=\"article\" \/>\n<meta property=\"og:title\" content=\"Live - 27 - Viva Fabrica ! L\u2019industrie en mode immersif\" \/>\n<meta property=\"og:description\" content=\"D\u00e9couvrez l&#039;\u00e9v\u00e9nement Viva Fabrica! \u00e0 Lyon, qui vise \u00e0 d\u00e9construire les id\u00e9es re\u00e7ues sur l&#039;industrie et \u00e0 susciter l&#039;int\u00e9r\u00eat des jeunes pour les m\u00e9tiers du secteur. Avec des ateliers interactifs et la participation du ministre de l&#039;Industrie, cette exposition immersive a accueilli pr\u00e8s de 6 000 visiteurs en f\u00e9vrier 2023.\" \/>\n<meta property=\"og:url\" content=\"https:\/\/www.machinesproduction.fr\/tv\/live-27-lviva-fabrica\/\" \/>\n<meta property=\"og:site_name\" content=\"Machines Production TV\" \/>\n<meta property=\"article:modified_time\" content=\"2023-03-02T21:03:40+00:00\" \/>\n<meta property=\"og:image\" content=\"https:\/\/www.machinesproduction.fr\/tv\/wp-content\/uploads\/2023\/03\/Live-Viva-Fabrica-.jpg\" \/>\n\t<meta property=\"og:image:width\" content=\"1280\" \/>\n\t<meta property=\"og:image:height\" content=\"720\" \/>\n\t<meta property=\"og:image:type\" content=\"image\/jpeg\" \/>\n<meta name=\"twitter:card\" content=\"summary_large_image\" \/>\n<meta name=\"twitter:title\" content=\"Live - 27 - Viva Fabrica ! L\u2019industrie en mode immersif\" \/>\n<meta name=\"twitter:description\" content=\"D\u00e9couvrez l&#039;\u00e9v\u00e9nement Viva Fabrica! \u00e0 Lyon, qui vise \u00e0 d\u00e9construire les id\u00e9es re\u00e7ues sur l&#039;industrie et \u00e0 susciter l&#039;int\u00e9r\u00eat des jeunes pour les m\u00e9tiers du secteur. Avec des ateliers interactifs et la participation du ministre de l&#039;Industrie, cette exposition immersive a accueilli pr\u00e8s de 6 000 visiteurs en f\u00e9vrier 2023.\" \/>\n<meta name=\"twitter:image\" content=\"https:\/\/www.machinesproduction.fr\/tv\/wp-content\/uploads\/2023\/03\/Live-Viva-Fabrica-.jpg\" \/>\n<meta name=\"twitter:label1\" content=\"Dur\u00e9e de lecture estim\u00e9e\" \/>\n\t<meta name=\"twitter:data1\" content=\"3 minutes\" \/>\n<script type=\"application\/ld+json\" class=\"yoast-schema-graph\">{\"@context\":\"https:\/\/schema.org\",\"@graph\":[{\"@type\":\"WebPage\",\"@id\":\"https:\/\/www.machinesproduction.fr\/tv\/live-27-lviva-fabrica\/\",\"url\":\"https:\/\/www.machinesproduction.fr\/tv\/live-27-lviva-fabrica\/\",\"name\":\"Live - 27 - Viva Fabrica ! L\u2019industrie en mode immersif\",\"isPartOf\":{\"@id\":\"https:\/\/www.machinesproduction.fr\/tv\/#website\"},\"primaryImageOfPage\":{\"@id\":\"https:\/\/www.machinesproduction.fr\/tv\/live-27-lviva-fabrica\/#primaryimage\"},\"image\":{\"@id\":\"https:\/\/www.machinesproduction.fr\/tv\/live-27-lviva-fabrica\/#primaryimage\"},\"thumbnailUrl\":\"https:\/\/www.machinesproduction.fr\/tv\/wp-content\/uploads\/2023\/03\/Live-Viva-Fabrica-carre\u0301.jpg\",\"datePublished\":\"2023-03-02T20:35:14+00:00\",\"dateModified\":\"2023-03-02T21:03:40+00:00\",\"description\":\"D\u00e9couvrez l'\u00e9v\u00e9nement Viva Fabrica! \u00e0 Lyon, qui vise \u00e0 d\u00e9construire les id\u00e9es re\u00e7ues sur l'industrie et \u00e0 susciter l'int\u00e9r\u00eat des jeunes pour les m\u00e9tiers du secteur. Avec des ateliers interactifs et la participation du ministre de l'Industrie, cette exposition immersive a accueilli pr\u00e8s de 6 000 visiteurs en f\u00e9vrier 2023.\",\"breadcrumb\":{\"@id\":\"https:\/\/www.machinesproduction.fr\/tv\/live-27-lviva-fabrica\/#breadcrumb\"},\"inLanguage\":\"fr-FR\",\"potentialAction\":[{\"@type\":\"ReadAction\",\"target\":[\"https:\/\/www.machinesproduction.fr\/tv\/live-27-lviva-fabrica\/\"]}]},{\"@type\":\"ImageObject\",\"inLanguage\":\"fr-FR\",\"@id\":\"https:\/\/www.machinesproduction.fr\/tv\/live-27-lviva-fabrica\/#primaryimage\",\"url\":\"https:\/\/www.machinesproduction.fr\/tv\/wp-content\/uploads\/2023\/03\/Live-Viva-Fabrica-carre\u0301.jpg\",\"contentUrl\":\"https:\/\/www.machinesproduction.fr\/tv\/wp-content\/uploads\/2023\/03\/Live-Viva-Fabrica-carre\u0301.jpg\",\"width\":1080,\"height\":1080},{\"@type\":\"BreadcrumbList\",\"@id\":\"https:\/\/www.machinesproduction.fr\/tv\/live-27-lviva-fabrica\/#breadcrumb\",\"itemListElement\":[{\"@type\":\"ListItem\",\"position\":1,\"name\":\"Home\",\"item\":\"https:\/\/www.machinesproduction.fr\/tv\/\"},{\"@type\":\"ListItem\",\"position\":2,\"name\":\"Live 27 &#8211; LViva Fabrica\"}]},{\"@type\":\"WebSite\",\"@id\":\"https:\/\/www.machinesproduction.fr\/tv\/#website\",\"url\":\"https:\/\/www.machinesproduction.fr\/tv\/\",\"name\":\"Machines Production TV\",\"description\":\"\",\"potentialAction\":[{\"@type\":\"SearchAction\",\"target\":{\"@type\":\"EntryPoint\",\"urlTemplate\":\"https:\/\/www.machinesproduction.fr\/tv\/?s={search_term_string}\"},\"query-input\":{\"@type\":\"PropertyValueSpecification\",\"valueRequired\":true,\"valueName\":\"search_term_string\"}}],\"inLanguage\":\"fr-FR\"}]}<\/script>\n<!-- \/ Yoast SEO plugin. -->","yoast_head_json":{"title":"Live - 27 - Viva Fabrica ! L\u2019industrie en mode immersif","description":"D\u00e9couvrez l'\u00e9v\u00e9nement Viva Fabrica! \u00e0 Lyon, qui vise \u00e0 d\u00e9construire les id\u00e9es re\u00e7ues sur l'industrie et \u00e0 susciter l'int\u00e9r\u00eat des jeunes pour les m\u00e9tiers du secteur. Avec des ateliers interactifs et la participation du ministre de l'Industrie, cette exposition immersive a accueilli pr\u00e8s de 6 000 visiteurs en f\u00e9vrier 2023.","robots":{"index":"index","follow":"follow","max-snippet":"max-snippet:-1","max-image-preview":"max-image-preview:large","max-video-preview":"max-video-preview:-1"},"canonical":"https:\/\/www.machinesproduction.fr\/tv\/live-27-lviva-fabrica\/","og_locale":"fr_FR","og_type":"article","og_title":"Live - 27 - Viva Fabrica ! L\u2019industrie en mode immersif","og_description":"D\u00e9couvrez l'\u00e9v\u00e9nement Viva Fabrica! \u00e0 Lyon, qui vise \u00e0 d\u00e9construire les id\u00e9es re\u00e7ues sur l'industrie et \u00e0 susciter l'int\u00e9r\u00eat des jeunes pour les m\u00e9tiers du secteur. Avec des ateliers interactifs et la participation du ministre de l'Industrie, cette exposition immersive a accueilli pr\u00e8s de 6 000 visiteurs en f\u00e9vrier 2023.","og_url":"https:\/\/www.machinesproduction.fr\/tv\/live-27-lviva-fabrica\/","og_site_name":"Machines Production TV","article_modified_time":"2023-03-02T21:03:40+00:00","og_image":[{"width":1280,"height":720,"url":"https:\/\/www.machinesproduction.fr\/tv\/wp-content\/uploads\/2023\/03\/Live-Viva-Fabrica-.jpg","type":"image\/jpeg"}],"twitter_card":"summary_large_image","twitter_title":"Live - 27 - Viva Fabrica ! L\u2019industrie en mode immersif","twitter_description":"D\u00e9couvrez l'\u00e9v\u00e9nement Viva Fabrica! \u00e0 Lyon, qui vise \u00e0 d\u00e9construire les id\u00e9es re\u00e7ues sur l'industrie et \u00e0 susciter l'int\u00e9r\u00eat des jeunes pour les m\u00e9tiers du secteur. Avec des ateliers interactifs et la participation du ministre de l'Industrie, cette exposition immersive a accueilli pr\u00e8s de 6 000 visiteurs en f\u00e9vrier 2023.","twitter_image":"https:\/\/www.machinesproduction.fr\/tv\/wp-content\/uploads\/2023\/03\/Live-Viva-Fabrica-.jpg","twitter_misc":{"Dur\u00e9e de lecture estim\u00e9e":"3 minutes"},"schema":{"@context":"https:\/\/schema.org","@graph":[{"@type":"WebPage","@id":"https:\/\/www.machinesproduction.fr\/tv\/live-27-lviva-fabrica\/","url":"https:\/\/www.machinesproduction.fr\/tv\/live-27-lviva-fabrica\/","name":"Live - 27 - Viva Fabrica ! L\u2019industrie en mode immersif","isPartOf":{"@id":"https:\/\/www.machinesproduction.fr\/tv\/#website"},"primaryImageOfPage":{"@id":"https:\/\/www.machinesproduction.fr\/tv\/live-27-lviva-fabrica\/#primaryimage"},"image":{"@id":"https:\/\/www.machinesproduction.fr\/tv\/live-27-lviva-fabrica\/#primaryimage"},"thumbnailUrl":"https:\/\/www.machinesproduction.fr\/tv\/wp-content\/uploads\/2023\/03\/Live-Viva-Fabrica-carre\u0301.jpg","datePublished":"2023-03-02T20:35:14+00:00","dateModified":"2023-03-02T21:03:40+00:00","description":"D\u00e9couvrez l'\u00e9v\u00e9nement Viva Fabrica! \u00e0 Lyon, qui vise \u00e0 d\u00e9construire les id\u00e9es re\u00e7ues sur l'industrie et \u00e0 susciter l'int\u00e9r\u00eat des jeunes pour les m\u00e9tiers du secteur. Avec des ateliers interactifs et la participation du ministre de l'Industrie, cette exposition immersive a accueilli pr\u00e8s de 6 000 visiteurs en f\u00e9vrier 2023.","breadcrumb":{"@id":"https:\/\/www.machinesproduction.fr\/tv\/live-27-lviva-fabrica\/#breadcrumb"},"inLanguage":"fr-FR","potentialAction":[{"@type":"ReadAction","target":["https:\/\/www.machinesproduction.fr\/tv\/live-27-lviva-fabrica\/"]}]},{"@type":"ImageObject","inLanguage":"fr-FR","@id":"https:\/\/www.machinesproduction.fr\/tv\/live-27-lviva-fabrica\/#primaryimage","url":"https:\/\/www.machinesproduction.fr\/tv\/wp-content\/uploads\/2023\/03\/Live-Viva-Fabrica-carre\u0301.jpg","contentUrl":"https:\/\/www.machinesproduction.fr\/tv\/wp-content\/uploads\/2023\/03\/Live-Viva-Fabrica-carre\u0301.jpg","width":1080,"height":1080},{"@type":"BreadcrumbList","@id":"https:\/\/www.machinesproduction.fr\/tv\/live-27-lviva-fabrica\/#breadcrumb","itemListElement":[{"@type":"ListItem","position":1,"name":"Home","item":"https:\/\/www.machinesproduction.fr\/tv\/"},{"@type":"ListItem","position":2,"name":"Live 27 &#8211; LViva Fabrica"}]},{"@type":"WebSite","@id":"https:\/\/www.machinesproduction.fr\/tv\/#website","url":"https:\/\/www.machinesproduction.fr\/tv\/","name":"Machines Production TV","description":"","potentialAction":[{"@type":"SearchAction","target":{"@type":"EntryPoint","urlTemplate":"https:\/\/www.machinesproduction.fr\/tv\/?s={search_term_string}"},"query-input":{"@type":"PropertyValueSpecification","valueRequired":true,"valueName":"search_term_string"}}],"inLanguage":"fr-FR"}]}},"_links":{"self":[{"href":"https:\/\/www.machinesproduction.fr\/tv\/wp-json\/wp\/v2\/pages\/1795","targetHints":{"allow":["GET"]}}],"collection":[{"href":"https:\/\/www.machinesproduction.fr\/tv\/wp-json\/wp\/v2\/pages"}],"about":[{"href":"https:\/\/www.machinesproduction.fr\/tv\/wp-json\/wp\/v2\/types\/page"}],"author":[{"embeddable":true,"href":"https:\/\/www.machinesproduction.fr\/tv\/wp-json\/wp\/v2\/users\/3"}],"replies":[{"embeddable":true,"href":"https:\/\/www.machinesproduction.fr\/tv\/wp-json\/wp\/v2\/comments?post=1795"}],"version-history":[{"count":4,"href":"https:\/\/www.machinesproduction.fr\/tv\/wp-json\/wp\/v2\/pages\/1795\/revisions"}],"predecessor-version":[{"id":1801,"href":"https:\/\/www.machinesproduction.fr\/tv\/wp-json\/wp\/v2\/pages\/1795\/revisions\/1801"}],"wp:featuredmedia":[{"embeddable":true,"href":"https:\/\/www.machinesproduction.fr\/tv\/wp-json\/wp\/v2\/media\/1800"}],"wp:attachment":[{"href":"https:\/\/www.machinesproduction.fr\/tv\/wp-json\/wp\/v2\/media?parent=1795"}],"wp:term":[{"taxonomy":"wf_page_folders","embeddable":true,"href":"https:\/\/www.machinesproduction.fr\/tv\/wp-json\/wp\/v2\/wf_page_folders?post=1795"}],"curies":[{"name":"wp","href":"https:\/\/api.w.org\/{rel}","templated":true}]}}