{"id":1693,"date":"2022-11-25T14:32:48","date_gmt":"2022-11-25T13:32:48","guid":{"rendered":"https:\/\/www.machinesproduction.fr\/tv\/?page_id=1693"},"modified":"2022-11-25T15:08:50","modified_gmt":"2022-11-25T14:08:50","slug":"live-25-sepem-laurent-lescure","status":"publish","type":"page","link":"https:\/\/www.machinesproduction.fr\/tv\/live-25-sepem-laurent-lescure\/","title":{"rendered":"Live 25 &#8211; Sepem &#8211; Laurent Lescure"},"content":{"rendered":"<section class=\"wpb-content-wrapper\"><p>[vc_row equal_height=&#8221;yes&#8221; content_placement=&#8221;middle&#8221;][vc_column][vc_row_inner content_placement=&#8221;top&#8221;][vc_column_inner][vc_column_text]<\/p>\n<h1 data-wp-editing=\"1\"><span style=\"color: #ffffff; font-size: 18pt;\">SALON SEPEM 2022<\/span><\/h1>\n<h1 data-wp-editing=\"1\"><span style=\"color: #009ddf;\">Roland Lescure : \u00ab Il faut donner envie d\u2019industrie \u00bb<\/span><\/h1>\n<p>[\/vc_column_text][\/vc_column_inner][\/vc_row_inner][\/vc_column][\/vc_row][vc_row equal_height=&#8221;yes&#8221; content_placement=&#8221;middle&#8221;][vc_column][vc_empty_space height=&#8221;30px&#8221;][vc_empty_space height=&#8221;30px&#8221;][vc_column_text]<span style=\"font-size: 14pt; color: #ffffff;\"><strong>En d\u00e9placement \u00e0 Grenoble pour inaugurer le salon Sepem, qui a rassembl\u00e9 du 22 au 24 novembre, \u00e0 la fois les sous-traitants, fournisseurs d\u2019\u00e9quipements industriels et organismes de formation, le ministre d\u00e9l\u00e9gu\u00e9 charg\u00e9 de l\u2019Industrie a rencontr\u00e9 des jeunes en formation pour leur adresser un message clair\u00a0: \u00ab\u00a0L\u2019industrie \u00e7a paye, \u00e7a permet de voyager, \u00e7a permet d\u2019avoir des carri\u00e8res \u00e9volutives et \u00e7a d\u00e9pollue.\u00a0\u00bb<\/strong><\/span>[\/vc_column_text][vc_video link=&#8221;https:\/\/www.youtube.com\/watch?v=7d2aZxdQ0JA&#8221;][vc_column_text]Roland Lescure, ministre charg\u00e9 de l\u2019Industrie, a v\u00e9ritablement pris son temps, en venant inaugurer, mardi 22 novembre, le salon Sepem Centre Est \u00e0 Grenoble. \u00ab\u00a0Je suis tr\u00e8s heureux d\u2019\u00eatre ici. C\u2019est extr\u00eamement enthousiasmant. Il y a beaucoup de monde\u00a0\u00bb, s\u2019est-il r\u00e9joui.<\/p>\n<p>L\u2019ancien d\u00e9put\u00e9 de la premi\u00e8re circonscription des Fran\u00e7ais de l\u2019\u00e9tranger (Am\u00e9rique du Nord) n\u2019a pas regard\u00e9 sa montre, quand il s\u2019arr\u00eatait sur les stands. \u00ab\u00a0J\u2019ai rencontr\u00e9 des exposants qui sont contents d\u2019\u00eatre l\u00e0, qui vont voir leurs clients et prospects\u00a0\u00bb, a confi\u00e9 le ministre, qui a tenu, \u00e0 chaque halte chez un exposant, \u00e0 conna\u00eetre son savoir-faire, a longuement \u00e9chang\u00e9 sur leurs pr\u00e9occupations. Il \u00e9tait notamment question de la p\u00e9nurie de main-d\u2019\u0153uvre.<\/p>\n<p>Apr\u00e8s avoir parcouru plusieurs all\u00e9es du parc Alpexpo, Roland Lescure a rencontr\u00e9, dans l\u2019Espace 68 (en r\u00e9f\u00e9rence aux JO de Grenoble), des apprentis de l\u2019industrie. Les jeunes, cela fait partie des sujets sur lesquels le ministre a dit vouloir s\u2019investir. Il faut \u00ab\u00a0donner envie aux jeunes d\u2019industrie\u00a0\u00bb, a-t-il martel\u00e9 tout au long de cette matin\u00e9e de visite. Et de rappeler qu\u2019il y avait 70 000 postes ouverts dans l\u2019industrie fran\u00e7aise, et des \u00ab\u00a0centaines de milliers dans les ann\u00e9es \u00e0 venir\u00a0\u00bb.<\/p>\n<h2><span style=\"color: #009ddf;\"><strong>\u00ab\u00a0J\u2019ai rencontr\u00e9 des jeunes qui \u00e9taient extr\u00eamement motiv\u00e9s\u00a0\u00bb<\/strong><\/span><\/h2>\n<p>De ces \u00e9changes avec les \u00e9l\u00e8ves de l\u2019Ecole de production Elag, du lyc\u00e9e polyvalent Vaucanson, de l\u2019Ecole de la deuxi\u00e8me chance (E2C) et de la plateforme de formation Udimec, le ministre d\u00e9l\u00e9gu\u00e9 en a dress\u00e9 le bilan suivant\u00a0: \u00ab\u00a0J\u2019ai rencontr\u00e9 des jeunes qui \u00e9taient extr\u00eamement motiv\u00e9s. Chez certains, \u00e7a vient de leurs parents qui \u00e9taient dans l\u2019industrie, qui leur ont donn\u00e9 envie, d\u2019autres au contraire, y compris des jeunes filles, ont d\u00e9cid\u00e9 toutes seules de se mettre dans cette fili\u00e8re. Donc bravo, je souhaite les encourager, les accompagner. C\u2019est aussi en partie pour \u00e7a que je suis l\u00e0.\u00a0\u00bb<\/p>\n<p>En cette Semaine de l\u2019industrie, Roland Lescure a souhait\u00e9 en profiter pour faire passer son message\u00a0: \u00ab\u00a0Donner envie d\u2019industrie\u00a0\u00bb. Sauf qu\u2019\u00ab\u00a0une semaine \u00e7a ne suffit pas\u00a0\u00bb, a-t-il relev\u00e9. Alors pour que l\u2019\u00e9lan ne retombe pas les 51 autres semaines, il a assur\u00e9 travailler avec Carole Grandjean, ministre d\u00e9l\u00e9gu\u00e9e charg\u00e9e de l\u2019Enseignement et de la Formation professionnelle, \u00ab\u00a0pour accro\u00eetre la part de l\u2019industrie dans les lyc\u00e9es professionnels\u00a0\u00bb, notamment le nombre de jeunes filles. Pour cela, \u00ab\u00a0on va mettre en avant des r\u00f4les mod\u00e8les\u00a0\u00bb, a-t-il soulign\u00e9, avant de rappeler, jeudi 24 novembre, l\u2019op\u00e9ration \u00ab Bercy fait son industrie \u00bb. \u00ab\u00a0Vous savez que Bercy, c\u2019est le minist\u00e8re des Finances, \u00e7a fait un peu forteresse, imprenable. On va la prendre et on va faire venir des jeunes\u00a0\u00bb, a-t-il promis.<\/p>\n<p>\u00ab\u00a0Et avec Pap Ndiaye, le ministre de l\u2019Education nationale, on va les rencontrer avec des industriels, on va leur pr\u00e9senter des objets, des outils, des entreprises. On va faire un TEDx, donc avec des discours inspirants, essentiellement de la part de femmes dans l\u2019industrie, mais aussi de la part d\u2019hommes pour donner envie d\u2019industrie. Et le soir, \u00e0 Bercy, on fait un concours d\u2019\u00e9loquence, qui va se terminer par le proc\u00e8s de l\u2019industrie. Donc pour ou contre l\u2019industrie. J\u2019esp\u00e8re que l\u2019industrie gagnera, mais on verra. On aura l\u2019avocat de la d\u00e9fense, un procureur. Tout \u00e7a pour rendre l\u2019industrie un peu plus fun quoi\u00a0\u00bb, a expliqu\u00e9 celui qui fut premier vice-pr\u00e9sident de la Caisse de d\u00e9p\u00f4t et placement du Qu\u00e9bec (CDPQ), l\u2019un des plus importants fonds de pension d\u2019Am\u00e9rique du Nord.<\/p>\n<h2><span style=\"color: #009ddf;\"><strong><img loading=\"lazy\" decoding=\"async\" class=\"alignnone wp-image-1696 size-full\" src=\"https:\/\/www.machinesproduction.fr\/tv\/wp-content\/uploads\/2022\/11\/Roland-Lescure-1.jpg\" alt=\"Roland Lescure\" width=\"2704\" height=\"1897\" \/><\/strong><\/span><\/h2>\n<p><em>Roland Lescure, ministre de l\u2019Industrie, s\u2019entretient avec Benoit Figuet, sur le stand de l\u2019entreprise \u00e9ponyme sp\u00e9cialis\u00e9e dans l\u2019usinage, le 22 novembre, \u00e0 Grenoble.<\/em><\/p>\n<h2><span style=\"color: #009ddf;\"><strong>L\u2019industrie pour d\u00e9polluer la France<\/strong><\/span><\/h2>\n<p>Et pour briser une image, qui, parfois lui colle un peu trop \u00e0 la peau, l\u2019industrie n\u2019est pas synonyme de pollution. Et d\u2019affirmer qu\u2019elle \u00e9tait tout le contraire\u00a0: l\u2019industrie va nous permettre de d\u00e9polluer la France. \u00ab\u00a0Aujourd\u2019hui, les \u00e9missions de gaz \u00e0 effet de serre, il y en a 18 % qui sont li\u00e9es \u00e0 l\u2019industrie. C\u2019est 18 % du probl\u00e8me, l\u2019industrie, c\u2019est 100 % des solutions. Si on veut d\u00e9polluer les transports, il faut des voitures \u00e9lectriques, il faut des batteries, il faut des usines, il faut de la mine.\u00a0\u00bb<\/p>\n<p>Et pour redorer le blason de l\u2019industrie, Roland Lescure a lanc\u00e9 ce message aux jeunes qui en douteraient encore\u00a0: \u00ab\u00a0Bien \u00e9videmment, l\u2019industrie, \u00e7a paye, \u00e7a paye plut\u00f4t bien, \u00e0 peu pr\u00e8s 250 euros par mois de plus que le reste de l\u2019\u00e9conomie. C\u2019est quand m\u00eame pas mal.\u00a0\u00bb L\u2019industrie, a-t-il insist\u00e9, \u00ab\u00a0ce sont des tr\u00e8s beaux jobs qui donnent des perspectives, \u00e7a permet de voyager, \u00e7a permet d\u2019avoir des carri\u00e8res \u00e9volutives. Donc voil\u00e0, il faut qu\u2019on fasse conna\u00eetre davantage l\u2019industrie qui a parfois encore un peu une image, je dirais d\u2019\u00c9pinal. \u00bb M\u00eame s\u2019il est vrai que \u00ab\u00a0travailler dans une forge, ce n\u2019est pas toujours facile, mais c\u2019est de moins en moins p\u00e9nible. De plus en plus, il y a de l\u2019ergonomie, des cobots, de la logistique qui est fait de mani\u00e8re automatique\u00a0\u00bb. D\u2019ailleurs, en parcourant les stands du parc des expositions grenoblois, le ministre de l\u2019Industrie a pu d\u00e9couvrir \u00ab\u00a0des robots qui permettent d\u2019all\u00e9ger les t\u00e2ches industrielles, donc c\u2019est de moins en moins p\u00e9nible\u00a0\u00bb.<\/p>\n<h2><span style=\"color: #009ddf;\"><strong>\u00ab\u00a0Chaque emploi industriel, c\u2019est trois emplois dans la r\u00e9gion\u00a0\u00bb<\/strong><\/span><\/h2>\n<p>Enfin, il a relev\u00e9 qu\u2019il s\u2019agissait d\u2019une exposition professionnelle qui refl\u00e8te le savoir-faire territorial. \u00ab\u00a0C\u2019est un salon r\u00e9gional, \u00e7a c\u2019est tr\u00e8s important, parce que l\u2019industrie, \u00e7a se fait souvent au niveau r\u00e9gional, \u00e7a fait vivre une r\u00e9gion, \u00e7a fait vivre des \u00e9coles, \u00e7a fait vivre des commerces. Chaque emploi industriel, c\u2019est trois emplois dans la r\u00e9gion, donc on est tr\u00e8s contents de pouvoir aussi contribuer \u00e0 ces salons qui sont plus r\u00e9gionaux.\u00a0\u00bb<\/p>\n<p>De son c\u00f4t\u00e9, S\u00e9bastien Gillet, directeur de la division salons professionnels de GL Events Exhibitions, organisateur des Sepem, dont la direction est assur\u00e9e par Julie Voyer, s\u2019est f\u00e9licit\u00e9 de recevoir enfin une telle personnalit\u00e9. \u00ab\u00a0Pour une premi\u00e8re fois sur les Sepem [sept salons sont organis\u00e9s sur deux ans partout en France], jamais un ministre a fait le d\u00e9placement, jamais un ministre a eu autant d\u2019importance sur un salon comme celui-ci, parce qu\u2019il est rest\u00e9 quand m\u00eame plus de deux heures. Donc je crois que c\u2019est une vraie reconnaissance pour les industriels, pas qu\u2019\u00e0 Grenoble d\u2019ailleurs. On sait qu\u2019il y a des gros enjeux demain, et qui plus est, \u00e0 Grenoble, c\u2019est aussi une terre industrielle. Donc c\u2019est une vraie reconnaissance d\u2019avoir le ministre pour une premi\u00e8re fois chez nous.\u00a0\u00bb[\/vc_column_text][vc_btn title=&#8221;Retour aux MP LIVE&#8221; style=&#8221;custom&#8221; custom_background=&#8221;#009ddf&#8221; custom_text=&#8221;#ffffff&#8221; shape=&#8221;round&#8221; i_icon_fontawesome=&#8221;fas fa-arrow-left&#8221; add_icon=&#8221;true&#8221; link=&#8221;url:https%3A%2F%2Fwww.machinesproduction.fr%2Ftv%2Fles-mp-live%2F|title:les%20Focus&#8221;][\/vc_column][\/vc_row]<\/p>\n<\/section>","protected":false},"excerpt":{"rendered":"<p>[vc_row equal_height=&#8221;yes&#8221; content_placement=&#8221;middle&#8221;][vc_column][vc_row_inner content_placement=&#8221;top&#8221;][vc_column_inner][vc_column_text] SALON SEPEM 2022 Roland Lescure : \u00ab Il faut donner envie d\u2019industrie \u00bb [\/vc_column_text][\/vc_column_inner][\/vc_row_inner][\/vc_column][\/vc_row][vc_row equal_height=&#8221;yes&#8221; content_placement=&#8221;middle&#8221;][vc_column][vc_empty_space height=&#8221;30px&#8221;][vc_empty_space height=&#8221;30px&#8221;][vc_column_text]En d\u00e9placement \u00e0 Grenoble pour inaugurer le salon Sepem, qui a rassembl\u00e9 du 22 au 24 novembre, \u00e0 la fois les sous-traitants, fournisseurs d\u2019\u00e9quipements industriels et organismes de formation, le ministre d\u00e9l\u00e9gu\u00e9 charg\u00e9 de [&hellip;]<\/p>\n","protected":false},"author":3,"featured_media":1698,"parent":0,"menu_order":0,"comment_status":"closed","ping_status":"closed","template":"","meta":{"_monsterinsights_skip_tracking":false,"_monsterinsights_sitenote_active":false,"_monsterinsights_sitenote_note":"","_monsterinsights_sitenote_category":0,"footnotes":""},"wf_page_folders":[13],"class_list":["post-1693","page","type-page","status-publish","has-post-thumbnail","hentry"],"yoast_head":"<!-- This site is optimized with the Yoast SEO plugin v27.1.1 - https:\/\/yoast.com\/product\/yoast-seo-wordpress\/ -->\n<title>Live - 25 - SEPEM - Roland Lescure Ministre de l&#039;industrie<\/title>\n<meta name=\"description\" content=\"En direct du salon Sepem 2022, J\u00e9r\u00f4me Meyrand, R\u00e9dacteur en Chef de Machines Production TV, interview Roland Lescure, Ministre de l&#039;industrie\" \/>\n<meta name=\"robots\" content=\"index, follow, max-snippet:-1, max-image-preview:large, max-video-preview:-1\" \/>\n<link rel=\"canonical\" href=\"https:\/\/www.machinesproduction.fr\/tv\/live-25-sepem-laurent-lescure\/\" \/>\n<meta property=\"og:locale\" content=\"fr_FR\" \/>\n<meta property=\"og:type\" content=\"article\" \/>\n<meta property=\"og:title\" content=\"En Live depuis SEPEM 2022 - Roland Lescure Ministre de l&#039;industrie\" \/>\n<meta property=\"og:description\" content=\"En direct du salon SEPEM 2022, J\u00e9r\u00f4me Meyrand, R\u00e9dacteur en Chef de Machines Production TV, interview Roland Lescure Ministre de l&#039;industrie\" \/>\n<meta property=\"og:url\" content=\"https:\/\/www.machinesproduction.fr\/tv\/live-25-sepem-laurent-lescure\/\" \/>\n<meta property=\"og:site_name\" content=\"Machines Production TV\" \/>\n<meta property=\"article:modified_time\" content=\"2022-11-25T14:08:50+00:00\" \/>\n<meta property=\"og:image\" content=\"https:\/\/www.machinesproduction.fr\/tv\/wp-content\/uploads\/2022\/11\/Live-Ministre-Roland-Lescure.jpg\" \/>\n\t<meta property=\"og:image:width\" content=\"1280\" \/>\n\t<meta property=\"og:image:height\" content=\"720\" \/>\n\t<meta property=\"og:image:type\" content=\"image\/jpeg\" \/>\n<meta name=\"twitter:card\" content=\"summary_large_image\" \/>\n<meta name=\"twitter:title\" content=\"En Live depuis SEPEM 2022 - Roland Lescure Ministre de l&#039;industrie\" \/>\n<meta name=\"twitter:description\" content=\"En direct du salon SEPEM 2022, J\u00e9r\u00f4me Meyrand, R\u00e9dacteur en Chef de Machines Production TV, interview Roland Lescure Ministre de l&#039;industrie\" \/>\n<meta name=\"twitter:image\" content=\"https:\/\/www.machinesproduction.fr\/tv\/wp-content\/uploads\/2022\/11\/Live-Ministre-Roland-Lescure.jpg\" \/>\n<meta name=\"twitter:label1\" content=\"Dur\u00e9e de lecture estim\u00e9e\" \/>\n\t<meta name=\"twitter:data1\" content=\"3 minutes\" \/>\n<script type=\"application\/ld+json\" class=\"yoast-schema-graph\">{\"@context\":\"https:\/\/schema.org\",\"@graph\":[{\"@type\":\"WebPage\",\"@id\":\"https:\/\/www.machinesproduction.fr\/tv\/live-25-sepem-laurent-lescure\/\",\"url\":\"https:\/\/www.machinesproduction.fr\/tv\/live-25-sepem-laurent-lescure\/\",\"name\":\"Live - 25 - SEPEM - Roland Lescure Ministre de l'industrie\",\"isPartOf\":{\"@id\":\"https:\/\/www.machinesproduction.fr\/tv\/#website\"},\"primaryImageOfPage\":{\"@id\":\"https:\/\/www.machinesproduction.fr\/tv\/live-25-sepem-laurent-lescure\/#primaryimage\"},\"image\":{\"@id\":\"https:\/\/www.machinesproduction.fr\/tv\/live-25-sepem-laurent-lescure\/#primaryimage\"},\"thumbnailUrl\":\"https:\/\/www.machinesproduction.fr\/tv\/wp-content\/uploads\/2022\/11\/Live-Ministre-Roland-Lescure-carre\u0301.jpg\",\"datePublished\":\"2022-11-25T13:32:48+00:00\",\"dateModified\":\"2022-11-25T14:08:50+00:00\",\"description\":\"En direct du salon Sepem 2022, J\u00e9r\u00f4me Meyrand, R\u00e9dacteur en Chef de Machines Production TV, interview Roland Lescure, Ministre de l'industrie\",\"breadcrumb\":{\"@id\":\"https:\/\/www.machinesproduction.fr\/tv\/live-25-sepem-laurent-lescure\/#breadcrumb\"},\"inLanguage\":\"fr-FR\",\"potentialAction\":[{\"@type\":\"ReadAction\",\"target\":[\"https:\/\/www.machinesproduction.fr\/tv\/live-25-sepem-laurent-lescure\/\"]}]},{\"@type\":\"ImageObject\",\"inLanguage\":\"fr-FR\",\"@id\":\"https:\/\/www.machinesproduction.fr\/tv\/live-25-sepem-laurent-lescure\/#primaryimage\",\"url\":\"https:\/\/www.machinesproduction.fr\/tv\/wp-content\/uploads\/2022\/11\/Live-Ministre-Roland-Lescure-carre\u0301.jpg\",\"contentUrl\":\"https:\/\/www.machinesproduction.fr\/tv\/wp-content\/uploads\/2022\/11\/Live-Ministre-Roland-Lescure-carre\u0301.jpg\",\"width\":1080,\"height\":1080},{\"@type\":\"BreadcrumbList\",\"@id\":\"https:\/\/www.machinesproduction.fr\/tv\/live-25-sepem-laurent-lescure\/#breadcrumb\",\"itemListElement\":[{\"@type\":\"ListItem\",\"position\":1,\"name\":\"Home\",\"item\":\"https:\/\/www.machinesproduction.fr\/tv\/\"},{\"@type\":\"ListItem\",\"position\":2,\"name\":\"Live 25 &#8211; Sepem &#8211; Laurent Lescure\"}]},{\"@type\":\"WebSite\",\"@id\":\"https:\/\/www.machinesproduction.fr\/tv\/#website\",\"url\":\"https:\/\/www.machinesproduction.fr\/tv\/\",\"name\":\"Machines Production TV\",\"description\":\"\",\"potentialAction\":[{\"@type\":\"SearchAction\",\"target\":{\"@type\":\"EntryPoint\",\"urlTemplate\":\"https:\/\/www.machinesproduction.fr\/tv\/?s={search_term_string}\"},\"query-input\":{\"@type\":\"PropertyValueSpecification\",\"valueRequired\":true,\"valueName\":\"search_term_string\"}}],\"inLanguage\":\"fr-FR\"}]}<\/script>\n<!-- \/ Yoast SEO plugin. -->","yoast_head_json":{"title":"Live - 25 - SEPEM - Roland Lescure Ministre de l'industrie","description":"En direct du salon Sepem 2022, J\u00e9r\u00f4me Meyrand, R\u00e9dacteur en Chef de Machines Production TV, interview Roland Lescure, Ministre de l'industrie","robots":{"index":"index","follow":"follow","max-snippet":"max-snippet:-1","max-image-preview":"max-image-preview:large","max-video-preview":"max-video-preview:-1"},"canonical":"https:\/\/www.machinesproduction.fr\/tv\/live-25-sepem-laurent-lescure\/","og_locale":"fr_FR","og_type":"article","og_title":"En Live depuis SEPEM 2022 - Roland Lescure Ministre de l'industrie","og_description":"En direct du salon SEPEM 2022, J\u00e9r\u00f4me Meyrand, R\u00e9dacteur en Chef de Machines Production TV, interview Roland Lescure Ministre de l'industrie","og_url":"https:\/\/www.machinesproduction.fr\/tv\/live-25-sepem-laurent-lescure\/","og_site_name":"Machines Production TV","article_modified_time":"2022-11-25T14:08:50+00:00","og_image":[{"width":1280,"height":720,"url":"https:\/\/www.machinesproduction.fr\/tv\/wp-content\/uploads\/2022\/11\/Live-Ministre-Roland-Lescure.jpg","type":"image\/jpeg"}],"twitter_card":"summary_large_image","twitter_title":"En Live depuis SEPEM 2022 - Roland Lescure Ministre de l'industrie","twitter_description":"En direct du salon SEPEM 2022, J\u00e9r\u00f4me Meyrand, R\u00e9dacteur en Chef de Machines Production TV, interview Roland Lescure Ministre de l'industrie","twitter_image":"https:\/\/www.machinesproduction.fr\/tv\/wp-content\/uploads\/2022\/11\/Live-Ministre-Roland-Lescure.jpg","twitter_misc":{"Dur\u00e9e de lecture estim\u00e9e":"3 minutes"},"schema":{"@context":"https:\/\/schema.org","@graph":[{"@type":"WebPage","@id":"https:\/\/www.machinesproduction.fr\/tv\/live-25-sepem-laurent-lescure\/","url":"https:\/\/www.machinesproduction.fr\/tv\/live-25-sepem-laurent-lescure\/","name":"Live - 25 - SEPEM - Roland Lescure Ministre de l'industrie","isPartOf":{"@id":"https:\/\/www.machinesproduction.fr\/tv\/#website"},"primaryImageOfPage":{"@id":"https:\/\/www.machinesproduction.fr\/tv\/live-25-sepem-laurent-lescure\/#primaryimage"},"image":{"@id":"https:\/\/www.machinesproduction.fr\/tv\/live-25-sepem-laurent-lescure\/#primaryimage"},"thumbnailUrl":"https:\/\/www.machinesproduction.fr\/tv\/wp-content\/uploads\/2022\/11\/Live-Ministre-Roland-Lescure-carre\u0301.jpg","datePublished":"2022-11-25T13:32:48+00:00","dateModified":"2022-11-25T14:08:50+00:00","description":"En direct du salon Sepem 2022, J\u00e9r\u00f4me Meyrand, R\u00e9dacteur en Chef de Machines Production TV, interview Roland Lescure, Ministre de l'industrie","breadcrumb":{"@id":"https:\/\/www.machinesproduction.fr\/tv\/live-25-sepem-laurent-lescure\/#breadcrumb"},"inLanguage":"fr-FR","potentialAction":[{"@type":"ReadAction","target":["https:\/\/www.machinesproduction.fr\/tv\/live-25-sepem-laurent-lescure\/"]}]},{"@type":"ImageObject","inLanguage":"fr-FR","@id":"https:\/\/www.machinesproduction.fr\/tv\/live-25-sepem-laurent-lescure\/#primaryimage","url":"https:\/\/www.machinesproduction.fr\/tv\/wp-content\/uploads\/2022\/11\/Live-Ministre-Roland-Lescure-carre\u0301.jpg","contentUrl":"https:\/\/www.machinesproduction.fr\/tv\/wp-content\/uploads\/2022\/11\/Live-Ministre-Roland-Lescure-carre\u0301.jpg","width":1080,"height":1080},{"@type":"BreadcrumbList","@id":"https:\/\/www.machinesproduction.fr\/tv\/live-25-sepem-laurent-lescure\/#breadcrumb","itemListElement":[{"@type":"ListItem","position":1,"name":"Home","item":"https:\/\/www.machinesproduction.fr\/tv\/"},{"@type":"ListItem","position":2,"name":"Live 25 &#8211; Sepem &#8211; Laurent Lescure"}]},{"@type":"WebSite","@id":"https:\/\/www.machinesproduction.fr\/tv\/#website","url":"https:\/\/www.machinesproduction.fr\/tv\/","name":"Machines Production TV","description":"","potentialAction":[{"@type":"SearchAction","target":{"@type":"EntryPoint","urlTemplate":"https:\/\/www.machinesproduction.fr\/tv\/?s={search_term_string}"},"query-input":{"@type":"PropertyValueSpecification","valueRequired":true,"valueName":"search_term_string"}}],"inLanguage":"fr-FR"}]}},"_links":{"self":[{"href":"https:\/\/www.machinesproduction.fr\/tv\/wp-json\/wp\/v2\/pages\/1693","targetHints":{"allow":["GET"]}}],"collection":[{"href":"https:\/\/www.machinesproduction.fr\/tv\/wp-json\/wp\/v2\/pages"}],"about":[{"href":"https:\/\/www.machinesproduction.fr\/tv\/wp-json\/wp\/v2\/types\/page"}],"author":[{"embeddable":true,"href":"https:\/\/www.machinesproduction.fr\/tv\/wp-json\/wp\/v2\/users\/3"}],"replies":[{"embeddable":true,"href":"https:\/\/www.machinesproduction.fr\/tv\/wp-json\/wp\/v2\/comments?post=1693"}],"version-history":[{"count":3,"href":"https:\/\/www.machinesproduction.fr\/tv\/wp-json\/wp\/v2\/pages\/1693\/revisions"}],"predecessor-version":[{"id":1699,"href":"https:\/\/www.machinesproduction.fr\/tv\/wp-json\/wp\/v2\/pages\/1693\/revisions\/1699"}],"wp:featuredmedia":[{"embeddable":true,"href":"https:\/\/www.machinesproduction.fr\/tv\/wp-json\/wp\/v2\/media\/1698"}],"wp:attachment":[{"href":"https:\/\/www.machinesproduction.fr\/tv\/wp-json\/wp\/v2\/media?parent=1693"}],"wp:term":[{"taxonomy":"wf_page_folders","embeddable":true,"href":"https:\/\/www.machinesproduction.fr\/tv\/wp-json\/wp\/v2\/wf_page_folders?post=1693"}],"curies":[{"name":"wp","href":"https:\/\/api.w.org\/{rel}","templated":true}]}}