{"id":1648,"date":"2022-10-17T20:59:50","date_gmt":"2022-10-17T19:59:50","guid":{"rendered":"https:\/\/www.machinesproduction.fr\/tv\/?page_id=1648"},"modified":"2026-02-16T20:10:59","modified_gmt":"2026-02-16T19:10:59","slug":"interview-gilles-perret-film-reprise-en-main","status":"publish","type":"page","link":"https:\/\/www.machinesproduction.fr\/tv\/interview-gilles-perret-film-reprise-en-main\/","title":{"rendered":"Interview Gilles Perret &#8211; film &#8220;Reprise en main&#8221;"},"content":{"rendered":"<section class=\"wpb-content-wrapper\"><p>[vc_row][vc_column][vc_column_text]<\/p>\n<h3><span style=\"color: #ffffff;\">Interview : Gilles Perret, r\u00e9alisateur du film <span style=\"color: #009ddf;\">&#8220;Reprise en main&#8221;<\/span><\/span><\/h3>\n<p>[\/vc_column_text][vc_video link=&#8221;https:\/\/youtu.be\/Z1T1AGfa-5k&#8221;][vc_btn title=&#8221;Retour aux REPORTAGES&#8221; style=&#8221;custom&#8221; custom_background=&#8221;#009ddf&#8221; custom_text=&#8221;#ffffff&#8221; shape=&#8221;round&#8221; i_icon_fontawesome=&#8221;fas fa-arrow-left&#8221; add_icon=&#8221;true&#8221; link=&#8221;url:https%3A%2F%2Fwww.machinesproduction.fr%2Ftv%2Fles-reportages%2F|title:les%20Focus&#8221;][vc_column_text]<strong>Interview<\/strong><\/p>\n<h2><span style=\"color: #009ddf;\"><strong>\u00ab\u00a0Redonner un peu de valeur aux m\u00e9tiers manuels\u00a0\u00bb<\/strong><\/span><\/h2>\n<p>&nbsp;<\/p>\n<h3><span style=\"color: #ffffff;\"><strong>Entretien avec Gilles Perret, r\u00e9alisateur du film \u00ab\u00a0Reprise en main\u00a0\u00bb, qui sort en salle mercredi 19 octobre.<\/strong><\/span><\/h3>\n<p>\u00ab\u00a0Reprise en main\u00a0\u00bb est la premi\u00e8re fiction du r\u00e9alisateur de documentaires Gilles Perret. Lui-m\u00eame natif de la vall\u00e9e de l\u2019Arve, en Haute-Savoie, o\u00f9 son film a \u00e9t\u00e9 tourn\u00e9, il a souhait\u00e9 utiliser le cas d\u2019une entreprise de d\u00e9colletage, une industrie qui est n\u00e9e sur ce territoire de montagnards, pour d\u00e9noncer l\u2019emprise des fonds d\u2019investissement sur ces PME au savoir-faire unique, que seuls les salari\u00e9s et leurs patrons-fondateurs ma\u00eetrisent. D\u00e9j\u00e0 encens\u00e9 par les critiques, le film est \u00e0 l\u2019affiche mercredi 19 octobre. Dans cet entretien, Gilles Perret explique pourquoi il a souhait\u00e9 faire ce film, 16 ans apr\u00e8s son premier documentaire \u00ab\u00a0Ma mondialisation\u00a0\u00bb, qui d\u00e9non\u00e7ait d\u00e9j\u00e0 la d\u00e9localisation et l\u2019influence des fonds de pension dans les entreprises, qui recherchent avant tout une rentabilit\u00e9 maximale dans des temps records.<\/p>\n<h3><span style=\"color: #ffffff;\"><strong>Quelle est l\u2019histoire du film \u00ab\u00a0Reprise en main\u00a0\u00bb\u00a0?<\/strong><\/span><\/h3>\n<p>C\u2019est l\u2019histoire de C\u00e9dric, un ouvrier d\u00e9colleteur qui travaille dans une entreprise, qui a \u00e9t\u00e9 rachet\u00e9e quelques ann\u00e9es auparavant par un fonds d\u2019investissement. L\u2019entreprise est en train d\u2019\u00eatre un peu mise dans le mur, parce qu\u2019il n\u2019y a pas d\u2019investissements dans les machines-outils. On comptera un petit peu le personnel. Du coup, il y a une ambiance d\u00e9l\u00e9t\u00e8re et C\u00e9dric apprend que la bo\u00eete va \u00eatre rachet\u00e9e de nouveau, une nouvelle fois par la m\u00e9thode des LBO, qui est bien connue par ceux qui s\u2019int\u00e9ressent \u00e0 ces questions de rachat d\u2019entreprises industrielles par des financiers.<\/p>\n<p><span style=\"color: #009ddf;\">C\u2019est, d\u2019une certaine mani\u00e8re, le point tournant du film, puisque la m\u00e9thode des LBO va redonner de l\u2019espoir \u00e0 C\u00e9dric, qu\u2019il est possible, avec peu d\u2019argent finalement, de racheter son entreprise\u2026<\/span><\/p>\n<p>D\u2019o\u00f9 l\u2019id\u00e9e pour C\u00e9dric, aid\u00e9s par des amis, de monter leur propre fonds d\u2019investissement, en se d\u00e9guisant en financiers et d\u2019aller piquer la bo\u00eete \u00e0 l\u2019insu des investisseurs. Alors \u00e9videmment, cela g\u00e9n\u00e8re de la com\u00e9die parce que, forc\u00e9ment, ils n\u2019ont pas tous les codes.<\/p>\n<p><span style=\"color: #009ddf;\">Un film avec comme toile de fond la vall\u00e9e de l\u2019Arve, et sa concentration d\u2019entreprises de d\u00e9colletage, pour la plupart familiales. Et ses montagnes aussi, avec ses habitants qui l\u2019incarnent\u2026<\/span><\/p>\n<p>En effet, c\u2019est une histoire qui est tr\u00e8s implant\u00e9e dans la vall\u00e9e de l\u2019Arve. Avec la culture de la vall\u00e9e. Il y a de la montagne, il y a de l\u2019escalade, il y a de la fondue, il y a des copains, il y a des bistrots. Et il y \u00e0 l\u2019usine aussi.<\/p>\n<p><span style=\"color: #009ddf;\">Quel message avez-vous voulu faire passer dans cette premi\u00e8re fiction que vous r\u00e9alisez, apr\u00e8s avoir d\u00e9but\u00e9 votre carri\u00e8re dans le documentaire\u00a0?<\/span><\/p>\n<p>D\u00e9j\u00e0, c\u2019est d\u2019arr\u00eater avec le climat anxiog\u00e8ne ambiant. On peut faire des films sociaux ou des histoires sociales qui se finissent bien. D\u2019ailleurs, c\u2019est pour \u00e7a qu\u2019il y a de l\u2019humour et qu\u2019il y a aussi de l\u2019\u00e9motion. Puis, j\u2019ai voulu montrer qu\u2019il y a des beaux m\u00e9tiers dans l\u2019industrie et que l\u2019industrie \u00e7a marche encore en France, qu\u2019il y a des gens malins qui font de beaux produits. Dans la vall\u00e9e, il y a des entreprises qui travaillent pour tous les constructeurs automobiles du monde. Le film est l\u00e0 aussi pour redonner un petit peu de valeur et de cr\u00e9dit aux m\u00e9tiers manuels et ceux que l\u2019on exerce \u00e0 l\u2019usine, qui sont des m\u00e9tiers \u00e0 la fois bien r\u00e9mun\u00e9r\u00e9s et qui peuvent \u00eatre aussi valorisants. Parce que quand on voit ce que sont devenus les m\u00e9tiers dans l\u2019industrie du service comme on dit, ce n\u2019est gu\u00e8re plus enviable que les m\u00e9tiers industriels. Donc, ce film est l\u00e0 pour redonner aussi une image de ces m\u00e9tiers-l\u00e0, de l\u2019industrie en g\u00e9n\u00e9ral, et aussi pour faire voir cette vall\u00e9e industrielle qui, finalement, est assez peu connue.<\/p>\n<p><span style=\"color: #009ddf;\">En effet, la Haute-Savoie est davantage per\u00e7ue par le grand public comme un d\u00e9partement touristique\u2026<\/span><\/p>\n<p>On conna\u00eet Annecy, on conna\u00eet Chamonix et on conna\u00eet Meg\u00e8ve, mais la vall\u00e9e de l\u2019Arve, pas du tout. M\u00eame \u00e0 Annecy, certains ne connaissent pas bien ce qui se passe dans cette vall\u00e9e. Donc au moins, on la verra sous un autre angle.<\/p>\n<p>Entretien r\u00e9alis\u00e9 par J\u00e9r\u00f4me Meyrand[\/vc_column_text][\/vc_column][\/vc_row]<\/p>\n<\/section>","protected":false},"excerpt":{"rendered":"<p>[vc_row][vc_column][vc_column_text] Interview : Gilles Perret, r\u00e9alisateur du film &#8220;Reprise en main&#8221; [\/vc_column_text][vc_video link=&#8221;https:\/\/youtu.be\/Z1T1AGfa-5k&#8221;][vc_btn title=&#8221;Retour aux REPORTAGES&#8221; style=&#8221;custom&#8221; custom_background=&#8221;#009ddf&#8221; custom_text=&#8221;#ffffff&#8221; shape=&#8221;round&#8221; i_icon_fontawesome=&#8221;fas fa-arrow-left&#8221; add_icon=&#8221;true&#8221; link=&#8221;url:https%3A%2F%2Fwww.machinesproduction.fr%2Ftv%2Fles-reportages%2F|title:les%20Focus&#8221;][vc_column_text]Interview \u00ab\u00a0Redonner un peu de valeur aux m\u00e9tiers manuels\u00a0\u00bb &nbsp; Entretien avec Gilles Perret, r\u00e9alisateur du film \u00ab\u00a0Reprise en main\u00a0\u00bb, qui sort en salle mercredi 19 octobre. \u00ab\u00a0Reprise en main\u00a0\u00bb est la [&hellip;]<\/p>\n","protected":false},"author":3,"featured_media":1654,"parent":0,"menu_order":0,"comment_status":"closed","ping_status":"closed","template":"","meta":{"_monsterinsights_skip_tracking":false,"_monsterinsights_sitenote_active":false,"_monsterinsights_sitenote_note":"","_monsterinsights_sitenote_category":0,"footnotes":""},"wf_page_folders":[35],"class_list":["post-1648","page","type-page","status-publish","has-post-thumbnail","hentry"],"yoast_head":"<!-- This site is optimized with the Yoast SEO plugin v27.1.1 - https:\/\/yoast.com\/product\/yoast-seo-wordpress\/ -->\n<title>Gilles Perret R\u00e9alisateur du film &quot;Reprise en main&quot;<\/title>\n<meta name=\"description\" content=\"Retrouvez Gilles Perret, r\u00e9alisateur du film &quot;Reprise en main&quot; interview\u00e9 par J\u00e9r\u00f4me Meyrand, r\u00e9dacteur en chef de Machines Production.\" \/>\n<meta name=\"robots\" content=\"index, follow, max-snippet:-1, max-image-preview:large, max-video-preview:-1\" \/>\n<link rel=\"canonical\" href=\"https:\/\/www.machinesproduction.fr\/tv\/interview-gilles-perret-film-reprise-en-main\/\" \/>\n<meta property=\"og:locale\" content=\"fr_FR\" \/>\n<meta property=\"og:type\" content=\"article\" \/>\n<meta property=\"og:title\" content=\"Gilles Perret R\u00e9alisateur du film &quot;Reprise en main&quot;\" \/>\n<meta property=\"og:description\" content=\"Retrouvez Gilles Perret, r\u00e9alisateur du film &quot;Reprise en main&quot; interview\u00e9 par J\u00e9r\u00f4me Meyrand, r\u00e9dacteur en chef de Machines Production.\" \/>\n<meta property=\"og:url\" content=\"https:\/\/www.machinesproduction.fr\/tv\/interview-gilles-perret-film-reprise-en-main\/\" \/>\n<meta property=\"og:site_name\" content=\"Machines Production TV\" \/>\n<meta property=\"article:modified_time\" content=\"2026-02-16T19:10:59+00:00\" \/>\n<meta property=\"og:image\" content=\"https:\/\/www.machinesproduction.fr\/tv\/wp-content\/uploads\/2022\/10\/Reportage-Gilles-Perret_Reprise-en-main.jpg\" \/>\n\t<meta property=\"og:image:width\" content=\"1280\" \/>\n\t<meta property=\"og:image:height\" content=\"720\" \/>\n\t<meta property=\"og:image:type\" content=\"image\/jpeg\" \/>\n<meta name=\"twitter:card\" content=\"summary_large_image\" \/>\n<meta name=\"twitter:label1\" content=\"Dur\u00e9e de lecture estim\u00e9e\" \/>\n\t<meta name=\"twitter:data1\" content=\"4 minutes\" \/>\n<script type=\"application\/ld+json\" class=\"yoast-schema-graph\">{\"@context\":\"https:\/\/schema.org\",\"@graph\":[{\"@type\":\"WebPage\",\"@id\":\"https:\/\/www.machinesproduction.fr\/tv\/interview-gilles-perret-film-reprise-en-main\/\",\"url\":\"https:\/\/www.machinesproduction.fr\/tv\/interview-gilles-perret-film-reprise-en-main\/\",\"name\":\"Gilles Perret R\u00e9alisateur du film \\\"Reprise en main\\\"\",\"isPartOf\":{\"@id\":\"https:\/\/www.machinesproduction.fr\/tv\/#website\"},\"primaryImageOfPage\":{\"@id\":\"https:\/\/www.machinesproduction.fr\/tv\/interview-gilles-perret-film-reprise-en-main\/#primaryimage\"},\"image\":{\"@id\":\"https:\/\/www.machinesproduction.fr\/tv\/interview-gilles-perret-film-reprise-en-main\/#primaryimage\"},\"thumbnailUrl\":\"https:\/\/www.machinesproduction.fr\/tv\/wp-content\/uploads\/2022\/10\/Reportage-Gilles-Perret_Reprise-en-main.jpg\",\"datePublished\":\"2022-10-17T19:59:50+00:00\",\"dateModified\":\"2026-02-16T19:10:59+00:00\",\"description\":\"Retrouvez Gilles Perret, r\u00e9alisateur du film \\\"Reprise en main\\\" interview\u00e9 par J\u00e9r\u00f4me Meyrand, r\u00e9dacteur en chef de Machines Production.\",\"breadcrumb\":{\"@id\":\"https:\/\/www.machinesproduction.fr\/tv\/interview-gilles-perret-film-reprise-en-main\/#breadcrumb\"},\"inLanguage\":\"fr-FR\",\"potentialAction\":[{\"@type\":\"ReadAction\",\"target\":[\"https:\/\/www.machinesproduction.fr\/tv\/interview-gilles-perret-film-reprise-en-main\/\"]}]},{\"@type\":\"ImageObject\",\"inLanguage\":\"fr-FR\",\"@id\":\"https:\/\/www.machinesproduction.fr\/tv\/interview-gilles-perret-film-reprise-en-main\/#primaryimage\",\"url\":\"https:\/\/www.machinesproduction.fr\/tv\/wp-content\/uploads\/2022\/10\/Reportage-Gilles-Perret_Reprise-en-main.jpg\",\"contentUrl\":\"https:\/\/www.machinesproduction.fr\/tv\/wp-content\/uploads\/2022\/10\/Reportage-Gilles-Perret_Reprise-en-main.jpg\",\"width\":1280,\"height\":720},{\"@type\":\"BreadcrumbList\",\"@id\":\"https:\/\/www.machinesproduction.fr\/tv\/interview-gilles-perret-film-reprise-en-main\/#breadcrumb\",\"itemListElement\":[{\"@type\":\"ListItem\",\"position\":1,\"name\":\"Home\",\"item\":\"https:\/\/www.machinesproduction.fr\/tv\/\"},{\"@type\":\"ListItem\",\"position\":2,\"name\":\"Interview Gilles Perret &#8211; film \u00ab\u00a0Reprise en main\u00a0\u00bb\"}]},{\"@type\":\"WebSite\",\"@id\":\"https:\/\/www.machinesproduction.fr\/tv\/#website\",\"url\":\"https:\/\/www.machinesproduction.fr\/tv\/\",\"name\":\"Machines Production TV\",\"description\":\"\",\"potentialAction\":[{\"@type\":\"SearchAction\",\"target\":{\"@type\":\"EntryPoint\",\"urlTemplate\":\"https:\/\/www.machinesproduction.fr\/tv\/?s={search_term_string}\"},\"query-input\":{\"@type\":\"PropertyValueSpecification\",\"valueRequired\":true,\"valueName\":\"search_term_string\"}}],\"inLanguage\":\"fr-FR\"}]}<\/script>\n<!-- \/ Yoast SEO plugin. -->","yoast_head_json":{"title":"Gilles Perret R\u00e9alisateur du film \"Reprise en main\"","description":"Retrouvez Gilles Perret, r\u00e9alisateur du film \"Reprise en main\" interview\u00e9 par J\u00e9r\u00f4me Meyrand, r\u00e9dacteur en chef de Machines Production.","robots":{"index":"index","follow":"follow","max-snippet":"max-snippet:-1","max-image-preview":"max-image-preview:large","max-video-preview":"max-video-preview:-1"},"canonical":"https:\/\/www.machinesproduction.fr\/tv\/interview-gilles-perret-film-reprise-en-main\/","og_locale":"fr_FR","og_type":"article","og_title":"Gilles Perret R\u00e9alisateur du film \"Reprise en main\"","og_description":"Retrouvez Gilles Perret, r\u00e9alisateur du film \"Reprise en main\" interview\u00e9 par J\u00e9r\u00f4me Meyrand, r\u00e9dacteur en chef de Machines Production.","og_url":"https:\/\/www.machinesproduction.fr\/tv\/interview-gilles-perret-film-reprise-en-main\/","og_site_name":"Machines Production TV","article_modified_time":"2026-02-16T19:10:59+00:00","og_image":[{"width":1280,"height":720,"url":"https:\/\/www.machinesproduction.fr\/tv\/wp-content\/uploads\/2022\/10\/Reportage-Gilles-Perret_Reprise-en-main.jpg","type":"image\/jpeg"}],"twitter_card":"summary_large_image","twitter_misc":{"Dur\u00e9e de lecture estim\u00e9e":"4 minutes"},"schema":{"@context":"https:\/\/schema.org","@graph":[{"@type":"WebPage","@id":"https:\/\/www.machinesproduction.fr\/tv\/interview-gilles-perret-film-reprise-en-main\/","url":"https:\/\/www.machinesproduction.fr\/tv\/interview-gilles-perret-film-reprise-en-main\/","name":"Gilles Perret R\u00e9alisateur du film \"Reprise en main\"","isPartOf":{"@id":"https:\/\/www.machinesproduction.fr\/tv\/#website"},"primaryImageOfPage":{"@id":"https:\/\/www.machinesproduction.fr\/tv\/interview-gilles-perret-film-reprise-en-main\/#primaryimage"},"image":{"@id":"https:\/\/www.machinesproduction.fr\/tv\/interview-gilles-perret-film-reprise-en-main\/#primaryimage"},"thumbnailUrl":"https:\/\/www.machinesproduction.fr\/tv\/wp-content\/uploads\/2022\/10\/Reportage-Gilles-Perret_Reprise-en-main.jpg","datePublished":"2022-10-17T19:59:50+00:00","dateModified":"2026-02-16T19:10:59+00:00","description":"Retrouvez Gilles Perret, r\u00e9alisateur du film \"Reprise en main\" interview\u00e9 par J\u00e9r\u00f4me Meyrand, r\u00e9dacteur en chef de Machines Production.","breadcrumb":{"@id":"https:\/\/www.machinesproduction.fr\/tv\/interview-gilles-perret-film-reprise-en-main\/#breadcrumb"},"inLanguage":"fr-FR","potentialAction":[{"@type":"ReadAction","target":["https:\/\/www.machinesproduction.fr\/tv\/interview-gilles-perret-film-reprise-en-main\/"]}]},{"@type":"ImageObject","inLanguage":"fr-FR","@id":"https:\/\/www.machinesproduction.fr\/tv\/interview-gilles-perret-film-reprise-en-main\/#primaryimage","url":"https:\/\/www.machinesproduction.fr\/tv\/wp-content\/uploads\/2022\/10\/Reportage-Gilles-Perret_Reprise-en-main.jpg","contentUrl":"https:\/\/www.machinesproduction.fr\/tv\/wp-content\/uploads\/2022\/10\/Reportage-Gilles-Perret_Reprise-en-main.jpg","width":1280,"height":720},{"@type":"BreadcrumbList","@id":"https:\/\/www.machinesproduction.fr\/tv\/interview-gilles-perret-film-reprise-en-main\/#breadcrumb","itemListElement":[{"@type":"ListItem","position":1,"name":"Home","item":"https:\/\/www.machinesproduction.fr\/tv\/"},{"@type":"ListItem","position":2,"name":"Interview Gilles Perret &#8211; film \u00ab\u00a0Reprise en main\u00a0\u00bb"}]},{"@type":"WebSite","@id":"https:\/\/www.machinesproduction.fr\/tv\/#website","url":"https:\/\/www.machinesproduction.fr\/tv\/","name":"Machines Production TV","description":"","potentialAction":[{"@type":"SearchAction","target":{"@type":"EntryPoint","urlTemplate":"https:\/\/www.machinesproduction.fr\/tv\/?s={search_term_string}"},"query-input":{"@type":"PropertyValueSpecification","valueRequired":true,"valueName":"search_term_string"}}],"inLanguage":"fr-FR"}]}},"_links":{"self":[{"href":"https:\/\/www.machinesproduction.fr\/tv\/wp-json\/wp\/v2\/pages\/1648","targetHints":{"allow":["GET"]}}],"collection":[{"href":"https:\/\/www.machinesproduction.fr\/tv\/wp-json\/wp\/v2\/pages"}],"about":[{"href":"https:\/\/www.machinesproduction.fr\/tv\/wp-json\/wp\/v2\/types\/page"}],"author":[{"embeddable":true,"href":"https:\/\/www.machinesproduction.fr\/tv\/wp-json\/wp\/v2\/users\/3"}],"replies":[{"embeddable":true,"href":"https:\/\/www.machinesproduction.fr\/tv\/wp-json\/wp\/v2\/comments?post=1648"}],"version-history":[{"count":7,"href":"https:\/\/www.machinesproduction.fr\/tv\/wp-json\/wp\/v2\/pages\/1648\/revisions"}],"predecessor-version":[{"id":2662,"href":"https:\/\/www.machinesproduction.fr\/tv\/wp-json\/wp\/v2\/pages\/1648\/revisions\/2662"}],"wp:featuredmedia":[{"embeddable":true,"href":"https:\/\/www.machinesproduction.fr\/tv\/wp-json\/wp\/v2\/media\/1654"}],"wp:attachment":[{"href":"https:\/\/www.machinesproduction.fr\/tv\/wp-json\/wp\/v2\/media?parent=1648"}],"wp:term":[{"taxonomy":"wf_page_folders","embeddable":true,"href":"https:\/\/www.machinesproduction.fr\/tv\/wp-json\/wp\/v2\/wf_page_folders?post=1648"}],"curies":[{"name":"wp","href":"https:\/\/api.w.org\/{rel}","templated":true}]}}