{"id":1614,"date":"2022-09-30T07:43:37","date_gmt":"2022-09-30T06:43:37","guid":{"rendered":"https:\/\/www.machinesproduction.fr\/tv\/?page_id=1614"},"modified":"2022-09-30T08:47:51","modified_gmt":"2022-09-30T07:47:51","slug":"live-24-micronora-directrices","status":"publish","type":"page","link":"https:\/\/www.machinesproduction.fr\/tv\/live-24-micronora-directrices\/","title":{"rendered":"Live 24 &#8211; Micronora &#8211; itw direction"},"content":{"rendered":"<section class=\"wpb-content-wrapper\"><p>[vc_row equal_height=&#8221;yes&#8221; content_placement=&#8221;middle&#8221;][vc_column][vc_row_inner content_placement=&#8221;top&#8221;][vc_column_inner width=&#8221;1\/4&#8243;][media image=&#8221;1581&#8243;][vc_column_text]<\/p>\n<h2><span style=\"color: #459bd9;\">Micronora 2022<\/span><\/h2>\n<p>[\/vc_column_text][\/vc_column_inner][vc_column_inner width=&#8221;3\/4&#8243;][vc_column_text]<\/p>\n<p data-wp-editing=\"1\"><em><span style=\"color: #459bd9; font-size: 18pt;\">Interview crois\u00e9e:\u00a0<\/span><\/em><\/p>\n<h1 data-wp-editing=\"1\"><span style=\"color: #009ddf;\">Sandra Liardon et Fanny Chauvin, co-directrices de Micronora.<\/span><\/h1>\n<p>[\/vc_column_text][\/vc_column_inner][\/vc_row_inner][\/vc_column][\/vc_row][vc_row equal_height=&#8221;yes&#8221; content_placement=&#8221;middle&#8221;][vc_column][vc_row_inner][vc_column_inner][\/vc_column_inner][\/vc_row_inner][vc_empty_space height=&#8221;30px&#8221;][vc_column_text]Pour ce nouveau Live\u00a0! de Machines Production, en direct du salon Micronora, qui se tenait du 27 au 30 septembre \u00e0 Besan\u00e7on (Doubs), nous recevions les codirectrices du salon des microtechniques, Sandra Liardon et Fanny Chauvin. Apr\u00e8s 17 ann\u00e9es pass\u00e9es \u00e0 l\u2019organisation, Sandra Liardon a d\u00e9cid\u00e9 de changer de voie, et c\u2019est Fanny Chauvin qui lui succ\u00e8de.<\/p>\n<p>Une 26e \u00e9dition qui est charg\u00e9e d\u2019\u00e9motion pour la directrice, qui part sereinement, car \u00ab je sais que je vais laisser Micronora entre les mains de quelqu\u2019un de tr\u00e8s comp\u00e9tent \u00bb.<\/p>\n<p>Organis\u00e9 tous les deux ans, Micronora, en plus d\u2019\u00eatre le seul salon des micro et nanotechnologies, est r\u00e9gi par une association Loi 1901\u00a0:<\/p>\n<blockquote>\n<p><strong>\u00ab\u00a0Un salon qui a \u00e9t\u00e9 cr\u00e9\u00e9e par des industriels pour les industriels, affirme Sandra Liardon, au micro de Machines Production TV.<\/strong><\/p>\n<\/blockquote>\n<p>C\u2019est un salon tr\u00e8s sp\u00e9cifique pour cela, et nous mettons tout en \u0153uvre pour que tout se passe de la meilleure des fa\u00e7ons possibles, toujours dans l\u2019int\u00e9r\u00eat des exposants et des visiteurs. On n\u2019est pas des vendeurs de m\u00e8tres carr\u00e9s. On fait notre maximum pour promouvoir les microtechniques\u00a0\u00bb.<\/p>\n<h2><span style=\"color: #009ddf;\"><strong>\u00ab\u00a0De merveilleux produits\u00a0\u00bb<\/strong><\/span><\/h2>\n<p>Fanny Chauvin conna\u00eet bien le secteur de la m\u00e9canique de pr\u00e9cision, puis qu\u2019elle a travaill\u00e9 pendant 20 ans \u00ab\u00a0dans un groupe r\u00e9gional qui faisait les composants de microtechniques\u00a0\u00bb, dit-elle sur le plateau de Machines Production, \u00e0 Besan\u00e7on. Et de reconna\u00eetre que la microm\u00e9canique est devenue \u00ab\u00a0quelque chose, comme une passion. J\u2019ai beaucoup d\u2019int\u00e9r\u00eat pour ces m\u00e9tiers. Donc quand j\u2019ai su que le poste se lib\u00e9rait, j\u2019ai tout de suite postul\u00e9. Je suis tr\u00e8s fi\u00e8re aujourd\u2019hui de reprendre la direction de Micronora\u00a0\u00bb, avoue notre invit\u00e9, qui entend \u00ab\u00a0d\u00e9fendre au mieux tous les int\u00e9r\u00eats de cette profession qui est quand m\u00eame magnifique. Et on a des exposants, ici, qui nous pr\u00e9sentent des innovations toujours plus extraordinaires les unes que les autres et notre but, qui est maintenant d\u00e9fendu depuis de longues ann\u00e9es, c\u2019est de les aider \u00e0 donner plus de visibilit\u00e9 \u00e0 ces innovations et ces merveilleux produits\u00a0\u00bb.<\/p>\n<p>Quant \u00e0 l\u2019ambiance dans les all\u00e9es du parc des expositions Micropolis de Besan\u00e7on, selon les deux directrices, elle a \u00e9t\u00e9 bonne. \u00ab\u00a0Nous allons r\u00e9guli\u00e8rement justement discuter avec les exposants, avec les visiteurs \u00e9galement, qui sont tous ravis. On sent qu\u2019il y a de la volont\u00e9 de se rencontrer. Tout le monde est tr\u00e8s heureux et surtout, on a un visitorat tr\u00e8s qualitatif et qui est l\u00e0 pour faire des affaires\u00a0\u00bb, souligne Sandra Liardon.[\/vc_column_text][vc_video link=&#8221;https:\/\/youtu.be\/iGt3v_m1i1k&#8221;][vc_btn title=&#8221;Retour aux MP LIVE&#8221; style=&#8221;custom&#8221; custom_background=&#8221;#009ddf&#8221; custom_text=&#8221;#ffffff&#8221; shape=&#8221;round&#8221; i_icon_fontawesome=&#8221;fas fa-arrow-left&#8221; add_icon=&#8221;true&#8221; link=&#8221;url:https%3A%2F%2Fwww.machinesproduction.fr%2Ftv%2Fles-mp-live%2F|title:les%20Focus&#8221;][\/vc_column][\/vc_row]<\/p>\n<\/section>","protected":false},"excerpt":{"rendered":"<p>[vc_row equal_height=&#8221;yes&#8221; content_placement=&#8221;middle&#8221;][vc_column][vc_row_inner content_placement=&#8221;top&#8221;][vc_column_inner width=&#8221;1\/4&#8243;][media image=&#8221;1581&#8243;][vc_column_text] Micronora 2022 [\/vc_column_text][\/vc_column_inner][vc_column_inner width=&#8221;3\/4&#8243;][vc_column_text] Interview crois\u00e9e:\u00a0 Sandra Liardon et Fanny Chauvin, co-directrices de Micronora. [\/vc_column_text][\/vc_column_inner][\/vc_row_inner][\/vc_column][\/vc_row][vc_row equal_height=&#8221;yes&#8221; content_placement=&#8221;middle&#8221;][vc_column][vc_row_inner][vc_column_inner][\/vc_column_inner][\/vc_row_inner][vc_empty_space height=&#8221;30px&#8221;][vc_column_text]Pour ce nouveau Live\u00a0! de Machines Production, en direct du salon Micronora, qui se tenait du 27 au 30 septembre \u00e0 Besan\u00e7on (Doubs), nous recevions les codirectrices du salon des microtechniques, Sandra [&hellip;]<\/p>\n","protected":false},"author":3,"featured_media":0,"parent":0,"menu_order":0,"comment_status":"closed","ping_status":"closed","template":"","meta":{"_monsterinsights_skip_tracking":false,"_monsterinsights_sitenote_active":false,"_monsterinsights_sitenote_note":"","_monsterinsights_sitenote_category":0,"footnotes":""},"wf_page_folders":[13],"class_list":["post-1614","page","type-page","status-publish","hentry"],"yoast_head":"<!-- This site is optimized with the Yoast SEO plugin v27.1.1 - https:\/\/yoast.com\/product\/yoast-seo-wordpress\/ -->\n<title>Live - 24 - Micronora - Interview des co-directrices<\/title>\n<meta name=\"description\" content=\"En direct du salon Micronora 2022, J\u00e9r\u00f4me Meyrand, R\u00e9dacteur en Chef de Machines Production TV, interview Sandra Liardon et Fanny Chauvin, co-directrices de Micronora\" \/>\n<meta name=\"robots\" content=\"index, follow, max-snippet:-1, max-image-preview:large, max-video-preview:-1\" \/>\n<link rel=\"canonical\" href=\"https:\/\/www.machinesproduction.fr\/tv\/live-24-micronora-directrices\/\" \/>\n<meta property=\"og:locale\" content=\"fr_FR\" \/>\n<meta property=\"og:type\" content=\"article\" \/>\n<meta property=\"og:title\" content=\"En Live depuis Micronora 2022 - Interview crois\u00e9e des co-directrices du salon Micronora\" \/>\n<meta property=\"og:description\" content=\"En direct du salon Micronora 2022, J\u00e9r\u00f4me Meyrand, R\u00e9dacteur en Chef de Machines Production TV, interview Sandra Liardon et Fanny Chauvin, co-directrices du salon\" \/>\n<meta property=\"og:url\" content=\"https:\/\/www.machinesproduction.fr\/tv\/live-24-micronora-directrices\/\" \/>\n<meta property=\"og:site_name\" content=\"Machines Production TV\" \/>\n<meta property=\"article:modified_time\" content=\"2022-09-30T07:47:51+00:00\" \/>\n<meta property=\"og:image\" content=\"https:\/\/www.machinesproduction.fr\/tv\/wp-content\/uploads\/2022\/09\/Live-Directrices-Micronora.jpg\" \/>\n\t<meta property=\"og:image:width\" content=\"1280\" \/>\n\t<meta property=\"og:image:height\" content=\"720\" \/>\n\t<meta property=\"og:image:type\" content=\"image\/jpeg\" \/>\n<meta name=\"twitter:card\" content=\"summary_large_image\" \/>\n<meta name=\"twitter:title\" content=\"En Live depuis Micronora 2022 - Interview crois\u00e9e des co-directrices du salon Micronora\" \/>\n<meta name=\"twitter:description\" content=\"En direct du salon Micronora 2022, J\u00e9r\u00f4me Meyrand, R\u00e9dacteur en Chef de Machines Production TV, interview Sandra Liardon et Fanny Chauvin, co-directrices du salon\" \/>\n<meta name=\"twitter:image\" content=\"https:\/\/www.machinesproduction.fr\/tv\/wp-content\/uploads\/2022\/09\/Live-Directrices-Micronora.jpg\" \/>\n<meta name=\"twitter:label1\" content=\"Dur\u00e9e de lecture estim\u00e9e\" \/>\n\t<meta name=\"twitter:data1\" content=\"3 minutes\" \/>\n<script type=\"application\/ld+json\" class=\"yoast-schema-graph\">{\"@context\":\"https:\/\/schema.org\",\"@graph\":[{\"@type\":\"WebPage\",\"@id\":\"https:\/\/www.machinesproduction.fr\/tv\/live-24-micronora-directrices\/\",\"url\":\"https:\/\/www.machinesproduction.fr\/tv\/live-24-micronora-directrices\/\",\"name\":\"Live - 24 - Micronora - Interview des co-directrices\",\"isPartOf\":{\"@id\":\"https:\/\/www.machinesproduction.fr\/tv\/#website\"},\"datePublished\":\"2022-09-30T06:43:37+00:00\",\"dateModified\":\"2022-09-30T07:47:51+00:00\",\"description\":\"En direct du salon Micronora 2022, J\u00e9r\u00f4me Meyrand, R\u00e9dacteur en Chef de Machines Production TV, interview Sandra Liardon et Fanny Chauvin, co-directrices de Micronora\",\"breadcrumb\":{\"@id\":\"https:\/\/www.machinesproduction.fr\/tv\/live-24-micronora-directrices\/#breadcrumb\"},\"inLanguage\":\"fr-FR\",\"potentialAction\":[{\"@type\":\"ReadAction\",\"target\":[\"https:\/\/www.machinesproduction.fr\/tv\/live-24-micronora-directrices\/\"]}]},{\"@type\":\"BreadcrumbList\",\"@id\":\"https:\/\/www.machinesproduction.fr\/tv\/live-24-micronora-directrices\/#breadcrumb\",\"itemListElement\":[{\"@type\":\"ListItem\",\"position\":1,\"name\":\"Home\",\"item\":\"https:\/\/www.machinesproduction.fr\/tv\/\"},{\"@type\":\"ListItem\",\"position\":2,\"name\":\"Live 24 &#8211; Micronora &#8211; itw direction\"}]},{\"@type\":\"WebSite\",\"@id\":\"https:\/\/www.machinesproduction.fr\/tv\/#website\",\"url\":\"https:\/\/www.machinesproduction.fr\/tv\/\",\"name\":\"Machines Production TV\",\"description\":\"\",\"potentialAction\":[{\"@type\":\"SearchAction\",\"target\":{\"@type\":\"EntryPoint\",\"urlTemplate\":\"https:\/\/www.machinesproduction.fr\/tv\/?s={search_term_string}\"},\"query-input\":{\"@type\":\"PropertyValueSpecification\",\"valueRequired\":true,\"valueName\":\"search_term_string\"}}],\"inLanguage\":\"fr-FR\"}]}<\/script>\n<!-- \/ Yoast SEO plugin. -->","yoast_head_json":{"title":"Live - 24 - Micronora - Interview des co-directrices","description":"En direct du salon Micronora 2022, J\u00e9r\u00f4me Meyrand, R\u00e9dacteur en Chef de Machines Production TV, interview Sandra Liardon et Fanny Chauvin, co-directrices de Micronora","robots":{"index":"index","follow":"follow","max-snippet":"max-snippet:-1","max-image-preview":"max-image-preview:large","max-video-preview":"max-video-preview:-1"},"canonical":"https:\/\/www.machinesproduction.fr\/tv\/live-24-micronora-directrices\/","og_locale":"fr_FR","og_type":"article","og_title":"En Live depuis Micronora 2022 - Interview crois\u00e9e des co-directrices du salon Micronora","og_description":"En direct du salon Micronora 2022, J\u00e9r\u00f4me Meyrand, R\u00e9dacteur en Chef de Machines Production TV, interview Sandra Liardon et Fanny Chauvin, co-directrices du salon","og_url":"https:\/\/www.machinesproduction.fr\/tv\/live-24-micronora-directrices\/","og_site_name":"Machines Production TV","article_modified_time":"2022-09-30T07:47:51+00:00","og_image":[{"width":1280,"height":720,"url":"https:\/\/www.machinesproduction.fr\/tv\/wp-content\/uploads\/2022\/09\/Live-Directrices-Micronora.jpg","type":"image\/jpeg"}],"twitter_card":"summary_large_image","twitter_title":"En Live depuis Micronora 2022 - Interview crois\u00e9e des co-directrices du salon Micronora","twitter_description":"En direct du salon Micronora 2022, J\u00e9r\u00f4me Meyrand, R\u00e9dacteur en Chef de Machines Production TV, interview Sandra Liardon et Fanny Chauvin, co-directrices du salon","twitter_image":"https:\/\/www.machinesproduction.fr\/tv\/wp-content\/uploads\/2022\/09\/Live-Directrices-Micronora.jpg","twitter_misc":{"Dur\u00e9e de lecture estim\u00e9e":"3 minutes"},"schema":{"@context":"https:\/\/schema.org","@graph":[{"@type":"WebPage","@id":"https:\/\/www.machinesproduction.fr\/tv\/live-24-micronora-directrices\/","url":"https:\/\/www.machinesproduction.fr\/tv\/live-24-micronora-directrices\/","name":"Live - 24 - Micronora - Interview des co-directrices","isPartOf":{"@id":"https:\/\/www.machinesproduction.fr\/tv\/#website"},"datePublished":"2022-09-30T06:43:37+00:00","dateModified":"2022-09-30T07:47:51+00:00","description":"En direct du salon Micronora 2022, J\u00e9r\u00f4me Meyrand, R\u00e9dacteur en Chef de Machines Production TV, interview Sandra Liardon et Fanny Chauvin, co-directrices de Micronora","breadcrumb":{"@id":"https:\/\/www.machinesproduction.fr\/tv\/live-24-micronora-directrices\/#breadcrumb"},"inLanguage":"fr-FR","potentialAction":[{"@type":"ReadAction","target":["https:\/\/www.machinesproduction.fr\/tv\/live-24-micronora-directrices\/"]}]},{"@type":"BreadcrumbList","@id":"https:\/\/www.machinesproduction.fr\/tv\/live-24-micronora-directrices\/#breadcrumb","itemListElement":[{"@type":"ListItem","position":1,"name":"Home","item":"https:\/\/www.machinesproduction.fr\/tv\/"},{"@type":"ListItem","position":2,"name":"Live 24 &#8211; Micronora &#8211; itw direction"}]},{"@type":"WebSite","@id":"https:\/\/www.machinesproduction.fr\/tv\/#website","url":"https:\/\/www.machinesproduction.fr\/tv\/","name":"Machines Production TV","description":"","potentialAction":[{"@type":"SearchAction","target":{"@type":"EntryPoint","urlTemplate":"https:\/\/www.machinesproduction.fr\/tv\/?s={search_term_string}"},"query-input":{"@type":"PropertyValueSpecification","valueRequired":true,"valueName":"search_term_string"}}],"inLanguage":"fr-FR"}]}},"_links":{"self":[{"href":"https:\/\/www.machinesproduction.fr\/tv\/wp-json\/wp\/v2\/pages\/1614","targetHints":{"allow":["GET"]}}],"collection":[{"href":"https:\/\/www.machinesproduction.fr\/tv\/wp-json\/wp\/v2\/pages"}],"about":[{"href":"https:\/\/www.machinesproduction.fr\/tv\/wp-json\/wp\/v2\/types\/page"}],"author":[{"embeddable":true,"href":"https:\/\/www.machinesproduction.fr\/tv\/wp-json\/wp\/v2\/users\/3"}],"replies":[{"embeddable":true,"href":"https:\/\/www.machinesproduction.fr\/tv\/wp-json\/wp\/v2\/comments?post=1614"}],"version-history":[{"count":4,"href":"https:\/\/www.machinesproduction.fr\/tv\/wp-json\/wp\/v2\/pages\/1614\/revisions"}],"predecessor-version":[{"id":1621,"href":"https:\/\/www.machinesproduction.fr\/tv\/wp-json\/wp\/v2\/pages\/1614\/revisions\/1621"}],"wp:attachment":[{"href":"https:\/\/www.machinesproduction.fr\/tv\/wp-json\/wp\/v2\/media?parent=1614"}],"wp:term":[{"taxonomy":"wf_page_folders","embeddable":true,"href":"https:\/\/www.machinesproduction.fr\/tv\/wp-json\/wp\/v2\/wf_page_folders?post=1614"}],"curies":[{"name":"wp","href":"https:\/\/api.w.org\/{rel}","templated":true}]}}