{"id":1576,"date":"2022-09-27T18:50:54","date_gmt":"2022-09-27T17:50:54","guid":{"rendered":"https:\/\/www.machinesproduction.fr\/tv\/?page_id=1576"},"modified":"2022-09-29T08:51:40","modified_gmt":"2022-09-29T07:51:40","slug":"live-22-micronora-luxe-et-tech","status":"publish","type":"page","link":"https:\/\/www.machinesproduction.fr\/tv\/live-22-micronora-luxe-et-tech\/","title":{"rendered":"Live 22 &#8211; Micronora &#8211; luxe et tech"},"content":{"rendered":"<section class=\"wpb-content-wrapper\"><p>[vc_row][vc_column][vc_row_inner equal_height=&#8221;yes&#8221; content_placement=&#8221;middle&#8221;][vc_column_inner width=&#8221;1\/4&#8243; centered_cont_vertical=&#8221;true&#8221;][media image=&#8221;1581&#8243;][vc_column_text]<\/p>\n<h2><span style=\"color: #459bd9;\">Micronora 2022<\/span><\/h2>\n<p>[\/vc_column_text][\/vc_column_inner][vc_column_inner width=&#8221;3\/4&#8243; centered_cont_vertical=&#8221;true&#8221;][vc_column_text]<\/p>\n<h1 data-wp-editing=\"1\"><em><span style=\"color: #459bd9; font-size: 18pt;\">Interview crois\u00e9e :\u00a0<\/span><\/em><\/h1>\n<h1 data-wp-editing=\"1\"><span style=\"color: #459bd9; font-size: 24pt;\"><strong>Anne Falga | <\/strong><strong>AER Bourgogne Franche-Comt\u00e9<\/strong><\/span><\/h1>\n<h1 data-wp-editing=\"1\"><span style=\"color: #459bd9; font-size: 24pt;\"><strong>Mathilde Passarin |<\/strong>\u00a0<strong>Luxe and Tech<\/strong><\/span><\/h1>\n<p>[\/vc_column_text][\/vc_column_inner][\/vc_row_inner][vc_row_inner][vc_column_inner][\/vc_column_inner][vc_column_inner][\/vc_column_inner][\/vc_row_inner][vc_empty_space height=&#8221;30px&#8221;][vc_column_text]<\/p>\n<p align=\"justify\">Pour ce premier Live, de Machines Production, en direct du salon Micronora, qui se tenait du 27 au 30 septembre, \u00e0 Besan\u00e7on (Doubs), nous avons accueilli sur le plateau de Machines Production TV :<\/p>\n<ul>\n<li><strong>Anne Falga,<\/strong> cheffe de projet luxe et savoir-faire d\u2019exception \u00e0 l\u2019Agence \u00e9conomique r\u00e9gionale de Bourgogne Franche-Comt\u00e9, et<\/li>\n<li><strong>Mathilde Passarin,<\/strong> directrice du groupement d\u2019entreprises Luxe and Tech.<\/li>\n<\/ul>\n<p align=\"justify\">L\u2019activit\u00e9 industrielle de la r\u00e9gion est associ\u00e9e, historiquement, \u00e0 l\u2019horlogerie, donc au secteur du luxe. Une fili\u00e8re, o\u00f9 travaillent quelque 15\u202f000 personnes, pour au moins 460 entreprises, dont la plupart sont des sous-traitants, particuli\u00e8rement discrets avec les marques pour lesquelles ils travaillent.<\/p>\n<blockquote><p>\u00ab\u00a0Nous avons n\u00e9anmoins sur le territoire quelques grands noms du luxe qui sont directement implant\u00e9s. Je pense \u00e0 l\u2019horlogerie suisse pour leurs centres de SAV, expliquait Anne Falga, au micro de Machines Production, mardi 27 septembre, premier jour du salon international des microtechniques et de la pr\u00e9cision. Et de citer aussi la marque de luxe de maroquinerie Herm\u00e8s, qui poss\u00e8de trois manufactures sur le territoire.<\/p><\/blockquote>\n<p>Selon l\u2019Agence \u00e9conomique r\u00e9gionale, les m\u00e9tiers de l\u2019usinage et du traitement de surface sont les plus dominants en BFC (abr\u00e9g\u00e9 de Bourgogne-Franche-Comt\u00e9).<\/p>\n<h2><span style=\"color: #009ddf;\"><strong>Du prototypage au packaging<\/strong><\/span><\/h2>\n<p align=\"justify\">Le savoir-faire issu de la m\u00e9canique de pr\u00e9cision a pouss\u00e9 le tissu industriel \u00e0 se d\u00e9velopper sur le \u00ab\u00a0hard luxury\u00a0\u00bb, soit l\u2019objet de luxe. Et chez Luxe &amp; Tech, les entreprises membres de cette grappe unique repr\u00e9sente aussi bien l\u2019amont de la fili\u00e8re, la conception de machines sp\u00e9ciales, l\u2019\u00e9tude et le prototypage, que l\u2019usinage des m\u00e9taux, qu\u2019ils soient pr\u00e9cieux ou non, en passant par une \u00e9tape strat\u00e9gique dans le process de production pour le secteur du luxe, celle regroupant l\u2019ensemble des m\u00e9tiers de la \u00ab\u00a0terminaison\u00a0\u00bb de la pi\u00e8ce\u00a0: \u00a0finition, polissage, galvanoplastie, gravure, laquage, etc. \u00ab\u00a0Et puis beaucoup de m\u00e9tiers et de services gravitent autour et viennent compl\u00e9ter la fili\u00e8re du luxe\u00a0\u00bb, souligne Mathilde Passarin.<\/p>\n<p align=\"justify\">Tous ces m\u00e9tiers ont un point commun, selon nos deux invit\u00e9es de ce Live, sp\u00e9cial Micronora, \u00ab\u00a0c\u2019est la capacit\u00e9 \u00e0 donner de la valeur ajout\u00e9e sur une pi\u00e8ce. Soit en la fabricant, soit en la d\u00e9corant. Et l\u2019id\u00e9e, c\u2019est de fabriquer de la qualit\u00e9 per\u00e7ue, que ce soit du cuir, de la corne, des m\u00e9taux pr\u00e9cieux \u00bb, explique Mme Falga. La directrice de Luxe &amp; Tech ajoute m\u00eame la pr\u00e9sence d\u2019entreprises travaillant le plastique, jusqu\u2019\u00e0 l\u2019emballage, tel que des coffrets pour \u00ab\u00a0ces objets prestigieux\u00a0\u00bb.<\/p>\n<h2><span style=\"color: #009ddf;\"><strong>De nouveaux m\u00e9tiers \u00e9mergent<\/strong><\/span><\/h2>\n<p align=\"justify\">Comme partout dans l\u2019industrie, les entreprises souffrent d\u2019un manque de main-d\u2019\u0153uvre, m\u00eame si les jeunes semblent davantage attir\u00e9s par cette fili\u00e8re, souffle-t-on au sein de l\u2019agence \u00e9conomique r\u00e9gionale. \u00ab\u00a0Les m\u00e9tiers sont tr\u00e8s nombreux\u00a0\u00bb, affirme Anne Falga, citant celui de r\u00e9gleur CNC, polisseur, metteur au bain (traitement de surface), allant du CAP au dipl\u00f4me d\u2019ing\u00e9nieur.<\/p>\n<p align=\"justify\">Mais de nouveaux m\u00e9tiers sont en train d\u2019immerger dans la fili\u00e8re du luxe. Mathilde Passarin constate que les entreprises recherchent \u00e9galement des comp\u00e9tences li\u00e9es \u00e0 l\u2019industrie 4.0, la cobotique et l\u2019automatisation. \u00ab\u00a0Il y a des t\u00e2ches qui autrefois \u00e9taient manuelles et qui sont peut-\u00eatre sans grande valeur ajout\u00e9e. Certaines op\u00e9rations de polissage peuvent \u00eatre automatis\u00e9es\u00a0\u00bb, rapporte Mme Passarin.<\/p>\n<p align=\"justify\">Il faut souligner que le territoire Bourgogne Franche-Comt\u00e9 abrite de grands centres de formation d\u00e9di\u00e9s au luxe\u00a0: la maroquinerie \u00e0 Montb\u00e9liard, le lyc\u00e9e Edgar-Faure de Morteau, qui forme des bijoutiers et horlogers, Victor-B\u00e9rard \u00e0 Morez pr\u00e9pare au m\u00e9tier de lunetier, sans oublier Besan\u00e7on, o\u00f9 l\u2019on forme les futurs usineurs en m\u00e9canique de pr\u00e9cision.<\/p>\n<p>[\/vc_column_text][vc_video link=&#8221;https:\/\/youtu.be\/cSWOxoAD72A&#8221;][vc_btn title=&#8221;Retour aux MP LIVE&#8221; style=&#8221;custom&#8221; custom_background=&#8221;#009ddf&#8221; custom_text=&#8221;#ffffff&#8221; shape=&#8221;round&#8221; i_icon_fontawesome=&#8221;fas fa-arrow-left&#8221; add_icon=&#8221;true&#8221; link=&#8221;url:https%3A%2F%2Fwww.machinesproduction.fr%2Ftv%2Fles-mp-live%2F|title:les%20Focus&#8221;][\/vc_column][\/vc_row]<\/p>\n<\/section>","protected":false},"excerpt":{"rendered":"<p>[vc_row][vc_column][vc_row_inner equal_height=&#8221;yes&#8221; content_placement=&#8221;middle&#8221;][vc_column_inner width=&#8221;1\/4&#8243; centered_cont_vertical=&#8221;true&#8221;][media image=&#8221;1581&#8243;][vc_column_text] Micronora 2022 [\/vc_column_text][\/vc_column_inner][vc_column_inner width=&#8221;3\/4&#8243; centered_cont_vertical=&#8221;true&#8221;][vc_column_text] Interview crois\u00e9e :\u00a0 Anne Falga | AER Bourgogne Franche-Comt\u00e9 Mathilde Passarin |\u00a0Luxe and Tech [\/vc_column_text][\/vc_column_inner][\/vc_row_inner][vc_row_inner][vc_column_inner][\/vc_column_inner][vc_column_inner][\/vc_column_inner][\/vc_row_inner][vc_empty_space height=&#8221;30px&#8221;][vc_column_text] Pour ce premier Live, de Machines Production, en direct du salon Micronora, qui se tenait du 27 au 30 septembre, \u00e0 Besan\u00e7on (Doubs), nous avons accueilli sur le [&hellip;]<\/p>\n","protected":false},"author":3,"featured_media":0,"parent":0,"menu_order":0,"comment_status":"closed","ping_status":"closed","template":"","meta":{"_monsterinsights_skip_tracking":false,"_monsterinsights_sitenote_active":false,"_monsterinsights_sitenote_note":"","_monsterinsights_sitenote_category":0,"footnotes":""},"wf_page_folders":[13],"class_list":["post-1576","page","type-page","status-publish","hentry"],"yoast_head":"<!-- This site is optimized with the Yoast SEO plugin v27.1.1 - https:\/\/yoast.com\/product\/yoast-seo-wordpress\/ -->\n<title>Live 22 - Micronora - luxe et tech<\/title>\n<meta name=\"description\" content=\"En direct du salon Micronora 2022, J\u00e9r\u00f4me Meyrand, R\u00e9dacteur en Chef de Machines Production TV, interview Anne Falga et Mathilde Passarin, respectivement cheffe de projet luxe et savoir-faire d\u2019exception \u00e0 l\u2019AER Bourgogne Franche-Comt\u00e9 et directrice du groupement d\u2019entreprises Luxe and Tech.\" \/>\n<meta name=\"robots\" content=\"index, follow, max-snippet:-1, max-image-preview:large, max-video-preview:-1\" \/>\n<link rel=\"canonical\" href=\"https:\/\/www.machinesproduction.fr\/tv\/live-22-micronora-luxe-et-tech\/\" \/>\n<meta property=\"og:locale\" content=\"fr_FR\" \/>\n<meta property=\"og:type\" content=\"article\" \/>\n<meta property=\"og:title\" content=\"En Live depuis Micronora 2022 - Interview crois\u00e9e de l&#039;AER Bourgogne Franche-Comt\u00e9 et du groupement Luxe and Tech\" \/>\n<meta property=\"og:description\" content=\"En direct du salon Micronora 2022, J\u00e9r\u00f4me Meyrand, R\u00e9dacteur en Chef de Machines Production TV, interview Anne Falga - AER Bourgogne Franche-Comt\u00e9 - et Mathilde Passarin - groupement Luxe and Tech\" \/>\n<meta property=\"og:url\" content=\"https:\/\/www.machinesproduction.fr\/tv\/live-22-micronora-luxe-et-tech\/\" \/>\n<meta property=\"og:site_name\" content=\"Machines Production TV\" \/>\n<meta property=\"article:modified_time\" content=\"2022-09-29T07:51:40+00:00\" \/>\n<meta property=\"og:image\" content=\"https:\/\/www.machinesproduction.fr\/tv\/wp-content\/uploads\/2022\/09\/Live-LuxeTech-Micronora.jpg\" \/>\n\t<meta property=\"og:image:width\" content=\"1280\" \/>\n\t<meta property=\"og:image:height\" content=\"720\" \/>\n\t<meta property=\"og:image:type\" content=\"image\/jpeg\" \/>\n<meta name=\"twitter:card\" content=\"summary_large_image\" \/>\n<meta name=\"twitter:title\" content=\"En Live depuis Micronora 2022 - Interview crois\u00e9e de l&#039;AER Bourgogne Franche-Comt\u00e9 et du groupement Luxe and Tech\" \/>\n<meta name=\"twitter:description\" content=\"En direct du salon Micronora 2022, J\u00e9r\u00f4me Meyrand, R\u00e9dacteur en Chef de Machines Production TV, interview Anne Falga - AER Bourgogne Franche-Comt\u00e9 - et Mathilde Passarin - groupement Luxe and Tech\" \/>\n<meta name=\"twitter:image\" content=\"https:\/\/www.machinesproduction.fr\/tv\/wp-content\/uploads\/2022\/09\/Live-LuxeTech-Micronora.jpg\" \/>\n<meta name=\"twitter:label1\" content=\"Dur\u00e9e de lecture estim\u00e9e\" \/>\n\t<meta name=\"twitter:data1\" content=\"3 minutes\" \/>\n<script type=\"application\/ld+json\" class=\"yoast-schema-graph\">{\"@context\":\"https:\/\/schema.org\",\"@graph\":[{\"@type\":\"WebPage\",\"@id\":\"https:\/\/www.machinesproduction.fr\/tv\/live-22-micronora-luxe-et-tech\/\",\"url\":\"https:\/\/www.machinesproduction.fr\/tv\/live-22-micronora-luxe-et-tech\/\",\"name\":\"Live 22 - Micronora - luxe et tech\",\"isPartOf\":{\"@id\":\"https:\/\/www.machinesproduction.fr\/tv\/#website\"},\"datePublished\":\"2022-09-27T17:50:54+00:00\",\"dateModified\":\"2022-09-29T07:51:40+00:00\",\"description\":\"En direct du salon Micronora 2022, J\u00e9r\u00f4me Meyrand, R\u00e9dacteur en Chef de Machines Production TV, interview Anne Falga et Mathilde Passarin, respectivement cheffe de projet luxe et savoir-faire d\u2019exception \u00e0 l\u2019AER Bourgogne Franche-Comt\u00e9 et directrice du groupement d\u2019entreprises Luxe and Tech.\",\"breadcrumb\":{\"@id\":\"https:\/\/www.machinesproduction.fr\/tv\/live-22-micronora-luxe-et-tech\/#breadcrumb\"},\"inLanguage\":\"fr-FR\",\"potentialAction\":[{\"@type\":\"ReadAction\",\"target\":[\"https:\/\/www.machinesproduction.fr\/tv\/live-22-micronora-luxe-et-tech\/\"]}]},{\"@type\":\"BreadcrumbList\",\"@id\":\"https:\/\/www.machinesproduction.fr\/tv\/live-22-micronora-luxe-et-tech\/#breadcrumb\",\"itemListElement\":[{\"@type\":\"ListItem\",\"position\":1,\"name\":\"Home\",\"item\":\"https:\/\/www.machinesproduction.fr\/tv\/\"},{\"@type\":\"ListItem\",\"position\":2,\"name\":\"Live 22 &#8211; Micronora &#8211; luxe et tech\"}]},{\"@type\":\"WebSite\",\"@id\":\"https:\/\/www.machinesproduction.fr\/tv\/#website\",\"url\":\"https:\/\/www.machinesproduction.fr\/tv\/\",\"name\":\"Machines Production TV\",\"description\":\"\",\"potentialAction\":[{\"@type\":\"SearchAction\",\"target\":{\"@type\":\"EntryPoint\",\"urlTemplate\":\"https:\/\/www.machinesproduction.fr\/tv\/?s={search_term_string}\"},\"query-input\":{\"@type\":\"PropertyValueSpecification\",\"valueRequired\":true,\"valueName\":\"search_term_string\"}}],\"inLanguage\":\"fr-FR\"}]}<\/script>\n<!-- \/ Yoast SEO plugin. -->","yoast_head_json":{"title":"Live 22 - Micronora - luxe et tech","description":"En direct du salon Micronora 2022, J\u00e9r\u00f4me Meyrand, R\u00e9dacteur en Chef de Machines Production TV, interview Anne Falga et Mathilde Passarin, respectivement cheffe de projet luxe et savoir-faire d\u2019exception \u00e0 l\u2019AER Bourgogne Franche-Comt\u00e9 et directrice du groupement d\u2019entreprises Luxe and Tech.","robots":{"index":"index","follow":"follow","max-snippet":"max-snippet:-1","max-image-preview":"max-image-preview:large","max-video-preview":"max-video-preview:-1"},"canonical":"https:\/\/www.machinesproduction.fr\/tv\/live-22-micronora-luxe-et-tech\/","og_locale":"fr_FR","og_type":"article","og_title":"En Live depuis Micronora 2022 - Interview crois\u00e9e de l'AER Bourgogne Franche-Comt\u00e9 et du groupement Luxe and Tech","og_description":"En direct du salon Micronora 2022, J\u00e9r\u00f4me Meyrand, R\u00e9dacteur en Chef de Machines Production TV, interview Anne Falga - AER Bourgogne Franche-Comt\u00e9 - et Mathilde Passarin - groupement Luxe and Tech","og_url":"https:\/\/www.machinesproduction.fr\/tv\/live-22-micronora-luxe-et-tech\/","og_site_name":"Machines Production TV","article_modified_time":"2022-09-29T07:51:40+00:00","og_image":[{"width":1280,"height":720,"url":"https:\/\/www.machinesproduction.fr\/tv\/wp-content\/uploads\/2022\/09\/Live-LuxeTech-Micronora.jpg","type":"image\/jpeg"}],"twitter_card":"summary_large_image","twitter_title":"En Live depuis Micronora 2022 - Interview crois\u00e9e de l'AER Bourgogne Franche-Comt\u00e9 et du groupement Luxe and Tech","twitter_description":"En direct du salon Micronora 2022, J\u00e9r\u00f4me Meyrand, R\u00e9dacteur en Chef de Machines Production TV, interview Anne Falga - AER Bourgogne Franche-Comt\u00e9 - et Mathilde Passarin - groupement Luxe and Tech","twitter_image":"https:\/\/www.machinesproduction.fr\/tv\/wp-content\/uploads\/2022\/09\/Live-LuxeTech-Micronora.jpg","twitter_misc":{"Dur\u00e9e de lecture estim\u00e9e":"3 minutes"},"schema":{"@context":"https:\/\/schema.org","@graph":[{"@type":"WebPage","@id":"https:\/\/www.machinesproduction.fr\/tv\/live-22-micronora-luxe-et-tech\/","url":"https:\/\/www.machinesproduction.fr\/tv\/live-22-micronora-luxe-et-tech\/","name":"Live 22 - Micronora - luxe et tech","isPartOf":{"@id":"https:\/\/www.machinesproduction.fr\/tv\/#website"},"datePublished":"2022-09-27T17:50:54+00:00","dateModified":"2022-09-29T07:51:40+00:00","description":"En direct du salon Micronora 2022, J\u00e9r\u00f4me Meyrand, R\u00e9dacteur en Chef de Machines Production TV, interview Anne Falga et Mathilde Passarin, respectivement cheffe de projet luxe et savoir-faire d\u2019exception \u00e0 l\u2019AER Bourgogne Franche-Comt\u00e9 et directrice du groupement d\u2019entreprises Luxe and Tech.","breadcrumb":{"@id":"https:\/\/www.machinesproduction.fr\/tv\/live-22-micronora-luxe-et-tech\/#breadcrumb"},"inLanguage":"fr-FR","potentialAction":[{"@type":"ReadAction","target":["https:\/\/www.machinesproduction.fr\/tv\/live-22-micronora-luxe-et-tech\/"]}]},{"@type":"BreadcrumbList","@id":"https:\/\/www.machinesproduction.fr\/tv\/live-22-micronora-luxe-et-tech\/#breadcrumb","itemListElement":[{"@type":"ListItem","position":1,"name":"Home","item":"https:\/\/www.machinesproduction.fr\/tv\/"},{"@type":"ListItem","position":2,"name":"Live 22 &#8211; Micronora &#8211; luxe et tech"}]},{"@type":"WebSite","@id":"https:\/\/www.machinesproduction.fr\/tv\/#website","url":"https:\/\/www.machinesproduction.fr\/tv\/","name":"Machines Production TV","description":"","potentialAction":[{"@type":"SearchAction","target":{"@type":"EntryPoint","urlTemplate":"https:\/\/www.machinesproduction.fr\/tv\/?s={search_term_string}"},"query-input":{"@type":"PropertyValueSpecification","valueRequired":true,"valueName":"search_term_string"}}],"inLanguage":"fr-FR"}]}},"_links":{"self":[{"href":"https:\/\/www.machinesproduction.fr\/tv\/wp-json\/wp\/v2\/pages\/1576","targetHints":{"allow":["GET"]}}],"collection":[{"href":"https:\/\/www.machinesproduction.fr\/tv\/wp-json\/wp\/v2\/pages"}],"about":[{"href":"https:\/\/www.machinesproduction.fr\/tv\/wp-json\/wp\/v2\/types\/page"}],"author":[{"embeddable":true,"href":"https:\/\/www.machinesproduction.fr\/tv\/wp-json\/wp\/v2\/users\/3"}],"replies":[{"embeddable":true,"href":"https:\/\/www.machinesproduction.fr\/tv\/wp-json\/wp\/v2\/comments?post=1576"}],"version-history":[{"count":15,"href":"https:\/\/www.machinesproduction.fr\/tv\/wp-json\/wp\/v2\/pages\/1576\/revisions"}],"predecessor-version":[{"id":1596,"href":"https:\/\/www.machinesproduction.fr\/tv\/wp-json\/wp\/v2\/pages\/1576\/revisions\/1596"}],"wp:attachment":[{"href":"https:\/\/www.machinesproduction.fr\/tv\/wp-json\/wp\/v2\/media?parent=1576"}],"wp:term":[{"taxonomy":"wf_page_folders","embeddable":true,"href":"https:\/\/www.machinesproduction.fr\/tv\/wp-json\/wp\/v2\/wf_page_folders?post=1576"}],"curies":[{"name":"wp","href":"https:\/\/api.w.org\/{rel}","templated":true}]}}