{"id":1429,"date":"2022-05-20T08:37:27","date_gmt":"2022-05-20T07:37:27","guid":{"rendered":"https:\/\/www.machinesproduction.fr\/tv\/?page_id=1429"},"modified":"2022-05-20T09:18:08","modified_gmt":"2022-05-20T08:18:08","slug":"interview-de-alain-auffret-de-precise-france-global-industrie-2022","status":"publish","type":"page","link":"https:\/\/www.machinesproduction.fr\/tv\/interview-de-alain-auffret-de-precise-france-global-industrie-2022\/","title":{"rendered":"Live 15 &#8211; Interview de Alain Auffret de Precise France &#8211; Global Industrie 2022"},"content":{"rendered":"<section class=\"wpb-content-wrapper\"><p>[vc_row][vc_column][vc_column_text]<\/p>\n<h1><img loading=\"lazy\" decoding=\"async\" class=\"wp-image-1423 alignleft\" src=\"https:\/\/www.machinesproduction.fr\/tv\/wp-content\/uploads\/2022\/05\/Global-Industrie-2022.jpg\" alt=\"\" width=\"283\" height=\"95\" \/><span style=\"color: #459bd9;\">Interview de Alain Auffret de Precise France<\/span><\/h1>\n<h2><span style=\"color: #459bd9;\">Global Industrie 2022<\/span><\/h2>\n<p>[\/vc_column_text][vc_column_text]<\/p>\n<h2><span style=\"font-size: 14pt; color: #009ddf;\">Alain Auffret, directeur technique de Precise France (groupe Pracartis)<\/span><\/h2>\n<p><span style=\"font-size: 12pt;\"><strong>Laur\u00e9at des Global Industrie Awards 2022<\/strong>, le microcentre d\u2019usinage 3 ou 5 axes Precibot a \u00e9t\u00e9 d\u00e9velopp\u00e9 par Alain Auffret, directeur technique de Precise France, du groupe Pracartis. Au micro de Machines Production TV, il explique quelle innovation cache cette petite machine-outil qui peut tenir sur un \u00e9tabli. Sur le Precibot, \u00ab les masses en mouvement ont \u00e9t\u00e9 optimis\u00e9es et calcul\u00e9es par \u00e9l\u00e9ments finis de fa\u00e7on \u00e0 avoir des d\u00e9placements \u00e0 tr\u00e8s faibles consommation d\u2019\u00e9nergie \u00bb. Ne pesant que 100 kg, cette machine \u00ab n\u2019a pas \u00e9t\u00e9 construite \u00e0 partir de pi\u00e8ces de fonderie mais \u00e0 partir d\u2019une structure en aluminium carbone, avec des poches d\u2019air qui sont mises en d\u00e9pression de fa\u00e7on \u00e0 ce qu\u2019elle garde sa rigidit\u00e9 \u00bb.<br \/>\n<\/span><\/p>\n<h2><span style=\"font-size: 14pt; color: #009ddf;\">L\u2019\u00e9cologie au c\u0153ur de la machine<\/span><\/h2>\n<p><span style=\"font-size: 12pt;\">La prouesse tient \u00e9galement dans ses capacit\u00e9s \u00e0 acc\u00e9l\u00e9rer, de 1 \u00e0 2 g, avec des avances de 50-60 m\/mn, tout en gardant une pr\u00e9cision de trois microns, sur des courses de 120 x 120 x 120 mm.<\/span><\/p>\n<blockquote><p><span style=\"font-size: 12pt;\">Parce que l\u2019\u00e9cologie est aussi une pr\u00e9occupation dans le monde de l\u2019industrie de la m\u00e9canique, la fabrication du Precibot est \u00ab tr\u00e8s faible en consommation CO2, tout comme son utilisation, d\u2019autant plus qu\u2019il est fabriqu\u00e9 \u00e0 partir de mat\u00e9riaux nobles recyclables \u00bb, confie Alain Auffret, depuis le stand du groupe Pracartis.<\/span><\/p><\/blockquote>\n<p><span style=\"font-size: 12pt;\">Le microcentre d\u2019usinage peut \u00e9galement se fixer au bout d\u2019un bras robotis\u00e9. D\u2019une certaine mani\u00e8re, avec Precibot, ce n\u2019est plus la pi\u00e8ce qui va \u00e0 la machine, mais la machine qui va \u00e0 la pi\u00e8ce. Ainsi, ce microcentre d\u2019usinage pourra usiner des pi\u00e8ces de tr\u00e8s grandes dimensions, qui ne pourraient \u00eatre positionn\u00e9es dans un centre d\u2019usinage, m\u00eame le plus grand qu\u2019il soit.<\/span><br \/>\n<span style=\"font-size: 12pt;\">Le d\u00e9veloppement de Precibot a \u00e9t\u00e9 r\u00e9alis\u00e9 dans le cadre du programme de recherche FUI, appel\u00e9 Acrobot, avec comme partenaires Cr\u00e9neau industriel 74, ENSAM, Carbilly, Cetim et St\u00e4ubli, Siemens.<\/span><\/p>\n<p><em><span style=\"font-size: 14pt;\">Animation : J\u00e9r\u00f4me Meyrand<\/span><\/em><br \/>\n<em><span style=\"font-size: 14pt;\">Cadrage : Patrick Cazier<\/span><\/em>[\/vc_column_text][vc_video link=&#8221;https:\/\/www.youtube.com\/watch?v=Y4Nc7kdE5zk&#8221;][vc_btn title=&#8221;Retour aux MP LIVE&#8221; style=&#8221;custom&#8221; custom_background=&#8221;#009ddf&#8221; custom_text=&#8221;#ffffff&#8221; shape=&#8221;round&#8221; i_icon_fontawesome=&#8221;fas fa-arrow-left&#8221; add_icon=&#8221;true&#8221; link=&#8221;url:https%3A%2F%2Fwww.machinesproduction.fr%2Ftv%2Fles-mp-live%2F|title:les%20Focus&#8221;][\/vc_column][\/vc_row]<\/p>\n<\/section>","protected":false},"excerpt":{"rendered":"<p>[vc_row][vc_column][vc_column_text] Interview de Alain Auffret de Precise France Global Industrie 2022 [\/vc_column_text][vc_column_text] Alain Auffret, directeur technique de Precise France (groupe Pracartis) Laur\u00e9at des Global Industrie Awards 2022, le microcentre d\u2019usinage 3 ou 5 axes Precibot a \u00e9t\u00e9 d\u00e9velopp\u00e9 par Alain Auffret, directeur technique de Precise France, du groupe Pracartis. Au micro de Machines Production TV, [&hellip;]<\/p>\n","protected":false},"author":3,"featured_media":0,"parent":0,"menu_order":0,"comment_status":"closed","ping_status":"closed","template":"","meta":{"_monsterinsights_skip_tracking":false,"_monsterinsights_sitenote_active":false,"_monsterinsights_sitenote_note":"","_monsterinsights_sitenote_category":0,"footnotes":""},"wf_page_folders":[13],"class_list":["post-1429","page","type-page","status-publish","hentry"],"yoast_head":"<!-- This site is optimized with the Yoast SEO plugin v27.1.1 - https:\/\/yoast.com\/product\/yoast-seo-wordpress\/ -->\n<title>Live 15 - Interview de Alain Auffret de Precise France - Global Industrie 2022<\/title>\n<meta name=\"description\" content=\"En direct du salon Global Industrie 2022, retrouver l&#039;interview de Alain Auffret, directeur technique de Precise France (groupe Pracartis) sur Machines Production TV\" \/>\n<meta name=\"robots\" content=\"index, follow, max-snippet:-1, max-image-preview:large, max-video-preview:-1\" \/>\n<link rel=\"canonical\" href=\"https:\/\/www.machinesproduction.fr\/tv\/interview-de-alain-auffret-de-precise-france-global-industrie-2022\/\" \/>\n<meta property=\"og:locale\" content=\"fr_FR\" \/>\n<meta property=\"og:type\" content=\"article\" \/>\n<meta property=\"og:title\" content=\"Live 15 - Interview de Alain Auffret de Precise France - Global Industrie 2022\" \/>\n<meta property=\"og:description\" content=\"En direct du salon Global Industrie 2022, retrouver l&#039;interview de Alain Auffret, directeur technique de Precise France (groupe Pracartis) sur Machines Production TV\" \/>\n<meta property=\"og:url\" content=\"https:\/\/www.machinesproduction.fr\/tv\/interview-de-alain-auffret-de-precise-france-global-industrie-2022\/\" \/>\n<meta property=\"og:site_name\" content=\"Machines Production TV\" \/>\n<meta property=\"article:modified_time\" content=\"2022-05-20T08:18:08+00:00\" \/>\n<meta property=\"og:image\" content=\"https:\/\/www.machinesproduction.fr\/tv\/wp-content\/uploads\/2022\/05\/Global-Industrie-2022.jpg\" \/>\n<meta name=\"twitter:card\" content=\"summary_large_image\" \/>\n<meta name=\"twitter:label1\" content=\"Dur\u00e9e de lecture estim\u00e9e\" \/>\n\t<meta name=\"twitter:data1\" content=\"2 minutes\" \/>\n<script type=\"application\/ld+json\" class=\"yoast-schema-graph\">{\"@context\":\"https:\/\/schema.org\",\"@graph\":[{\"@type\":\"WebPage\",\"@id\":\"https:\/\/www.machinesproduction.fr\/tv\/interview-de-alain-auffret-de-precise-france-global-industrie-2022\/\",\"url\":\"https:\/\/www.machinesproduction.fr\/tv\/interview-de-alain-auffret-de-precise-france-global-industrie-2022\/\",\"name\":\"Live 15 - Interview de Alain Auffret de Precise France - Global Industrie 2022\",\"isPartOf\":{\"@id\":\"https:\/\/www.machinesproduction.fr\/tv\/#website\"},\"primaryImageOfPage\":{\"@id\":\"https:\/\/www.machinesproduction.fr\/tv\/interview-de-alain-auffret-de-precise-france-global-industrie-2022\/#primaryimage\"},\"image\":{\"@id\":\"https:\/\/www.machinesproduction.fr\/tv\/interview-de-alain-auffret-de-precise-france-global-industrie-2022\/#primaryimage\"},\"thumbnailUrl\":\"https:\/\/www.machinesproduction.fr\/tv\/wp-content\/uploads\/2022\/05\/Global-Industrie-2022.jpg\",\"datePublished\":\"2022-05-20T07:37:27+00:00\",\"dateModified\":\"2022-05-20T08:18:08+00:00\",\"description\":\"En direct du salon Global Industrie 2022, retrouver l'interview de Alain Auffret, directeur technique de Precise France (groupe Pracartis) sur Machines Production TV\",\"breadcrumb\":{\"@id\":\"https:\/\/www.machinesproduction.fr\/tv\/interview-de-alain-auffret-de-precise-france-global-industrie-2022\/#breadcrumb\"},\"inLanguage\":\"fr-FR\",\"potentialAction\":[{\"@type\":\"ReadAction\",\"target\":[\"https:\/\/www.machinesproduction.fr\/tv\/interview-de-alain-auffret-de-precise-france-global-industrie-2022\/\"]}]},{\"@type\":\"ImageObject\",\"inLanguage\":\"fr-FR\",\"@id\":\"https:\/\/www.machinesproduction.fr\/tv\/interview-de-alain-auffret-de-precise-france-global-industrie-2022\/#primaryimage\",\"url\":\"https:\/\/www.machinesproduction.fr\/tv\/wp-content\/uploads\/2022\/05\/Global-Industrie-2022.jpg\",\"contentUrl\":\"https:\/\/www.machinesproduction.fr\/tv\/wp-content\/uploads\/2022\/05\/Global-Industrie-2022.jpg\",\"width\":700,\"height\":235},{\"@type\":\"BreadcrumbList\",\"@id\":\"https:\/\/www.machinesproduction.fr\/tv\/interview-de-alain-auffret-de-precise-france-global-industrie-2022\/#breadcrumb\",\"itemListElement\":[{\"@type\":\"ListItem\",\"position\":1,\"name\":\"Home\",\"item\":\"https:\/\/www.machinesproduction.fr\/tv\/\"},{\"@type\":\"ListItem\",\"position\":2,\"name\":\"Live 15 &#8211; Interview de Alain Auffret de Precise France &#8211; Global Industrie 2022\"}]},{\"@type\":\"WebSite\",\"@id\":\"https:\/\/www.machinesproduction.fr\/tv\/#website\",\"url\":\"https:\/\/www.machinesproduction.fr\/tv\/\",\"name\":\"Machines Production TV\",\"description\":\"\",\"potentialAction\":[{\"@type\":\"SearchAction\",\"target\":{\"@type\":\"EntryPoint\",\"urlTemplate\":\"https:\/\/www.machinesproduction.fr\/tv\/?s={search_term_string}\"},\"query-input\":{\"@type\":\"PropertyValueSpecification\",\"valueRequired\":true,\"valueName\":\"search_term_string\"}}],\"inLanguage\":\"fr-FR\"}]}<\/script>\n<!-- \/ Yoast SEO plugin. -->","yoast_head_json":{"title":"Live 15 - Interview de Alain Auffret de Precise France - Global Industrie 2022","description":"En direct du salon Global Industrie 2022, retrouver l'interview de Alain Auffret, directeur technique de Precise France (groupe Pracartis) sur Machines Production TV","robots":{"index":"index","follow":"follow","max-snippet":"max-snippet:-1","max-image-preview":"max-image-preview:large","max-video-preview":"max-video-preview:-1"},"canonical":"https:\/\/www.machinesproduction.fr\/tv\/interview-de-alain-auffret-de-precise-france-global-industrie-2022\/","og_locale":"fr_FR","og_type":"article","og_title":"Live 15 - Interview de Alain Auffret de Precise France - Global Industrie 2022","og_description":"En direct du salon Global Industrie 2022, retrouver l'interview de Alain Auffret, directeur technique de Precise France (groupe Pracartis) sur Machines Production TV","og_url":"https:\/\/www.machinesproduction.fr\/tv\/interview-de-alain-auffret-de-precise-france-global-industrie-2022\/","og_site_name":"Machines Production TV","article_modified_time":"2022-05-20T08:18:08+00:00","og_image":[{"url":"https:\/\/www.machinesproduction.fr\/tv\/wp-content\/uploads\/2022\/05\/Global-Industrie-2022.jpg","type":"","width":"","height":""}],"twitter_card":"summary_large_image","twitter_misc":{"Dur\u00e9e de lecture estim\u00e9e":"2 minutes"},"schema":{"@context":"https:\/\/schema.org","@graph":[{"@type":"WebPage","@id":"https:\/\/www.machinesproduction.fr\/tv\/interview-de-alain-auffret-de-precise-france-global-industrie-2022\/","url":"https:\/\/www.machinesproduction.fr\/tv\/interview-de-alain-auffret-de-precise-france-global-industrie-2022\/","name":"Live 15 - Interview de Alain Auffret de Precise France - Global Industrie 2022","isPartOf":{"@id":"https:\/\/www.machinesproduction.fr\/tv\/#website"},"primaryImageOfPage":{"@id":"https:\/\/www.machinesproduction.fr\/tv\/interview-de-alain-auffret-de-precise-france-global-industrie-2022\/#primaryimage"},"image":{"@id":"https:\/\/www.machinesproduction.fr\/tv\/interview-de-alain-auffret-de-precise-france-global-industrie-2022\/#primaryimage"},"thumbnailUrl":"https:\/\/www.machinesproduction.fr\/tv\/wp-content\/uploads\/2022\/05\/Global-Industrie-2022.jpg","datePublished":"2022-05-20T07:37:27+00:00","dateModified":"2022-05-20T08:18:08+00:00","description":"En direct du salon Global Industrie 2022, retrouver l'interview de Alain Auffret, directeur technique de Precise France (groupe Pracartis) sur Machines Production TV","breadcrumb":{"@id":"https:\/\/www.machinesproduction.fr\/tv\/interview-de-alain-auffret-de-precise-france-global-industrie-2022\/#breadcrumb"},"inLanguage":"fr-FR","potentialAction":[{"@type":"ReadAction","target":["https:\/\/www.machinesproduction.fr\/tv\/interview-de-alain-auffret-de-precise-france-global-industrie-2022\/"]}]},{"@type":"ImageObject","inLanguage":"fr-FR","@id":"https:\/\/www.machinesproduction.fr\/tv\/interview-de-alain-auffret-de-precise-france-global-industrie-2022\/#primaryimage","url":"https:\/\/www.machinesproduction.fr\/tv\/wp-content\/uploads\/2022\/05\/Global-Industrie-2022.jpg","contentUrl":"https:\/\/www.machinesproduction.fr\/tv\/wp-content\/uploads\/2022\/05\/Global-Industrie-2022.jpg","width":700,"height":235},{"@type":"BreadcrumbList","@id":"https:\/\/www.machinesproduction.fr\/tv\/interview-de-alain-auffret-de-precise-france-global-industrie-2022\/#breadcrumb","itemListElement":[{"@type":"ListItem","position":1,"name":"Home","item":"https:\/\/www.machinesproduction.fr\/tv\/"},{"@type":"ListItem","position":2,"name":"Live 15 &#8211; Interview de Alain Auffret de Precise France &#8211; Global Industrie 2022"}]},{"@type":"WebSite","@id":"https:\/\/www.machinesproduction.fr\/tv\/#website","url":"https:\/\/www.machinesproduction.fr\/tv\/","name":"Machines Production TV","description":"","potentialAction":[{"@type":"SearchAction","target":{"@type":"EntryPoint","urlTemplate":"https:\/\/www.machinesproduction.fr\/tv\/?s={search_term_string}"},"query-input":{"@type":"PropertyValueSpecification","valueRequired":true,"valueName":"search_term_string"}}],"inLanguage":"fr-FR"}]}},"_links":{"self":[{"href":"https:\/\/www.machinesproduction.fr\/tv\/wp-json\/wp\/v2\/pages\/1429","targetHints":{"allow":["GET"]}}],"collection":[{"href":"https:\/\/www.machinesproduction.fr\/tv\/wp-json\/wp\/v2\/pages"}],"about":[{"href":"https:\/\/www.machinesproduction.fr\/tv\/wp-json\/wp\/v2\/types\/page"}],"author":[{"embeddable":true,"href":"https:\/\/www.machinesproduction.fr\/tv\/wp-json\/wp\/v2\/users\/3"}],"replies":[{"embeddable":true,"href":"https:\/\/www.machinesproduction.fr\/tv\/wp-json\/wp\/v2\/comments?post=1429"}],"version-history":[{"count":4,"href":"https:\/\/www.machinesproduction.fr\/tv\/wp-json\/wp\/v2\/pages\/1429\/revisions"}],"predecessor-version":[{"id":1436,"href":"https:\/\/www.machinesproduction.fr\/tv\/wp-json\/wp\/v2\/pages\/1429\/revisions\/1436"}],"wp:attachment":[{"href":"https:\/\/www.machinesproduction.fr\/tv\/wp-json\/wp\/v2\/media?parent=1429"}],"wp:term":[{"taxonomy":"wf_page_folders","embeddable":true,"href":"https:\/\/www.machinesproduction.fr\/tv\/wp-json\/wp\/v2\/wf_page_folders?post=1429"}],"curies":[{"name":"wp","href":"https:\/\/api.w.org\/{rel}","templated":true}]}}