{"id":1213,"date":"2022-01-24T11:14:33","date_gmt":"2022-01-24T10:14:33","guid":{"rendered":"https:\/\/www.machinesproduction.fr\/tv\/?page_id=1213"},"modified":"2022-01-24T14:21:20","modified_gmt":"2022-01-24T13:21:20","slug":"live-7-interview-valentin-beuzelin-worldskills-france-2022","status":"publish","type":"page","link":"https:\/\/www.machinesproduction.fr\/tv\/live-7-interview-valentin-beuzelin-worldskills-france-2022\/","title":{"rendered":"Live 7 &#8211; Interview Valentin Beuzelin m\u00e9daille d&#8217;argent &#8211; Fraisage WorldSkills France 2022"},"content":{"rendered":"<section class=\"wpb-content-wrapper\"><p>[vc_row][vc_column][vc_column_text]<\/p>\n<h1><img loading=\"lazy\" decoding=\"async\" class=\"alignleft wp-image-1205\" src=\"https:\/\/www.machinesproduction.fr\/tv\/wp-content\/uploads\/2022\/01\/logo-WorldSkills.png\" alt=\"WorldSkills 2022\" width=\"150\" height=\"123\" \/><span style=\"color: #459bd9;\"><strong>Interview<\/strong> <strong>Valentin Beuzelin, m\u00e9daille d&#8217;argent &#8211; Fraisage WorldSkills France 2022<\/strong><\/span><\/h1>\n<h1><span style=\"color: #459bd9;\"><strong> \u00a0<\/strong><\/span><\/h1>\n<h2><\/h2>\n<p>[\/vc_column_text][vc_column_text]<span style=\"font-size: 14pt;\">Rencontr\u00e9 le premier jour des \u00e9preuves de la comp\u00e9tition nationale des m\u00e9tiers, Valentin Beuzelin, un jeune comp\u00e9titeur de 19 ans, s\u2019est longuement pr\u00e9par\u00e9 pour ces WorldSkills. Comp\u00e9titeur pour le m\u00e9tier de fraiseur, il nous livre ses impressions apr\u00e8s sa premi\u00e8re \u00e9preuve et nous dit pourquoi il a d\u00e9cid\u00e9 de participer \u00e0 une telle comp\u00e9tition unique en France. Pour cet \u00e9l\u00e8ve de deuxi\u00e8me ann\u00e9e en BTS CPRP au CFAI d\u2019Evreux (Eure), ce fut une \u00ab exp\u00e9rience incroyable et exceptionnelle, on fait des rencontres g\u00e9niales et on se perfectionne dans notre m\u00e9tier \u00bb, s\u2019enthousiasme-t-il au micro de Machines Production. Il terminera les WorldSkills avec une m\u00e9daille d\u2019argent autour du cou.<\/span><\/p>\n<p><span style=\"font-size: 14pt;\">Pour Loris Cubizolles, ce sera l\u2019or. Alors qu\u2019il n\u2019avait pas encore commenc\u00e9 sa premi\u00e8re \u00e9preuve, notre nouveau champion de France, \u00e9l\u00e8ve en BTS CPI \u00e0 Clermont-Ferrand (Puy-de-D\u00f4me), nous confiait d\u00e9j\u00e0 avoir soif de victoire : \u00ab Mon objectif maintenant, c\u2019est Shangha\u00ef. \u00bb<\/span><\/p>\n<p><span style=\"font-size: 14pt;\">Enfin, dans cette vid\u00e9o, vous retrouverez le t\u00e9moignage de C\u00e9dric Teyssier, un des jur\u00e9s de l\u2019\u00e9preuve. Le berret aux couleurs de la r\u00e9gion Nouvelle-Aquitaine viss\u00e9 sur la t\u00eate, ce formateur au CFAI Limousin nous explique comment se d\u00e9roulent les \u00e9preuves et sur quels crit\u00e8res les \u00e9l\u00e8ves sont-ils not\u00e9s.<\/span><\/p>\n<p><span style=\"font-size: 14pt;\">Du jeudi 13 au samedi 15 janvier, les finales nationales de la 46e \u00e9dition de la comp\u00e9tition des m\u00e9tiers WorldSkills se sont d\u00e9roul\u00e9es \u00e0 Eurexpo Lyon, o\u00f9 600 jeunes champions r\u00e9gionaux se sont affront\u00e9s au cours d\u2019\u00e9preuves intenses dans 62 m\u00e9tiers diff\u00e9rents.<\/span><\/p>\n<p><span style=\"font-size: 14pt;\">Les champions des finales nationales seront ensuite s\u00e9lectionn\u00e9s pour composer les deux \u00e9quipes de France des m\u00e9tiers, qui repr\u00e9senteront la France lors de la comp\u00e9tition mondiale WorldSkills 2022 (en Chine, du 12 au 17 octobre) ou de la comp\u00e9tition europ\u00e9enne EuroSkills 2023 (en Russie).<\/span>[\/vc_column_text][vc_video link=&#8221;https:\/\/youtu.be\/ME4mswwsvCw&#8221;][vc_btn title=&#8221;Retour aux MP LIVE&#8221; style=&#8221;custom&#8221; custom_background=&#8221;#009ddf&#8221; custom_text=&#8221;#ffffff&#8221; shape=&#8221;round&#8221; i_icon_fontawesome=&#8221;fas fa-arrow-left&#8221; add_icon=&#8221;true&#8221; link=&#8221;url:https%3A%2F%2Fwww.machinesproduction.fr%2Ftv%2Fles-mp-live%2F|title:les%20Focus&#8221;][\/vc_column][\/vc_row]<\/p>\n<\/section>","protected":false},"excerpt":{"rendered":"<p>[vc_row][vc_column][vc_column_text] Interview Valentin Beuzelin, m\u00e9daille d&#8217;argent &#8211; Fraisage WorldSkills France 2022 \u00a0 [\/vc_column_text][vc_column_text]Rencontr\u00e9 le premier jour des \u00e9preuves de la comp\u00e9tition nationale des m\u00e9tiers, Valentin Beuzelin, un jeune comp\u00e9titeur de 19 ans, s\u2019est longuement pr\u00e9par\u00e9 pour ces WorldSkills. Comp\u00e9titeur pour le m\u00e9tier de fraiseur, il nous livre ses impressions apr\u00e8s sa premi\u00e8re \u00e9preuve et nous [&hellip;]<\/p>\n","protected":false},"author":2,"featured_media":0,"parent":0,"menu_order":0,"comment_status":"closed","ping_status":"closed","template":"","meta":{"_monsterinsights_skip_tracking":false,"_monsterinsights_sitenote_active":false,"_monsterinsights_sitenote_note":"","_monsterinsights_sitenote_category":0,"footnotes":""},"wf_page_folders":[13],"class_list":["post-1213","page","type-page","status-publish","hentry"],"yoast_head":"<!-- This site is optimized with the Yoast SEO plugin v27.1.1 - https:\/\/yoast.com\/product\/yoast-seo-wordpress\/ -->\n<title>Interview Valentin Beuzelin - M\u00e9daille d&#039;argent - Fraisage WorldSkills 2022<\/title>\n<meta name=\"description\" content=\"Interview de Valentin Beuzelin m\u00e9daill\u00e9 d&#039;argent, r\u00e9alis\u00e9e par J\u00e9r\u00f4me Meyrand, r\u00e9dacteur en chef de Machines Production.\" \/>\n<meta name=\"robots\" content=\"index, follow, max-snippet:-1, max-image-preview:large, max-video-preview:-1\" \/>\n<link rel=\"canonical\" href=\"https:\/\/www.machinesproduction.fr\/tv\/live-7-interview-valentin-beuzelin-worldskills-france-2022\/\" \/>\n<meta property=\"og:locale\" content=\"fr_FR\" \/>\n<meta property=\"og:type\" content=\"article\" \/>\n<meta property=\"og:title\" content=\"Interview Valentin Beuzelin - M\u00e9daille d&#039;argent - Fraisage WorldSkills 2022\" \/>\n<meta property=\"og:description\" content=\"Interview de Valentin Beuzelin m\u00e9daill\u00e9 d&#039;argent, r\u00e9alis\u00e9e par J\u00e9r\u00f4me Meyrand, r\u00e9dacteur en chef de Machines Production.\" \/>\n<meta property=\"og:url\" content=\"https:\/\/www.machinesproduction.fr\/tv\/live-7-interview-valentin-beuzelin-worldskills-france-2022\/\" \/>\n<meta property=\"og:site_name\" content=\"Machines Production TV\" \/>\n<meta property=\"article:modified_time\" content=\"2022-01-24T13:21:20+00:00\" \/>\n<meta property=\"og:image\" content=\"https:\/\/www.machinesproduction.fr\/tv\/wp-content\/uploads\/2022\/01\/logo-WorldSkills.png\" \/>\n<meta name=\"twitter:card\" content=\"summary_large_image\" \/>\n<meta name=\"twitter:label1\" content=\"Dur\u00e9e de lecture estim\u00e9e\" \/>\n\t<meta name=\"twitter:data1\" content=\"2 minutes\" \/>\n<script type=\"application\/ld+json\" class=\"yoast-schema-graph\">{\"@context\":\"https:\/\/schema.org\",\"@graph\":[{\"@type\":\"WebPage\",\"@id\":\"https:\/\/www.machinesproduction.fr\/tv\/live-7-interview-valentin-beuzelin-worldskills-france-2022\/\",\"url\":\"https:\/\/www.machinesproduction.fr\/tv\/live-7-interview-valentin-beuzelin-worldskills-france-2022\/\",\"name\":\"Interview Valentin Beuzelin - M\u00e9daille d'argent - Fraisage WorldSkills 2022\",\"isPartOf\":{\"@id\":\"https:\/\/www.machinesproduction.fr\/tv\/#website\"},\"primaryImageOfPage\":{\"@id\":\"https:\/\/www.machinesproduction.fr\/tv\/live-7-interview-valentin-beuzelin-worldskills-france-2022\/#primaryimage\"},\"image\":{\"@id\":\"https:\/\/www.machinesproduction.fr\/tv\/live-7-interview-valentin-beuzelin-worldskills-france-2022\/#primaryimage\"},\"thumbnailUrl\":\"https:\/\/www.machinesproduction.fr\/tv\/wp-content\/uploads\/2022\/01\/logo-WorldSkills.png\",\"datePublished\":\"2022-01-24T10:14:33+00:00\",\"dateModified\":\"2022-01-24T13:21:20+00:00\",\"description\":\"Interview de Valentin Beuzelin m\u00e9daill\u00e9 d'argent, r\u00e9alis\u00e9e par J\u00e9r\u00f4me Meyrand, r\u00e9dacteur en chef de Machines Production.\",\"breadcrumb\":{\"@id\":\"https:\/\/www.machinesproduction.fr\/tv\/live-7-interview-valentin-beuzelin-worldskills-france-2022\/#breadcrumb\"},\"inLanguage\":\"fr-FR\",\"potentialAction\":[{\"@type\":\"ReadAction\",\"target\":[\"https:\/\/www.machinesproduction.fr\/tv\/live-7-interview-valentin-beuzelin-worldskills-france-2022\/\"]}]},{\"@type\":\"ImageObject\",\"inLanguage\":\"fr-FR\",\"@id\":\"https:\/\/www.machinesproduction.fr\/tv\/live-7-interview-valentin-beuzelin-worldskills-france-2022\/#primaryimage\",\"url\":\"https:\/\/www.machinesproduction.fr\/tv\/wp-content\/uploads\/2022\/01\/logo-WorldSkills.png\",\"contentUrl\":\"https:\/\/www.machinesproduction.fr\/tv\/wp-content\/uploads\/2022\/01\/logo-WorldSkills.png\",\"width\":248,\"height\":204,\"caption\":\"WorldSkills 2022\"},{\"@type\":\"BreadcrumbList\",\"@id\":\"https:\/\/www.machinesproduction.fr\/tv\/live-7-interview-valentin-beuzelin-worldskills-france-2022\/#breadcrumb\",\"itemListElement\":[{\"@type\":\"ListItem\",\"position\":1,\"name\":\"Home\",\"item\":\"https:\/\/www.machinesproduction.fr\/tv\/\"},{\"@type\":\"ListItem\",\"position\":2,\"name\":\"Live 7 &#8211; Interview Valentin Beuzelin m\u00e9daille d&#8217;argent &#8211; Fraisage WorldSkills France 2022\"}]},{\"@type\":\"WebSite\",\"@id\":\"https:\/\/www.machinesproduction.fr\/tv\/#website\",\"url\":\"https:\/\/www.machinesproduction.fr\/tv\/\",\"name\":\"Machines Production TV\",\"description\":\"\",\"potentialAction\":[{\"@type\":\"SearchAction\",\"target\":{\"@type\":\"EntryPoint\",\"urlTemplate\":\"https:\/\/www.machinesproduction.fr\/tv\/?s={search_term_string}\"},\"query-input\":{\"@type\":\"PropertyValueSpecification\",\"valueRequired\":true,\"valueName\":\"search_term_string\"}}],\"inLanguage\":\"fr-FR\"}]}<\/script>\n<!-- \/ Yoast SEO plugin. -->","yoast_head_json":{"title":"Interview Valentin Beuzelin - M\u00e9daille d'argent - Fraisage WorldSkills 2022","description":"Interview de Valentin Beuzelin m\u00e9daill\u00e9 d'argent, r\u00e9alis\u00e9e par J\u00e9r\u00f4me Meyrand, r\u00e9dacteur en chef de Machines Production.","robots":{"index":"index","follow":"follow","max-snippet":"max-snippet:-1","max-image-preview":"max-image-preview:large","max-video-preview":"max-video-preview:-1"},"canonical":"https:\/\/www.machinesproduction.fr\/tv\/live-7-interview-valentin-beuzelin-worldskills-france-2022\/","og_locale":"fr_FR","og_type":"article","og_title":"Interview Valentin Beuzelin - M\u00e9daille d'argent - Fraisage WorldSkills 2022","og_description":"Interview de Valentin Beuzelin m\u00e9daill\u00e9 d'argent, r\u00e9alis\u00e9e par J\u00e9r\u00f4me Meyrand, r\u00e9dacteur en chef de Machines Production.","og_url":"https:\/\/www.machinesproduction.fr\/tv\/live-7-interview-valentin-beuzelin-worldskills-france-2022\/","og_site_name":"Machines Production TV","article_modified_time":"2022-01-24T13:21:20+00:00","og_image":[{"url":"https:\/\/www.machinesproduction.fr\/tv\/wp-content\/uploads\/2022\/01\/logo-WorldSkills.png","type":"","width":"","height":""}],"twitter_card":"summary_large_image","twitter_misc":{"Dur\u00e9e de lecture estim\u00e9e":"2 minutes"},"schema":{"@context":"https:\/\/schema.org","@graph":[{"@type":"WebPage","@id":"https:\/\/www.machinesproduction.fr\/tv\/live-7-interview-valentin-beuzelin-worldskills-france-2022\/","url":"https:\/\/www.machinesproduction.fr\/tv\/live-7-interview-valentin-beuzelin-worldskills-france-2022\/","name":"Interview Valentin Beuzelin - M\u00e9daille d'argent - Fraisage WorldSkills 2022","isPartOf":{"@id":"https:\/\/www.machinesproduction.fr\/tv\/#website"},"primaryImageOfPage":{"@id":"https:\/\/www.machinesproduction.fr\/tv\/live-7-interview-valentin-beuzelin-worldskills-france-2022\/#primaryimage"},"image":{"@id":"https:\/\/www.machinesproduction.fr\/tv\/live-7-interview-valentin-beuzelin-worldskills-france-2022\/#primaryimage"},"thumbnailUrl":"https:\/\/www.machinesproduction.fr\/tv\/wp-content\/uploads\/2022\/01\/logo-WorldSkills.png","datePublished":"2022-01-24T10:14:33+00:00","dateModified":"2022-01-24T13:21:20+00:00","description":"Interview de Valentin Beuzelin m\u00e9daill\u00e9 d'argent, r\u00e9alis\u00e9e par J\u00e9r\u00f4me Meyrand, r\u00e9dacteur en chef de Machines Production.","breadcrumb":{"@id":"https:\/\/www.machinesproduction.fr\/tv\/live-7-interview-valentin-beuzelin-worldskills-france-2022\/#breadcrumb"},"inLanguage":"fr-FR","potentialAction":[{"@type":"ReadAction","target":["https:\/\/www.machinesproduction.fr\/tv\/live-7-interview-valentin-beuzelin-worldskills-france-2022\/"]}]},{"@type":"ImageObject","inLanguage":"fr-FR","@id":"https:\/\/www.machinesproduction.fr\/tv\/live-7-interview-valentin-beuzelin-worldskills-france-2022\/#primaryimage","url":"https:\/\/www.machinesproduction.fr\/tv\/wp-content\/uploads\/2022\/01\/logo-WorldSkills.png","contentUrl":"https:\/\/www.machinesproduction.fr\/tv\/wp-content\/uploads\/2022\/01\/logo-WorldSkills.png","width":248,"height":204,"caption":"WorldSkills 2022"},{"@type":"BreadcrumbList","@id":"https:\/\/www.machinesproduction.fr\/tv\/live-7-interview-valentin-beuzelin-worldskills-france-2022\/#breadcrumb","itemListElement":[{"@type":"ListItem","position":1,"name":"Home","item":"https:\/\/www.machinesproduction.fr\/tv\/"},{"@type":"ListItem","position":2,"name":"Live 7 &#8211; Interview Valentin Beuzelin m\u00e9daille d&#8217;argent &#8211; Fraisage WorldSkills France 2022"}]},{"@type":"WebSite","@id":"https:\/\/www.machinesproduction.fr\/tv\/#website","url":"https:\/\/www.machinesproduction.fr\/tv\/","name":"Machines Production TV","description":"","potentialAction":[{"@type":"SearchAction","target":{"@type":"EntryPoint","urlTemplate":"https:\/\/www.machinesproduction.fr\/tv\/?s={search_term_string}"},"query-input":{"@type":"PropertyValueSpecification","valueRequired":true,"valueName":"search_term_string"}}],"inLanguage":"fr-FR"}]}},"_links":{"self":[{"href":"https:\/\/www.machinesproduction.fr\/tv\/wp-json\/wp\/v2\/pages\/1213","targetHints":{"allow":["GET"]}}],"collection":[{"href":"https:\/\/www.machinesproduction.fr\/tv\/wp-json\/wp\/v2\/pages"}],"about":[{"href":"https:\/\/www.machinesproduction.fr\/tv\/wp-json\/wp\/v2\/types\/page"}],"author":[{"embeddable":true,"href":"https:\/\/www.machinesproduction.fr\/tv\/wp-json\/wp\/v2\/users\/2"}],"replies":[{"embeddable":true,"href":"https:\/\/www.machinesproduction.fr\/tv\/wp-json\/wp\/v2\/comments?post=1213"}],"version-history":[{"count":6,"href":"https:\/\/www.machinesproduction.fr\/tv\/wp-json\/wp\/v2\/pages\/1213\/revisions"}],"predecessor-version":[{"id":1221,"href":"https:\/\/www.machinesproduction.fr\/tv\/wp-json\/wp\/v2\/pages\/1213\/revisions\/1221"}],"wp:attachment":[{"href":"https:\/\/www.machinesproduction.fr\/tv\/wp-json\/wp\/v2\/media?parent=1213"}],"wp:term":[{"taxonomy":"wf_page_folders","embeddable":true,"href":"https:\/\/www.machinesproduction.fr\/tv\/wp-json\/wp\/v2\/wf_page_folders?post=1213"}],"curies":[{"name":"wp","href":"https:\/\/api.w.org\/{rel}","templated":true}]}}