{"id":1202,"date":"2022-01-20T11:21:16","date_gmt":"2022-01-20T10:21:16","guid":{"rendered":"https:\/\/www.machinesproduction.fr\/tv\/?page_id=1202"},"modified":"2022-01-21T11:58:13","modified_gmt":"2022-01-21T10:58:13","slug":"live-6-interview-lucie-regolini-maman-dun-competiteur","status":"publish","type":"page","link":"https:\/\/www.machinesproduction.fr\/tv\/live-6-interview-lucie-regolini-maman-dun-competiteur\/","title":{"rendered":"Live 6 &#8211; Interview Lucie Regolini, maman d\u2019un comp\u00e9titeur"},"content":{"rendered":"<section class=\"wpb-content-wrapper\"><p>[vc_row][vc_column][vc_column_text]<\/p>\n<h1><img loading=\"lazy\" decoding=\"async\" class=\"alignleft wp-image-1205\" src=\"https:\/\/www.machinesproduction.fr\/tv\/wp-content\/uploads\/2022\/01\/logo-WorldSkills.png\" alt=\"WorldSkills 2022\" width=\"150\" height=\"123\" \/><span style=\"color: #459bd9;\"><strong>Interview<\/strong> <strong>Lucie Regolini, maman d&#8217;un comp\u00e9titeur<\/strong><\/span><\/h1>\n<h1><span style=\"color: #459bd9;\"><strong> \u00a0<\/strong><\/span><\/h1>\n<h2><span style=\"color: #459bd9;\"><strong>WorldSkills France 2022<\/strong><\/span><\/h2>\n<p>[\/vc_column_text][vc_column_text]<span style=\"font-size: 14pt;\">Rencontr\u00e9e le premier jour des \u00e9preuves de la comp\u00e9tition nationale des m\u00e9tiers, Lucie Regolini a soutenu, durant les trois jours d\u2019\u00e9preuves, son fils Enzo, comp\u00e9titeur pour le m\u00e9tier \u00ab contr\u00f4le industriel \u00bb. Il remportera la m\u00e9daille d\u2019or. Bravo \u00e0 lui.<\/span><\/p>\n<p><span style=\"font-size: 14pt;\">Apr\u00e8s un bac pro et BTS en \u00e9lectrotechnique, le jeune Enzo, originaire de Parentis-en-Born (Landes), a suivi une licence de maintenance industrielle.<\/span><\/p>\n<p><span style=\"font-size: 14pt;\">\u00ab Ce concours \u00e9tait un d\u00e9fi pour notre fils, qui compte poursuivre des \u00e9tudes en ing\u00e9nierie dans l\u2019\u00e9lectrotechnique \u00bb, confie-t-elle sur ce live de Machines Production.<\/span><\/p>\n<p><span style=\"font-size: 14pt;\"><strong>Du jeudi 13 au samedi 15 janvier, les finales nationales de la 46e \u00e9dition de la comp\u00e9tition des m\u00e9tiers WorldSkills se sont d\u00e9roul\u00e9es \u00e0 Eurexpo Lyon, o\u00f9 600 jeunes champions r\u00e9gionaux se sont affront\u00e9s au cours d\u2019\u00e9preuves intenses dans 62 m\u00e9tiers diff\u00e9rents. Les champions des finales nationales seront ensuite s\u00e9lectionn\u00e9s pour composer les deux \u00e9quipes de France des m\u00e9tiers, qui repr\u00e9senteront la France lors de la comp\u00e9tition mondiale WorldSkills 2022 (en Chine, du 12 au 17 octobre) ou de la comp\u00e9tition europ\u00e9enne EuroSkills 2023 (en Russie).<\/strong><\/span>[\/vc_column_text][vc_video link=&#8221;https:\/\/youtu.be\/-TKjoPtoUsU&#8221;][vc_btn title=&#8221;Retour aux MP LIVE&#8221; style=&#8221;custom&#8221; custom_background=&#8221;#009ddf&#8221; custom_text=&#8221;#ffffff&#8221; shape=&#8221;round&#8221; i_icon_fontawesome=&#8221;fas fa-arrow-left&#8221; add_icon=&#8221;true&#8221; link=&#8221;url:https%3A%2F%2Fwww.machinesproduction.fr%2Ftv%2Fles-mp-live%2F|title:les%20Focus&#8221;][\/vc_column][\/vc_row]<\/p>\n<\/section>","protected":false},"excerpt":{"rendered":"<p>[vc_row][vc_column][vc_column_text] Interview Lucie Regolini, maman d&#8217;un comp\u00e9titeur \u00a0 WorldSkills France 2022 [\/vc_column_text][vc_column_text]Rencontr\u00e9e le premier jour des \u00e9preuves de la comp\u00e9tition nationale des m\u00e9tiers, Lucie Regolini a soutenu, durant les trois jours d\u2019\u00e9preuves, son fils Enzo, comp\u00e9titeur pour le m\u00e9tier \u00ab contr\u00f4le industriel \u00bb. Il remportera la m\u00e9daille d\u2019or. Bravo \u00e0 lui. Apr\u00e8s un bac pro [&hellip;]<\/p>\n","protected":false},"author":2,"featured_media":0,"parent":0,"menu_order":0,"comment_status":"closed","ping_status":"closed","template":"","meta":{"_monsterinsights_skip_tracking":false,"_monsterinsights_sitenote_active":false,"_monsterinsights_sitenote_note":"","_monsterinsights_sitenote_category":0,"footnotes":""},"wf_page_folders":[13],"class_list":["post-1202","page","type-page","status-publish","hentry"],"yoast_head":"<!-- This site is optimized with the Yoast SEO plugin v27.1.1 - https:\/\/yoast.com\/product\/yoast-seo-wordpress\/ -->\n<title>Maman d&#039;un comp\u00e9titeur pr\u00e9sente sur les WorldSkills 2022<\/title>\n<meta name=\"description\" content=\"Interview de Lucie Regolini maman d&#039;un comp\u00e9titeur, r\u00e9alis\u00e9e par J\u00e9r\u00f4me Meyrand, r\u00e9dacteur en chef de Machines Production.\" \/>\n<meta name=\"robots\" content=\"index, follow, max-snippet:-1, max-image-preview:large, max-video-preview:-1\" \/>\n<link rel=\"canonical\" href=\"https:\/\/www.machinesproduction.fr\/tv\/live-6-interview-lucie-regolini-maman-dun-competiteur\/\" \/>\n<meta property=\"og:locale\" content=\"fr_FR\" \/>\n<meta property=\"og:type\" content=\"article\" \/>\n<meta property=\"og:title\" content=\"Maman d&#039;un comp\u00e9titeur pr\u00e9sente sur les WorldSkills 2022\" \/>\n<meta property=\"og:description\" content=\"Interview de Lucie Regolini maman d&#039;un comp\u00e9titeur, r\u00e9alis\u00e9e par J\u00e9r\u00f4me Meyrand, r\u00e9dacteur en chef de Machines Production.\" \/>\n<meta property=\"og:url\" content=\"https:\/\/www.machinesproduction.fr\/tv\/live-6-interview-lucie-regolini-maman-dun-competiteur\/\" \/>\n<meta property=\"og:site_name\" content=\"Machines Production TV\" \/>\n<meta property=\"article:modified_time\" content=\"2022-01-21T10:58:13+00:00\" \/>\n<meta property=\"og:image\" content=\"https:\/\/www.machinesproduction.fr\/tv\/wp-content\/uploads\/2022\/01\/logo-WorldSkills.png\" \/>\n<meta name=\"twitter:card\" content=\"summary_large_image\" \/>\n<meta name=\"twitter:label1\" content=\"Dur\u00e9e de lecture estim\u00e9e\" \/>\n\t<meta name=\"twitter:data1\" content=\"2 minutes\" \/>\n<script type=\"application\/ld+json\" class=\"yoast-schema-graph\">{\"@context\":\"https:\/\/schema.org\",\"@graph\":[{\"@type\":\"WebPage\",\"@id\":\"https:\/\/www.machinesproduction.fr\/tv\/live-6-interview-lucie-regolini-maman-dun-competiteur\/\",\"url\":\"https:\/\/www.machinesproduction.fr\/tv\/live-6-interview-lucie-regolini-maman-dun-competiteur\/\",\"name\":\"Maman d'un comp\u00e9titeur pr\u00e9sente sur les WorldSkills 2022\",\"isPartOf\":{\"@id\":\"https:\/\/www.machinesproduction.fr\/tv\/#website\"},\"primaryImageOfPage\":{\"@id\":\"https:\/\/www.machinesproduction.fr\/tv\/live-6-interview-lucie-regolini-maman-dun-competiteur\/#primaryimage\"},\"image\":{\"@id\":\"https:\/\/www.machinesproduction.fr\/tv\/live-6-interview-lucie-regolini-maman-dun-competiteur\/#primaryimage\"},\"thumbnailUrl\":\"https:\/\/www.machinesproduction.fr\/tv\/wp-content\/uploads\/2022\/01\/logo-WorldSkills.png\",\"datePublished\":\"2022-01-20T10:21:16+00:00\",\"dateModified\":\"2022-01-21T10:58:13+00:00\",\"description\":\"Interview de Lucie Regolini maman d'un comp\u00e9titeur, r\u00e9alis\u00e9e par J\u00e9r\u00f4me Meyrand, r\u00e9dacteur en chef de Machines Production.\",\"breadcrumb\":{\"@id\":\"https:\/\/www.machinesproduction.fr\/tv\/live-6-interview-lucie-regolini-maman-dun-competiteur\/#breadcrumb\"},\"inLanguage\":\"fr-FR\",\"potentialAction\":[{\"@type\":\"ReadAction\",\"target\":[\"https:\/\/www.machinesproduction.fr\/tv\/live-6-interview-lucie-regolini-maman-dun-competiteur\/\"]}]},{\"@type\":\"ImageObject\",\"inLanguage\":\"fr-FR\",\"@id\":\"https:\/\/www.machinesproduction.fr\/tv\/live-6-interview-lucie-regolini-maman-dun-competiteur\/#primaryimage\",\"url\":\"https:\/\/www.machinesproduction.fr\/tv\/wp-content\/uploads\/2022\/01\/logo-WorldSkills.png\",\"contentUrl\":\"https:\/\/www.machinesproduction.fr\/tv\/wp-content\/uploads\/2022\/01\/logo-WorldSkills.png\",\"width\":248,\"height\":204,\"caption\":\"WorldSkills 2022\"},{\"@type\":\"BreadcrumbList\",\"@id\":\"https:\/\/www.machinesproduction.fr\/tv\/live-6-interview-lucie-regolini-maman-dun-competiteur\/#breadcrumb\",\"itemListElement\":[{\"@type\":\"ListItem\",\"position\":1,\"name\":\"Home\",\"item\":\"https:\/\/www.machinesproduction.fr\/tv\/\"},{\"@type\":\"ListItem\",\"position\":2,\"name\":\"Live 6 &#8211; Interview Lucie Regolini, maman d\u2019un comp\u00e9titeur\"}]},{\"@type\":\"WebSite\",\"@id\":\"https:\/\/www.machinesproduction.fr\/tv\/#website\",\"url\":\"https:\/\/www.machinesproduction.fr\/tv\/\",\"name\":\"Machines Production TV\",\"description\":\"\",\"potentialAction\":[{\"@type\":\"SearchAction\",\"target\":{\"@type\":\"EntryPoint\",\"urlTemplate\":\"https:\/\/www.machinesproduction.fr\/tv\/?s={search_term_string}\"},\"query-input\":{\"@type\":\"PropertyValueSpecification\",\"valueRequired\":true,\"valueName\":\"search_term_string\"}}],\"inLanguage\":\"fr-FR\"}]}<\/script>\n<!-- \/ Yoast SEO plugin. -->","yoast_head_json":{"title":"Maman d'un comp\u00e9titeur pr\u00e9sente sur les WorldSkills 2022","description":"Interview de Lucie Regolini maman d'un comp\u00e9titeur, r\u00e9alis\u00e9e par J\u00e9r\u00f4me Meyrand, r\u00e9dacteur en chef de Machines Production.","robots":{"index":"index","follow":"follow","max-snippet":"max-snippet:-1","max-image-preview":"max-image-preview:large","max-video-preview":"max-video-preview:-1"},"canonical":"https:\/\/www.machinesproduction.fr\/tv\/live-6-interview-lucie-regolini-maman-dun-competiteur\/","og_locale":"fr_FR","og_type":"article","og_title":"Maman d'un comp\u00e9titeur pr\u00e9sente sur les WorldSkills 2022","og_description":"Interview de Lucie Regolini maman d'un comp\u00e9titeur, r\u00e9alis\u00e9e par J\u00e9r\u00f4me Meyrand, r\u00e9dacteur en chef de Machines Production.","og_url":"https:\/\/www.machinesproduction.fr\/tv\/live-6-interview-lucie-regolini-maman-dun-competiteur\/","og_site_name":"Machines Production TV","article_modified_time":"2022-01-21T10:58:13+00:00","og_image":[{"url":"https:\/\/www.machinesproduction.fr\/tv\/wp-content\/uploads\/2022\/01\/logo-WorldSkills.png","type":"","width":"","height":""}],"twitter_card":"summary_large_image","twitter_misc":{"Dur\u00e9e de lecture estim\u00e9e":"2 minutes"},"schema":{"@context":"https:\/\/schema.org","@graph":[{"@type":"WebPage","@id":"https:\/\/www.machinesproduction.fr\/tv\/live-6-interview-lucie-regolini-maman-dun-competiteur\/","url":"https:\/\/www.machinesproduction.fr\/tv\/live-6-interview-lucie-regolini-maman-dun-competiteur\/","name":"Maman d'un comp\u00e9titeur pr\u00e9sente sur les WorldSkills 2022","isPartOf":{"@id":"https:\/\/www.machinesproduction.fr\/tv\/#website"},"primaryImageOfPage":{"@id":"https:\/\/www.machinesproduction.fr\/tv\/live-6-interview-lucie-regolini-maman-dun-competiteur\/#primaryimage"},"image":{"@id":"https:\/\/www.machinesproduction.fr\/tv\/live-6-interview-lucie-regolini-maman-dun-competiteur\/#primaryimage"},"thumbnailUrl":"https:\/\/www.machinesproduction.fr\/tv\/wp-content\/uploads\/2022\/01\/logo-WorldSkills.png","datePublished":"2022-01-20T10:21:16+00:00","dateModified":"2022-01-21T10:58:13+00:00","description":"Interview de Lucie Regolini maman d'un comp\u00e9titeur, r\u00e9alis\u00e9e par J\u00e9r\u00f4me Meyrand, r\u00e9dacteur en chef de Machines Production.","breadcrumb":{"@id":"https:\/\/www.machinesproduction.fr\/tv\/live-6-interview-lucie-regolini-maman-dun-competiteur\/#breadcrumb"},"inLanguage":"fr-FR","potentialAction":[{"@type":"ReadAction","target":["https:\/\/www.machinesproduction.fr\/tv\/live-6-interview-lucie-regolini-maman-dun-competiteur\/"]}]},{"@type":"ImageObject","inLanguage":"fr-FR","@id":"https:\/\/www.machinesproduction.fr\/tv\/live-6-interview-lucie-regolini-maman-dun-competiteur\/#primaryimage","url":"https:\/\/www.machinesproduction.fr\/tv\/wp-content\/uploads\/2022\/01\/logo-WorldSkills.png","contentUrl":"https:\/\/www.machinesproduction.fr\/tv\/wp-content\/uploads\/2022\/01\/logo-WorldSkills.png","width":248,"height":204,"caption":"WorldSkills 2022"},{"@type":"BreadcrumbList","@id":"https:\/\/www.machinesproduction.fr\/tv\/live-6-interview-lucie-regolini-maman-dun-competiteur\/#breadcrumb","itemListElement":[{"@type":"ListItem","position":1,"name":"Home","item":"https:\/\/www.machinesproduction.fr\/tv\/"},{"@type":"ListItem","position":2,"name":"Live 6 &#8211; Interview Lucie Regolini, maman d\u2019un comp\u00e9titeur"}]},{"@type":"WebSite","@id":"https:\/\/www.machinesproduction.fr\/tv\/#website","url":"https:\/\/www.machinesproduction.fr\/tv\/","name":"Machines Production TV","description":"","potentialAction":[{"@type":"SearchAction","target":{"@type":"EntryPoint","urlTemplate":"https:\/\/www.machinesproduction.fr\/tv\/?s={search_term_string}"},"query-input":{"@type":"PropertyValueSpecification","valueRequired":true,"valueName":"search_term_string"}}],"inLanguage":"fr-FR"}]}},"_links":{"self":[{"href":"https:\/\/www.machinesproduction.fr\/tv\/wp-json\/wp\/v2\/pages\/1202","targetHints":{"allow":["GET"]}}],"collection":[{"href":"https:\/\/www.machinesproduction.fr\/tv\/wp-json\/wp\/v2\/pages"}],"about":[{"href":"https:\/\/www.machinesproduction.fr\/tv\/wp-json\/wp\/v2\/types\/page"}],"author":[{"embeddable":true,"href":"https:\/\/www.machinesproduction.fr\/tv\/wp-json\/wp\/v2\/users\/2"}],"replies":[{"embeddable":true,"href":"https:\/\/www.machinesproduction.fr\/tv\/wp-json\/wp\/v2\/comments?post=1202"}],"version-history":[{"count":7,"href":"https:\/\/www.machinesproduction.fr\/tv\/wp-json\/wp\/v2\/pages\/1202\/revisions"}],"predecessor-version":[{"id":1210,"href":"https:\/\/www.machinesproduction.fr\/tv\/wp-json\/wp\/v2\/pages\/1202\/revisions\/1210"}],"wp:attachment":[{"href":"https:\/\/www.machinesproduction.fr\/tv\/wp-json\/wp\/v2\/media?parent=1202"}],"wp:term":[{"taxonomy":"wf_page_folders","embeddable":true,"href":"https:\/\/www.machinesproduction.fr\/tv\/wp-json\/wp\/v2\/wf_page_folders?post=1202"}],"curies":[{"name":"wp","href":"https:\/\/api.w.org\/{rel}","templated":true}]}}