
{"id":4757,"date":"2026-02-12T14:03:31","date_gmt":"2026-02-12T13:03:31","guid":{"rendered":"https:\/\/www.machinesproduction.fr\/emploi\/?post_type=job_listing&#038;p=4757"},"modified":"2026-04-18T00:40:38","modified_gmt":"2026-04-17T22:40:38","slug":"la-veb-metallerie-2-chef%c2%b7fe-datelier-metallerie","status":"expired","type":"job_listing","link":"https:\/\/www.machinesproduction.fr\/emploi\/?post_type=job_listing&p=4757","title":{"rendered":"Chef\u00b7fe d\u2019Atelier M\u00e9tallerie"},"content":{"rendered":"<p>Participez \u00e0 la cr\u00e9ation de l\u2019atelier !<\/p>\n<p>La Veb M\u00e9tallerie est une entreprise industrielle et sociale qui sera implant\u00e9e en Seine-Saint-Denis.<\/p>\n<p>Notre atelier de production m\u00e9tallique associe impact social et performance industrielle en employant des jeunes issus de la protection de l\u2019enfance, accompagn\u00e9s dans leur premi\u00e8re exp\u00e9rience professionnelle.<\/p>\n<p>Notre mission :<\/p>\n<p>Offrir \u00e0 ces jeunes un tremplin vers la vie active, en leur permettant d\u2019exercer un m\u00e9tier concret, d\u2019int\u00e9grer les codes du monde du travail et de construire progressivement leur autonomie.<\/p>\n<p>La Veb M\u00e9tallerie se positionne comme un acteur d\u2019une entreprise de m\u00e9tallerie engag\u00e9e, inclusive et locale, au service des entreprises et des collectivit\u00e9s.<\/p>\n<p>&nbsp;<\/p>\n<p>Missions principales<\/p>\n<p>Rattach\u00e9\u00b7e \u00e0 la fondatrice, vous serez le garant du bon fonctionnement de l\u2019atelier de production de structures m\u00e9talliques et du d\u00e9veloppement des comp\u00e9tences techniques des jeunes salari\u00e9s.<\/p>\n<p>Vos principales missions seront :<\/p>\n<p>Encadrer et accompagner une \u00e9quipe de jeunes m\u00e9talliers sortant de CAP dans la r\u00e9alisation des commandes clients (garde-corps, platines, passerelles, structures m\u00e9talliques simples, etc.)<br \/>\nParticiper au recrutement des jeunes en construisant avec la fondatrice une \u00e9quipe motiv\u00e9e, compos\u00e9e de jeunes issus de l\u2019Aide Sociale \u00e0 l\u2019Enfance, encadr\u00e9s par une \u00e9quipe \u00e9ducative du tonnerre !<br \/>\nOrganiser et suivre la production : planification, r\u00e9partition des t\u00e2ches, contr\u00f4le qualit\u00e9, respect des d\u00e9lais et des consignes de s\u00e9curit\u00e9<br \/>\nG\u00e9rer les stocks et le mat\u00e9riel : approvisionnement, rangement, entretien de l\u2019atelier<br \/>\nTransmettre les bons gestes professionnels et les exigences du m\u00e9tier, dans un cadre bienveillant et structurant<br \/>\nCollaborer avec les formateurs externes intervenant ponctuellement sur certaines techniques sp\u00e9cifiques<br \/>\nParticiper \u00e0 l\u2019am\u00e9lioration continue de l\u2019organisation de l\u2019atelier (flux, rangement, s\u00e9curit\u00e9, ergonomie)<\/p>\n<p>&nbsp;<\/p>\n<p>Profil recherch\u00e9<\/p>\n<p>&nbsp;<\/p>\n<p>&nbsp;<\/p>\n<p>M\u00e9tallier\u00b7\u00e8re ou chaudronnier\u00b7\u00e8re de formation, avec au moins 5 ans d\u2019exp\u00e9rience en atelier<br \/>\nMa\u00eetrise de la lecture de plans et de la CAO, de la soudure (TIG, MIG\/MAG), du tra\u00e7age et de l\u2019assemblage<br \/>\nExp\u00e9rience en encadrement ou r\u00e9elle envie de transmettre son savoir-faire \u00e0 de jeunes professionnels<br \/>\nCapacit\u00e9 \u00e0 conjuguer exigence technique et patience p\u00e9dagogique<br \/>\nPartage des valeurs de solidarit\u00e9 et humanit\u00e9<br \/>\nRigueur, autonomie et sens du collectif indispensables<br \/>\nConditions<\/p>\n<p>&nbsp;<\/p>\n<p>Contrat : CDI \u2013 Temps plein (35h)<br \/>\nR\u00e9mun\u00e9ration : jusqu&rsquo;\u00e0 3750 \u20ac brut par mois, si votre personnalit\u00e9 et votre exp\u00e9rience r\u00e9pondent aux enjeux de La Veb M\u00e9tallerie. \u00c0 l\u2019issue de la premi\u00e8re ann\u00e9e d\u2019exercice, nous \u00e9tudierons une part variable sur les b\u00e9n\u00e9fices de production.<br \/>\nLieu de travail : Seine-Saint-Denis (93)<br \/>\nPrise de poste : juin 2026 (phase de pr\u00e9paration et d\u2019am\u00e9nagement de l\u2019atelier avant ouverture en septembre 2026)<br \/>\nPourquoi rejoindre La Veb M\u00e9tallerie ?<\/p>\n<p>Vous avez atteint un niveau d&rsquo;exp\u00e9rience vous permettant de ma\u00eetriser votre m\u00e9tier<br \/>\nVous avez d\u00e9sormais envie de transmettre votre savoir<br \/>\nVous avez envie de g\u00e9rer un atelier de production \u00e0 vocation de transmission<br \/>\nVous avez envie de cr\u00e9er de l\u2019impact social en favorisant l\u2019autonomie des jeunes issus de la protection de l\u2019enfance<br \/>\nSi vous souhaitez en savoir plus n\u2019h\u00e9sitez pas \u00e0 consulter le site : lavebmetallerie.fr.<\/p>\n<p>Candidature<\/p>\n<p>Envoyez votre CV et quelques lignes sur votre motivation \u00e0 Edwina.caffa@lavebmetallerie.fr<\/p>\n<p>Plus qu\u2019un CV, nous recherchons une personnalit\u00e9. Si vous le souhaitez, envoyez une candidature en vid\u00e9o, qui nous permettra de d\u00e9couvrir votre \u00e9nergie !<\/p>\n<p>La Veb M\u00e9tallerie encourage la diversit\u00e9 des parcours et valorise toutes les exp\u00e9riences de vie.<\/p>\n<p>Pr\u00eat\u00b7e \u00e0 rejoindre une aventure diff\u00e9rente ?<\/p>\n<p>Contactez-moi : Edwina.caffa@lavebmetallerie.fr<\/p>\n","protected":false},"excerpt":{"rendered":"<p>Participez \u00e0 la cr\u00e9ation de l\u2019atelier ! La Veb M\u00e9tallerie est une entreprise industrielle et sociale qui sera implant\u00e9e en Seine-Saint-Denis. Notre atelier de production m\u00e9tallique associe impact social et&#8230;<\/p>\n","protected":false},"author":3897,"featured_media":4758,"template":"","meta":{"_promoted":"","_job_location":"","_application":"lavebmetallerie@gmail.com","_company_name":"La Veb M\u00e9tallerie","_company_website":"https:\/\/lavebmetallerie.fr","_company_tagline":"Un tremplin vers une vie active et \u00e9quilibr\u00e9e","_company_twitter":"","_company_video":"","_filled":0,"_featured":0,"_remote_position":0,"_job_salary":"","_job_salary_currency":"","_job_salary_unit":""},"job-categories":[64],"job-types":[2],"job_listing_tag":[74],"class_list":{"0":"post-4757","1":"job_listing","2":"type-job_listing","3":"status-expired","4":"has-post-thumbnail","5":"hentry","6":"job_listing_category-autres","7":"job_listing_type-full-time","8":"job_listing_tag-chef-dequipe","10":"job-type-cdi"},"_links":{"self":[{"href":"https:\/\/www.machinesproduction.fr\/emploi\/wp-json\/wp\/v2\/job-listings\/4757","targetHints":{"allow":["GET"]}}],"collection":[{"href":"https:\/\/www.machinesproduction.fr\/emploi\/wp-json\/wp\/v2\/job-listings"}],"about":[{"href":"https:\/\/www.machinesproduction.fr\/emploi\/wp-json\/wp\/v2\/types\/job_listing"}],"author":[{"embeddable":true,"href":"https:\/\/www.machinesproduction.fr\/emploi\/wp-json\/wp\/v2\/users\/3897"}],"wp:featuredmedia":[{"embeddable":true,"href":"https:\/\/www.machinesproduction.fr\/emploi\/wp-json\/wp\/v2\/media\/4758"}],"wp:attachment":[{"href":"https:\/\/www.machinesproduction.fr\/emploi\/wp-json\/wp\/v2\/media?parent=4757"}],"wp:term":[{"taxonomy":"job_listing_category","embeddable":true,"href":"https:\/\/www.machinesproduction.fr\/emploi\/wp-json\/wp\/v2\/job-categories?post=4757"},{"taxonomy":"job_listing_type","embeddable":true,"href":"https:\/\/www.machinesproduction.fr\/emploi\/wp-json\/wp\/v2\/job-types?post=4757"},{"taxonomy":"job_listing_tag","embeddable":true,"href":"https:\/\/www.machinesproduction.fr\/emploi\/wp-json\/wp\/v2\/job_listing_tag?post=4757"}],"curies":[{"name":"wp","href":"https:\/\/api.w.org\/{rel}","templated":true}]}}